{"id":5058,"date":"2024-12-02T10:20:16","date_gmt":"2024-12-02T15:20:16","guid":{"rendered":"https:\/\/citis.ups.edu.ec\/?page_id=5058"},"modified":"2025-10-12T06:19:42","modified_gmt":"2025-10-12T11:19:42","slug":"citis-2024","status":"publish","type":"page","link":"https:\/\/citis.ups.edu.ec\/es\/home\/conference-history\/citis-2024\/","title":{"rendered":"Citis 2024"},"content":{"rendered":"<div data-elementor-type=\"wp-page\" data-elementor-id=\"5058\" class=\"elementor elementor-5058\" data-elementor-post-type=\"page\">\n\t\t\t\t<div class=\"elementor-element elementor-element-ea1fe0f e-flex e-con-boxed e-con e-parent\" data-id=\"ea1fe0f\" data-element_type=\"container\" data-e-type=\"container\">\n\t\t\t\t\t<div class=\"e-con-inner\">\n\t\t\t\t<div class=\"elementor-element elementor-element-0fee7e8 elementor-widget elementor-widget-image\" data-id=\"0fee7e8\" data-element_type=\"widget\" data-e-type=\"widget\" data-widget_type=\"image.default\">\n\t\t\t\t<div class=\"elementor-widget-container\">\n\t\t\t\t\t\t\t\t\t\t\t\t\t\t\t<img fetchpriority=\"high\" decoding=\"async\" width=\"582\" height=\"336\" src=\"https:\/\/citis.ups.edu.ec\/wp-content\/uploads\/sites\/5\/2024\/06\/Bienvenida-TOPICS-CITIS-e1758716974298.jpg\" class=\"attachment-large size-large wp-image-4406\" alt=\"\" srcset=\"https:\/\/citis.ups.edu.ec\/wp-content\/uploads\/sites\/5\/2024\/06\/Bienvenida-TOPICS-CITIS-e1758716974298.jpg 582w, https:\/\/citis.ups.edu.ec\/wp-content\/uploads\/sites\/5\/2024\/06\/Bienvenida-TOPICS-CITIS-e1758716974298-300x173.jpg 300w, https:\/\/citis.ups.edu.ec\/wp-content\/uploads\/sites\/5\/2024\/06\/Bienvenida-TOPICS-CITIS-e1758716974298-18x10.jpg 18w\" sizes=\"(max-width: 582px) 100vw, 582px\" \/>\t\t\t\t\t\t\t\t\t\t\t\t\t\t\t<\/div>\n\t\t\t\t<\/div>\n\t\t\t\t\t<\/div>\n\t\t\t\t<\/div>\n\t\t<div class=\"elementor-element elementor-element-cc19045 e-flex e-con-boxed e-con e-parent\" data-id=\"cc19045\" data-element_type=\"container\" data-e-type=\"container\">\n\t\t\t\t\t<div class=\"e-con-inner\">\n\t\t<div class=\"elementor-element elementor-element-4812999 e-con-full e-flex e-con e-child\" data-id=\"4812999\" data-element_type=\"container\" data-e-type=\"container\">\n\t\t\t\t<div class=\"elementor-element elementor-element-dd3afd1 elementor-widget elementor-widget-image\" data-id=\"dd3afd1\" data-element_type=\"widget\" data-e-type=\"widget\" data-widget_type=\"image.default\">\n\t\t\t\t<div class=\"elementor-widget-container\">\n\t\t\t\t\t\t\t\t\t\t\t\t\t\t\t<img decoding=\"async\" width=\"388\" height=\"618\" src=\"https:\/\/citis.ups.edu.ec\/wp-content\/uploads\/sites\/5\/2025\/09\/CITIS_2024.png\" class=\"attachment-large size-large wp-image-8935\" alt=\"\" srcset=\"https:\/\/citis.ups.edu.ec\/wp-content\/uploads\/sites\/5\/2025\/09\/CITIS_2024.png 388w, https:\/\/citis.ups.edu.ec\/wp-content\/uploads\/sites\/5\/2025\/09\/CITIS_2024-188x300.png 188w, https:\/\/citis.ups.edu.ec\/wp-content\/uploads\/sites\/5\/2025\/09\/CITIS_2024-8x12.png 8w, https:\/\/citis.ups.edu.ec\/wp-content\/uploads\/sites\/5\/2025\/09\/elementor\/thumbs\/CITIS_2024-rbw0vw6puhbbjw1r5kg9y4403f4sqozrgl3si5gelc.png 150w, https:\/\/citis.ups.edu.ec\/wp-content\/uploads\/sites\/5\/2025\/09\/elementor\/thumbs\/CITIS_2024-rbw0vw6q392nx5exgyhr81goc9tjlmu0waklxq7ci4.png 170w\" sizes=\"(max-width: 388px) 100vw, 388px\" \/>\t\t\t\t\t\t\t\t\t\t\t\t\t\t\t<\/div>\n\t\t\t\t<\/div>\n\t\t\t\t<\/div>\n\t\t<div class=\"elementor-element elementor-element-be67bf6 e-con-full e-flex e-con e-child\" data-id=\"be67bf6\" data-element_type=\"container\" data-e-type=\"container\">\n\t\t\t\t<div class=\"elementor-element elementor-element-774ebf3 elementor-widget__width-initial elementor-drop-cap-yes elementor-drop-cap-view-default elementor-widget elementor-widget-text-editor\" data-id=\"774ebf3\" data-element_type=\"widget\" data-e-type=\"widget\" data-settings=\"{&quot;drop_cap&quot;:&quot;yes&quot;}\" data-widget_type=\"text-editor.default\">\n\t\t\t\t<div class=\"elementor-widget-container\">\n\t\t\t\t\t\t\t\t\t<h3 style=\"text-align: center\"><strong>X International Conference on Science, Technology and Innovation for Society (CITIS 2024)<\/strong><\/h3><p>The X International Conference on Science, Technology, and Innovation for Society, CITIS 2024, held from July 17 to 19, 2024, in a presencial edition organized by Universidad Polit\u00e9cnica Salesiana, offered the national and international academic community a unified communication platform aimed at addressing the theoretical and practical problems with the greatest impact on modern society through an engineering perspective.<\/p>\t\t\t\t\t\t\t\t<\/div>\n\t\t\t\t<\/div>\n\t\t\t\t<\/div>\n\t\t\t\t\t<\/div>\n\t\t\t\t<\/div>\n\t\t<div class=\"elementor-element elementor-element-cb1a408 e-flex e-con-boxed e-con e-parent\" data-id=\"cb1a408\" data-element_type=\"container\" data-e-type=\"container\">\n\t\t\t\t\t<div class=\"e-con-inner\">\n\t\t\t\t<div class=\"elementor-element elementor-element-5517ffe elementor-widget__width-initial elementor-widget elementor-widget-text-editor\" data-id=\"5517ffe\" data-element_type=\"widget\" data-e-type=\"widget\" data-widget_type=\"text-editor.default\">\n\t\t\t\t<div class=\"elementor-widget-container\">\n\t\t\t\t\t\t\t\t\t<p>In this tenth edition, dedicated to the 30th anniversary of Universidad Polit\u00e9cnica Salesiana, the thematic axes were related to the application of science, technological development, and innovation in four fundamental pillars of our society: Industry, Mobility, Environmental Sustainability, and Information and Telecommunications. To this edition of CITIS 2024, the technical tracks were organized into four key areas: Mobility, coordinated by Jaime Naranjo, MSc.; Industry, coordinated by Jorge Cueva, Ph.D.; Environmental Sustainability, coordinated by Juan Carlos Lata, Ph.D.; and Information and Telecommunications, coordinated by Miguel Quiroz-Mart\u00ednez, MSc. These tracks structured the discussions and presentations, ensuring a comprehensive approach to the conference\u2019s thematic pillars.<\/p><p>The scientific committee included 102 researchers from 10 countries (Spain, Mexico,\u00a0Belgium,\u00a0Colombia, Brazil, United Kingdom, Italy, Venezuela, Peru, and Ecuador), who were responsible for evaluating, in a \u2018double-blind review\u2019 process, the 188 papers received for the conference.<\/p>\t\t\t\t\t\t\t\t<\/div>\n\t\t\t\t<\/div>\n\t\t\t\t\t<\/div>\n\t\t\t\t<\/div>\n\t\t<div class=\"elementor-element elementor-element-e0c7d09 e-flex e-con-boxed e-con e-parent\" data-id=\"e0c7d09\" data-element_type=\"container\" data-e-type=\"container\">\n\t\t\t\t\t<div class=\"e-con-inner\">\n\t\t\t\t<div class=\"elementor-element elementor-element-4b5dbaa elementor-widget__width-initial elementor-widget elementor-widget-text-editor\" data-id=\"4b5dbaa\" data-element_type=\"widget\" data-e-type=\"widget\" data-widget_type=\"text-editor.default\">\n\t\t\t\t<div class=\"elementor-widget-container\">\n\t\t\t\t\t\t\t\t\t<p>The 45 papers accepted for presentation and discussion at the Conference were published in the Springer Nature book series Lecture Notes in Networks and Systems. We acknowledge all of those who contributed to the staging of CITIS 2024 (authors, committees, workshop instructors, and our attendees). We deeply appreciate their involvement and support, which were crucial for the success of the event. The accepted contributions reflect recent research trends in the fields of software engineering, big data analysis, cloud computing, data engineering, data management and data mining, machine learning, deep learning, artificial intelligence, smart systems, robotics and automation, mechatronic design, and industrial processes design. CITIS 2024 also held several workshops and keynote speeches on cutting-edge topics related to the thematic axes of the conference. In addition, parallel working sessions were carried out to strengthen entrepreneurship and innovation skills for engineering students.<\/p>\t\t\t\t\t\t\t\t<\/div>\n\t\t\t\t<\/div>\n\t\t<div class=\"elementor-element elementor-element-9fa71df e-con-full e-flex e-con e-child\" data-id=\"9fa71df\" data-element_type=\"container\" data-e-type=\"container\">\n\t\t\t\t<div class=\"elementor-element elementor-element-987f5ce elementor-widget elementor-widget-image\" data-id=\"987f5ce\" data-element_type=\"widget\" data-e-type=\"widget\" data-widget_type=\"image.default\">\n\t\t\t\t<div class=\"elementor-widget-container\">\n\t\t\t\t\t\t\t\t\t\t\t\t\t\t\t\t<a href=\"https:\/\/link.springer.com\/book\/10.1007\/978-3-031-87065-1\" target=\"_blank\">\n\t\t\t\t\t\t\t<img decoding=\"async\" width=\"209\" height=\"300\" src=\"https:\/\/citis.ups.edu.ec\/wp-content\/uploads\/sites\/5\/2025\/09\/portada-citis-2024-209x300-1.png\" class=\"attachment-large size-large wp-image-9318\" alt=\"\" srcset=\"https:\/\/citis.ups.edu.ec\/wp-content\/uploads\/sites\/5\/2025\/09\/portada-citis-2024-209x300-1.png 209w, https:\/\/citis.ups.edu.ec\/wp-content\/uploads\/sites\/5\/2025\/09\/portada-citis-2024-209x300-1-8x12.png 8w\" sizes=\"(max-width: 209px) 100vw, 209px\" \/>\t\t\t\t\t\t\t\t<\/a>\n\t\t\t\t\t\t\t\t\t\t\t\t\t\t\t<\/div>\n\t\t\t\t<\/div>\n\t\t\t\t<\/div>\n\t\t\t\t\t<\/div>\n\t\t\t\t<\/div>\n\t\t<div class=\"elementor-element elementor-element-8762674 e-flex e-con-boxed e-con e-parent\" data-id=\"8762674\" data-element_type=\"container\" data-e-type=\"container\">\n\t\t\t\t\t<div class=\"e-con-inner\">\n\t\t\t\t<div class=\"elementor-element elementor-element-0de1523 elementor-widget elementor-widget-image\" data-id=\"0de1523\" data-element_type=\"widget\" data-e-type=\"widget\" data-widget_type=\"image.default\">\n\t\t\t\t<div class=\"elementor-widget-container\">\n\t\t\t\t\t\t\t\t\t\t\t\t<figure class=\"wp-caption\">\n\t\t\t\t\t\t\t\t\t\t<img loading=\"lazy\" decoding=\"async\" width=\"1024\" height=\"756\" src=\"https:\/\/citis.ups.edu.ec\/wp-content\/uploads\/sites\/5\/2025\/09\/Inicio-y-fin_citis-1024x756.jpg\" class=\"attachment-large size-large wp-image-9575\" alt=\"\" srcset=\"https:\/\/citis.ups.edu.ec\/wp-content\/uploads\/sites\/5\/2025\/09\/Inicio-y-fin_citis-1024x756.jpg 1024w, https:\/\/citis.ups.edu.ec\/wp-content\/uploads\/sites\/5\/2025\/09\/Inicio-y-fin_citis-300x221.jpg 300w, https:\/\/citis.ups.edu.ec\/wp-content\/uploads\/sites\/5\/2025\/09\/Inicio-y-fin_citis-768x567.jpg 768w, https:\/\/citis.ups.edu.ec\/wp-content\/uploads\/sites\/5\/2025\/09\/Inicio-y-fin_citis-1536x1134.jpg 1536w, https:\/\/citis.ups.edu.ec\/wp-content\/uploads\/sites\/5\/2025\/09\/Inicio-y-fin_citis-16x12.jpg 16w, https:\/\/citis.ups.edu.ec\/wp-content\/uploads\/sites\/5\/2025\/09\/Inicio-y-fin_citis.jpg 1964w\" sizes=\"(max-width: 1024px) 100vw, 1024px\" \/>\t\t\t\t\t\t\t\t\t\t\t<figcaption class=\"widget-image-caption wp-caption-text\">During CITIS 2024, 6 international keynote speakers and 6 workshops were presented, with more than 1,000 attendees over the three days of the conference. This highlights the level of CITIS, with the international lectures delivered by world-renowned scientists. Additionally, parallel working sessions were conducted to enhance entrepreneurship and innovation skills among engineering students.<\/figcaption>\n\t\t\t\t\t\t\t\t\t\t<\/figure>\n\t\t\t\t\t\t\t\t\t<\/div>\n\t\t\t\t<\/div>\n\t\t\t\t\t<\/div>\n\t\t\t\t<\/div>\n\t\t<div class=\"elementor-element elementor-element-291f1d2 e-flex e-con-boxed e-con e-parent\" data-id=\"291f1d2\" data-element_type=\"container\" data-e-type=\"container\">\n\t\t\t\t\t<div class=\"e-con-inner\">\n\t\t<div class=\"elementor-element elementor-element-f9a0cfc e-con-full e-flex e-con e-child\" data-id=\"f9a0cfc\" data-element_type=\"container\" data-e-type=\"container\">\n\t\t\t\t<div class=\"elementor-element elementor-element-cdbb8c9 elementor-widget elementor-widget-image\" data-id=\"cdbb8c9\" data-element_type=\"widget\" data-e-type=\"widget\" data-widget_type=\"image.default\">\n\t\t\t\t<div class=\"elementor-widget-container\">\n\t\t\t\t\t\t\t\t\t\t\t\t\t\t\t\t<a href=\"https:\/\/dspace.ups.edu.ec\/bitstream\/123456789\/29381\/18\/X%20International%20Conference%20on%20Science%2c%20Technology%20and%20Innovation%20for%20Society.pdf\" target=\"_blank\">\n\t\t\t\t\t\t\t<img loading=\"lazy\" decoding=\"async\" width=\"217\" height=\"300\" src=\"https:\/\/citis.ups.edu.ec\/wp-content\/uploads\/sites\/5\/2025\/09\/Abya-Yala-2024-217x300.jpg\" class=\"attachment-medium size-medium wp-image-9585\" alt=\"\" srcset=\"https:\/\/citis.ups.edu.ec\/wp-content\/uploads\/sites\/5\/2025\/09\/Abya-Yala-2024-217x300.jpg 217w, https:\/\/citis.ups.edu.ec\/wp-content\/uploads\/sites\/5\/2025\/09\/Abya-Yala-2024-9x12.jpg 9w, https:\/\/citis.ups.edu.ec\/wp-content\/uploads\/sites\/5\/2025\/09\/Abya-Yala-2024.jpg 634w\" sizes=\"(max-width: 217px) 100vw, 217px\" \/>\t\t\t\t\t\t\t\t<\/a>\n\t\t\t\t\t\t\t\t\t\t\t\t\t\t\t<\/div>\n\t\t\t\t<\/div>\n\t\t\t\t<\/div>\n\t\t<div class=\"elementor-element elementor-element-22bb091 e-con-full e-flex e-con e-child\" data-id=\"22bb091\" data-element_type=\"container\" data-e-type=\"container\">\n\t\t\t\t<div class=\"elementor-element elementor-element-e2ecd9a elementor-widget elementor-widget-text-editor\" data-id=\"e2ecd9a\" data-element_type=\"widget\" data-e-type=\"widget\" data-widget_type=\"text-editor.default\">\n\t\t\t\t<div class=\"elementor-widget-container\">\n\t\t\t\t\t\t\t\t\t<p>In addition, a special proceedings volume was prepared in collaboration with Abya Yala, where selected poster manuscripts were published. This complementary publication highlights the quality of several contributions that, although not included in the Springer volume, demonstrated significant scientific value and relevance to the conference themes.<\/p>\t\t\t\t\t\t\t\t<\/div>\n\t\t\t\t<\/div>\n\t\t\t\t<\/div>\n\t\t\t\t\t<\/div>\n\t\t\t\t<\/div>\n\t\t<div class=\"elementor-element elementor-element-7ab8f6c e-flex e-con-boxed e-con e-parent\" data-id=\"7ab8f6c\" data-element_type=\"container\" data-e-type=\"container\">\n\t\t\t\t\t<div class=\"e-con-inner\">\n\t\t<div class=\"elementor-element elementor-element-58061dd e-con-full e-flex e-con e-child\" data-id=\"58061dd\" data-element_type=\"container\" data-e-type=\"container\">\n\t\t\t\t<div class=\"elementor-element elementor-element-62f3ddc elementor-widget elementor-widget-text-editor\" data-id=\"62f3ddc\" data-element_type=\"widget\" data-e-type=\"widget\" data-widget_type=\"text-editor.default\">\n\t\t\t\t<div class=\"elementor-widget-container\">\n\t\t\t\t\t\t\t\t\t<p>The Chairperson of CITIS 2024 was Dr. <a href=\"https:\/\/www.scopus.com\/authid\/detail.uri?authorId=57200945425\" target=\"_blank\" rel=\"noopener\">Lenin E. Cevallos-Robalino<\/a>, whose leadership and commitment were instrumental in the event&#8217;s success. This achievement was also the result of strong teamwork, which played a crucial role in bringing this tenth edition to life.<\/p><p>The organizing committee expresses its sincere gratitude to all participants, institutions, and collaborators for their warm reception and active engagement. Special thanks are extended to the keynote speakers, workshop instructors, the scientific and publications committees, session moderators, staff, and protocol team, whose dedication and effort made CITIS 2024 possible.<\/p>\t\t\t\t\t\t\t\t<\/div>\n\t\t\t\t<\/div>\n\t\t\t\t<\/div>\n\t\t<div class=\"elementor-element elementor-element-a1e6f70 e-con-full e-flex e-con e-child\" data-id=\"a1e6f70\" data-element_type=\"container\" data-e-type=\"container\">\n\t\t\t\t<div class=\"elementor-element elementor-element-63b0e9e elementor-widget elementor-widget-image\" data-id=\"63b0e9e\" data-element_type=\"widget\" data-e-type=\"widget\" data-widget_type=\"image.default\">\n\t\t\t\t<div class=\"elementor-widget-container\">\n\t\t\t\t\t\t\t\t\t\t\t\t\t\t\t<img loading=\"lazy\" decoding=\"async\" width=\"1024\" height=\"683\" src=\"https:\/\/citis.ups.edu.ec\/wp-content\/uploads\/sites\/5\/2025\/09\/Citis_2024.jpg\" class=\"attachment-large size-large wp-image-9426\" alt=\"\" srcset=\"https:\/\/citis.ups.edu.ec\/wp-content\/uploads\/sites\/5\/2025\/09\/Citis_2024.jpg 1024w, https:\/\/citis.ups.edu.ec\/wp-content\/uploads\/sites\/5\/2025\/09\/Citis_2024-300x200.jpg 300w, https:\/\/citis.ups.edu.ec\/wp-content\/uploads\/sites\/5\/2025\/09\/Citis_2024-768x512.jpg 768w, https:\/\/citis.ups.edu.ec\/wp-content\/uploads\/sites\/5\/2025\/09\/Citis_2024-18x12.jpg 18w\" sizes=\"(max-width: 1024px) 100vw, 1024px\" \/>\t\t\t\t\t\t\t\t\t\t\t\t\t\t\t<\/div>\n\t\t\t\t<\/div>\n\t\t\t\t<\/div>\n\t\t\t\t\t<\/div>\n\t\t\t\t<\/div>\n\t\t<div class=\"elementor-element elementor-element-a8fbe6a e-flex e-con-boxed e-con e-parent\" data-id=\"a8fbe6a\" data-element_type=\"container\" data-e-type=\"container\">\n\t\t\t\t\t<div class=\"e-con-inner\">\n\t\t\t\t<div class=\"elementor-element elementor-element-dcfabf2 elementor-widget elementor-widget-heading\" data-id=\"dcfabf2\" data-element_type=\"widget\" data-e-type=\"widget\" data-widget_type=\"heading.default\">\n\t\t\t\t<div class=\"elementor-widget-container\">\n\t\t\t\t\t<h2 class=\"elementor-heading-title elementor-size-default\">WORKSHOPS<\/h2>\t\t\t\t<\/div>\n\t\t\t\t<\/div>\n\t\t\t\t\t<\/div>\n\t\t\t\t<\/div>\n\t\t<div class=\"elementor-element elementor-element-5ba4239 e-flex e-con-boxed e-con e-parent\" data-id=\"5ba4239\" data-element_type=\"container\" data-e-type=\"container\">\n\t\t\t\t\t<div class=\"e-con-inner\">\n\t\t\t\t<div class=\"elementor-element elementor-element-3aafc6e elementor-widget elementor-widget-heading\" data-id=\"3aafc6e\" data-element_type=\"widget\" data-e-type=\"widget\" data-widget_type=\"heading.default\">\n\t\t\t\t<div class=\"elementor-widget-container\">\n\t\t\t\t\t<h3 class=\"elementor-heading-title elementor-size-default\">Workshop 1:\nCreating data plots in Latex using the pgfplots package<\/h3>\t\t\t\t<\/div>\n\t\t\t\t<\/div>\n\t\t\t\t\t<\/div>\n\t\t\t\t<\/div>\n\t\t<div class=\"elementor-element elementor-element-fa176e6 e-flex e-con-boxed e-con e-parent\" data-id=\"fa176e6\" data-element_type=\"container\" data-e-type=\"container\">\n\t\t\t\t\t<div class=\"e-con-inner\">\n\t\t\t\t<div class=\"elementor-element elementor-element-7e94d35 elementor-widget__width-initial elementor-widget elementor-widget-text-editor\" data-id=\"7e94d35\" data-element_type=\"widget\" data-e-type=\"widget\" data-widget_type=\"text-editor.default\">\n\t\t\t\t<div class=\"elementor-widget-container\">\n\t\t\t\t\t\t\t\t\t<p data-start=\"185\" data-end=\"569\"><strong data-start=\"185\" data-end=\"197\">Content:<\/strong> This workshop will introduce participants to the creation of high-quality scientific and technical plots directly in LaTeX using the <strong data-start=\"331\" data-end=\"343\">pgfplots<\/strong> package. The session will begin with an overview of the main features and advantages of pgfplots compared to external plotting tools, highlighting its seamless integration with LaTeX documents for professional publications.<\/p><p data-start=\"571\" data-end=\"940\">The workshop will cover the essential elements of the package, including defining coordinate systems, customizing axes, formatting labels, and applying styles to produce both 2D and 3D plots. Advanced functionalities such as multiple plots in the same figure, parametric curves, surface plots, and data import from external files (e.g., <code data-start=\"908\" data-end=\"914\">.csv<\/code>) will also be reviewed.<\/p><p data-start=\"942\" data-end=\"1206\">A special focus will be given to customizing the visual appearance of plots, including color maps, legends, annotations, and plot scaling, ensuring that participants can adapt their figures to the standards of international scientific journals and presentations.<\/p><p data-start=\"1208\" data-end=\"1411\">Finally, the workshop may include a practical component where participants will create and compile sample plots using pgfplots, illustrating the workflow from basic commands to advanced visualizations.<\/p>\t\t\t\t\t\t\t\t<\/div>\n\t\t\t\t<\/div>\n\t\t\t\t\t<\/div>\n\t\t\t\t<\/div>\n\t\t<div class=\"elementor-element elementor-element-1a39309 e-flex e-con-boxed e-con e-parent\" data-id=\"1a39309\" data-element_type=\"container\" data-e-type=\"container\">\n\t\t\t\t\t<div class=\"e-con-inner\">\n\t\t<div class=\"elementor-element elementor-element-81e9578 e-con-full e-flex e-con e-child\" data-id=\"81e9578\" data-element_type=\"container\" data-e-type=\"container\">\n\t\t\t\t<div class=\"elementor-element elementor-element-0f2bbfe elementor-widget elementor-widget-image\" data-id=\"0f2bbfe\" data-element_type=\"widget\" data-e-type=\"widget\" data-widget_type=\"image.default\">\n\t\t\t\t<div class=\"elementor-widget-container\">\n\t\t\t\t\t\t\t\t\t\t\t\t\t\t\t<img loading=\"lazy\" decoding=\"async\" width=\"300\" height=\"290\" src=\"https:\/\/citis.ups.edu.ec\/wp-content\/uploads\/sites\/5\/2025\/09\/foto-300x290.png\" class=\"attachment-medium size-medium wp-image-9438\" alt=\"\" srcset=\"https:\/\/citis.ups.edu.ec\/wp-content\/uploads\/sites\/5\/2025\/09\/foto-300x290.png 300w, https:\/\/citis.ups.edu.ec\/wp-content\/uploads\/sites\/5\/2025\/09\/foto-1024x991.png 1024w, https:\/\/citis.ups.edu.ec\/wp-content\/uploads\/sites\/5\/2025\/09\/foto-768x743.png 768w, https:\/\/citis.ups.edu.ec\/wp-content\/uploads\/sites\/5\/2025\/09\/foto-1536x1487.png 1536w, https:\/\/citis.ups.edu.ec\/wp-content\/uploads\/sites\/5\/2025\/09\/foto-2048x1983.png 2048w, https:\/\/citis.ups.edu.ec\/wp-content\/uploads\/sites\/5\/2025\/09\/foto-12x12.png 12w\" sizes=\"(max-width: 300px) 100vw, 300px\" \/>\t\t\t\t\t\t\t\t\t\t\t\t\t\t\t<\/div>\n\t\t\t\t<\/div>\n\t\t\t\t<\/div>\n\t\t<div class=\"elementor-element elementor-element-f8cbbec e-con-full e-flex e-con e-child\" data-id=\"f8cbbec\" data-element_type=\"container\" data-e-type=\"container\">\n\t\t\t\t<div class=\"elementor-element elementor-element-febe16d elementor-widget__width-initial elementor-widget elementor-widget-text-editor\" data-id=\"febe16d\" data-element_type=\"widget\" data-e-type=\"widget\" data-widget_type=\"text-editor.default\">\n\t\t\t\t<div class=\"elementor-widget-container\">\n\t\t\t\t\t\t\t\t\t<p><a href=\"https:\/\/scholar.google.com\/citations?user=9xKKIzQAAAAJ&amp;hl=es\" target=\"_blank\" rel=\"noopener\">Franklin I. Kuonqu\u00ed Ga\u00ednza<\/a> is a distinguished engineer and educator whose academic journey has been defined by innovation and excellence. Graduating from ESPOL with a degree in Electronics and Telecommunication in 2012, then he went on to earn a Master&#8217;s degree in Industrial Automation and Control in 2016, at the same university.<\/p><p>Franklin&#8217;s research prowess is exemplified by his engineering degree thesis, which explored the comparative analysis of automatic control systems for interconnected vessel plants. This foundational work delved into system modeling, identification, and control methodologies, laying the groundwork for his subsequent contributions to the field.<\/p>\t\t\t\t\t\t\t\t<\/div>\n\t\t\t\t<\/div>\n\t\t\t\t<\/div>\n\t\t\t\t\t<\/div>\n\t\t\t\t<\/div>\n\t\t<div class=\"elementor-element elementor-element-4f4770c e-flex e-con-boxed e-con e-parent\" data-id=\"4f4770c\" data-element_type=\"container\" data-e-type=\"container\">\n\t\t\t\t\t<div class=\"e-con-inner\">\n\t\t\t\t<div class=\"elementor-element elementor-element-3dafc97 elementor-widget__width-initial elementor-widget elementor-widget-text-editor\" data-id=\"3dafc97\" data-element_type=\"widget\" data-e-type=\"widget\" data-widget_type=\"text-editor.default\">\n\t\t\t\t<div class=\"elementor-widget-container\">\n\t\t\t\t\t\t\t\t\t<p>His Master&#8217;s thesis, focusing on the design of a model reference adaptive controller, further solidified his reputation as a pioneering researcher. Utilizing LaTeX for his report, Franklin not only presented groundbreaking findings but also developed a TEX class for the master&#8217;s program, ensuring the dissemination of knowledge for future scholars.<\/p><p>Transitioning seamlessly into academia, Franklin served as a full-time lecturer and assistant for the automatic control lab at ESPOL from 2014 to 2016 before assuming a full-time professorship until 2020. Also, since 2018 joined UPS as an assistant professor and researcher.<\/p><p>Franklin&#8217;s mentorship has been instrumental in shaping the academic landscape. Tutoring more than 20 bachelor\u2019s and 5 master\u2019s final projects, predominantly centered on automatic control systems.<\/p>\t\t\t\t\t\t\t\t<\/div>\n\t\t\t\t<\/div>\n\t\t\t\t\t<\/div>\n\t\t\t\t<\/div>\n\t\t<div class=\"elementor-element elementor-element-a9cce84 e-flex e-con-boxed e-con e-parent\" data-id=\"a9cce84\" data-element_type=\"container\" data-e-type=\"container\">\n\t\t\t\t\t<div class=\"e-con-inner\">\n\t\t\t\t<div class=\"elementor-element elementor-element-793c797 elementor-widget__width-initial elementor-widget elementor-widget-heading\" data-id=\"793c797\" data-element_type=\"widget\" data-e-type=\"widget\" data-widget_type=\"heading.default\">\n\t\t\t\t<div class=\"elementor-widget-container\">\n\t\t\t\t\t<h3 class=\"elementor-heading-title elementor-size-default\">Workshop 2: Principles of information security and risk management to mitigate threats that commonly affect businesses<\/h3>\t\t\t\t<\/div>\n\t\t\t\t<\/div>\n\t\t\t\t\t<\/div>\n\t\t\t\t<\/div>\n\t\t<div class=\"elementor-element elementor-element-f811288 e-flex e-con-boxed e-con e-parent\" data-id=\"f811288\" data-element_type=\"container\" data-e-type=\"container\">\n\t\t\t\t\t<div class=\"e-con-inner\">\n\t\t\t\t<div class=\"elementor-element elementor-element-b8f6a66 elementor-widget__width-initial elementor-widget elementor-widget-text-editor\" data-id=\"b8f6a66\" data-element_type=\"widget\" data-e-type=\"widget\" data-widget_type=\"text-editor.default\">\n\t\t\t\t<div class=\"elementor-widget-container\">\n\t\t\t\t\t\t\t\t\t<p><strong data-start=\"260\" data-end=\"272\">Content:<\/strong> This workshop will introduce the fundamental principles of information security and risk management, with a focus on strategies to mitigate the most common threats that affect modern businesses. Participants will review key concepts such as confidentiality, integrity, and availability, alongside risk identification, assessment, and control measures. The session will also cover practical frameworks and tools for implementing effective information security policies within organizations. Real-world case studies will be discussed to illustrate how cyber threats can be addressed proactively, helping participants to strengthen resilience and ensure business continuity.<\/p>\t\t\t\t\t\t\t\t<\/div>\n\t\t\t\t<\/div>\n\t\t\t\t\t<\/div>\n\t\t\t\t<\/div>\n\t\t<div class=\"elementor-element elementor-element-e260e59 e-flex e-con-boxed e-con e-parent\" data-id=\"e260e59\" data-element_type=\"container\" data-e-type=\"container\">\n\t\t\t\t\t<div class=\"e-con-inner\">\n\t\t<div class=\"elementor-element elementor-element-0cab69e e-con-full e-flex e-con e-child\" data-id=\"0cab69e\" data-element_type=\"container\" data-e-type=\"container\">\n\t\t\t\t<div class=\"elementor-element elementor-element-4df7410 elementor-widget elementor-widget-image\" data-id=\"4df7410\" data-element_type=\"widget\" data-e-type=\"widget\" data-widget_type=\"image.default\">\n\t\t\t\t<div class=\"elementor-widget-container\">\n\t\t\t\t\t\t\t\t\t\t\t\t\t\t\t<img loading=\"lazy\" decoding=\"async\" width=\"210\" height=\"300\" src=\"https:\/\/citis.ups.edu.ec\/wp-content\/uploads\/sites\/5\/2025\/09\/Dario-H-210x300.png\" class=\"attachment-medium size-medium wp-image-9452\" alt=\"\" srcset=\"https:\/\/citis.ups.edu.ec\/wp-content\/uploads\/sites\/5\/2025\/09\/Dario-H-210x300.png 210w, https:\/\/citis.ups.edu.ec\/wp-content\/uploads\/sites\/5\/2025\/09\/Dario-H-717x1024.png 717w, https:\/\/citis.ups.edu.ec\/wp-content\/uploads\/sites\/5\/2025\/09\/Dario-H-768x1097.png 768w, https:\/\/citis.ups.edu.ec\/wp-content\/uploads\/sites\/5\/2025\/09\/Dario-H-8x12.png 8w, https:\/\/citis.ups.edu.ec\/wp-content\/uploads\/sites\/5\/2025\/09\/Dario-H.png 1024w\" sizes=\"(max-width: 210px) 100vw, 210px\" \/>\t\t\t\t\t\t\t\t\t\t\t\t\t\t\t<\/div>\n\t\t\t\t<\/div>\n\t\t\t\t<\/div>\n\t\t<div class=\"elementor-element elementor-element-89c346c e-con-full e-flex e-con e-child\" data-id=\"89c346c\" data-element_type=\"container\" data-e-type=\"container\">\n\t\t\t\t<div class=\"elementor-element elementor-element-877bdc7 elementor-widget__width-initial elementor-widget elementor-widget-text-editor\" data-id=\"877bdc7\" data-element_type=\"widget\" data-e-type=\"widget\" data-widget_type=\"text-editor.default\">\n\t\t\t\t<div class=\"elementor-widget-container\">\n\t\t\t\t\t\t\t\t\t<p><a href=\"https:\/\/scholar.google.com\/citations?hl=es&amp;user=2m7xnaMAAAAJ\" target=\"_blank\" rel=\"noopener\">Dar\u00edo Huilcapi Sub\u00eda<\/a> is a 42-year-old professional with an outstanding career in the fields of education and technology. For over 14 years, he has worked as a teacher at the Salesian Polytechnic University, where he has made a significant impact in the training of future engineers in computer systems.<\/p><p>With a solid academic background, Dar\u00edo is a computer systems engineer with postgraduate studies at the Monterrey Institute of Technology, where he obtained a master&#8217;s degree in Engineering. In addition, he complemented his education with a master&#8217;s in higher education, highlighting his commitment to excellence in teaching and learning.<\/p>\t\t\t\t\t\t\t\t<\/div>\n\t\t\t\t<\/div>\n\t\t\t\t<\/div>\n\t\t\t\t\t<\/div>\n\t\t\t\t<\/div>\n\t\t<div class=\"elementor-element elementor-element-402b8d1 e-flex e-con-boxed e-con e-parent\" data-id=\"402b8d1\" data-element_type=\"container\" data-e-type=\"container\">\n\t\t\t\t\t<div class=\"e-con-inner\">\n\t\t\t\t<div class=\"elementor-element elementor-element-47364f9 elementor-widget__width-initial elementor-widget elementor-widget-text-editor\" data-id=\"47364f9\" data-element_type=\"widget\" data-e-type=\"widget\" data-widget_type=\"text-editor.default\">\n\t\t\t\t<div class=\"elementor-widget-container\">\n\t\t\t\t\t\t\t\t\t<p>His dedication and passion for technology have led him to collaborate in various higher education institutions, in private enterprise, and in numerous technology projects throughout his career. As a Cisco Academy Instructor, he was awarded the \u201cInstructor Excellence Advanced Level Award\u201d in 2023, recognizing his outstanding work in the training of professionals in the area of networking and communications.<\/p><p>With extensive professional experience in data center management and specialization in security analytics, he also has multiple courses in cybersecurity and ISO standards. His high sense of responsibility and commitment to technological development make him a reference in his field.<\/p><p>Dar\u00edo Huilcapi Sub\u00eda is a committed, passionate, and highly qualified professional whose dedication has left a lasting mark on the educational and technological fields.<\/p>\t\t\t\t\t\t\t\t<\/div>\n\t\t\t\t<\/div>\n\t\t\t\t\t<\/div>\n\t\t\t\t<\/div>\n\t\t<div class=\"elementor-element elementor-element-596c16c e-flex e-con-boxed e-con e-parent\" data-id=\"596c16c\" data-element_type=\"container\" data-e-type=\"container\">\n\t\t\t\t\t<div class=\"e-con-inner\">\n\t\t\t\t<div class=\"elementor-element elementor-element-f0b8a69 elementor-widget__width-initial elementor-widget elementor-widget-heading\" data-id=\"f0b8a69\" data-element_type=\"widget\" data-e-type=\"widget\" data-widget_type=\"heading.default\">\n\t\t\t\t<div class=\"elementor-widget-container\">\n\t\t\t\t\t<h3 class=\"elementor-heading-title elementor-size-default\">Workshop 3: Estimation of pollutant emissions in real driving conditions using OBD, GPS data, and Machine Learning<\/h3>\t\t\t\t<\/div>\n\t\t\t\t<\/div>\n\t\t\t\t\t<\/div>\n\t\t\t\t<\/div>\n\t\t<div class=\"elementor-element elementor-element-df3ec59 e-flex e-con-boxed e-con e-parent\" data-id=\"df3ec59\" data-element_type=\"container\" data-e-type=\"container\">\n\t\t\t\t\t<div class=\"e-con-inner\">\n\t\t\t\t<div class=\"elementor-element elementor-element-598b83c elementor-widget__width-initial elementor-widget elementor-widget-text-editor\" data-id=\"598b83c\" data-element_type=\"widget\" data-e-type=\"widget\" data-widget_type=\"text-editor.default\">\n\t\t\t\t<div class=\"elementor-widget-container\">\n\t\t\t\t\t\t\t\t\t<p><strong data-start=\"1066\" data-end=\"1078\">Content:<\/strong> This workshop will discuss methodologies for estimating pollutant emissions under real driving conditions by combining On-Board Diagnostics (OBD) data, GPS information, and machine learning techniques. The session will begin with an overview of vehicle emission measurement challenges in urban environments, followed by the role of OBD sensors and GPS data in capturing driving dynamics. Machine learning models for pattern recognition and predictive analysis will be reviewed, highlighting their ability to improve accuracy in emission estimation. The workshop may include a practical component demonstrating how datasets can be processed and modeled to quantify pollutants under realistic traffic scenarios.<\/p>\t\t\t\t\t\t\t\t<\/div>\n\t\t\t\t<\/div>\n\t\t\t\t\t<\/div>\n\t\t\t\t<\/div>\n\t\t<div class=\"elementor-element elementor-element-c681cf4 e-flex e-con-boxed e-con e-parent\" data-id=\"c681cf4\" data-element_type=\"container\" data-e-type=\"container\">\n\t\t\t\t\t<div class=\"e-con-inner\">\n\t\t<div class=\"elementor-element elementor-element-3871bdc e-con-full e-flex e-con e-child\" data-id=\"3871bdc\" data-element_type=\"container\" data-e-type=\"container\">\n\t\t\t\t<div class=\"elementor-element elementor-element-02a5013 elementor-widget elementor-widget-image\" data-id=\"02a5013\" data-element_type=\"widget\" data-e-type=\"widget\" data-widget_type=\"image.default\">\n\t\t\t\t<div class=\"elementor-widget-container\">\n\t\t\t\t\t\t\t\t\t\t\t\t\t\t\t<img loading=\"lazy\" decoding=\"async\" width=\"196\" height=\"222\" src=\"https:\/\/citis.ups.edu.ec\/wp-content\/uploads\/sites\/5\/2025\/09\/descarga.png\" class=\"attachment-large size-large wp-image-9466\" alt=\"\" srcset=\"https:\/\/citis.ups.edu.ec\/wp-content\/uploads\/sites\/5\/2025\/09\/descarga.png 196w, https:\/\/citis.ups.edu.ec\/wp-content\/uploads\/sites\/5\/2025\/09\/descarga-11x12.png 11w\" sizes=\"(max-width: 196px) 100vw, 196px\" \/>\t\t\t\t\t\t\t\t\t\t\t\t\t\t\t<\/div>\n\t\t\t\t<\/div>\n\t\t\t\t<\/div>\n\t\t<div class=\"elementor-element elementor-element-eb97e82 e-con-full e-flex e-con e-child\" data-id=\"eb97e82\" data-element_type=\"container\" data-e-type=\"container\">\n\t\t\t\t<div class=\"elementor-element elementor-element-a7d47f5 elementor-widget__width-initial elementor-widget elementor-widget-text-editor\" data-id=\"a7d47f5\" data-element_type=\"widget\" data-e-type=\"widget\" data-widget_type=\"text-editor.default\">\n\t\t\t\t<div class=\"elementor-widget-container\">\n\t\t\t\t\t\t\t\t\t<p><a href=\"https:\/\/scholar.google.com\/citations?user=h5osa44AAAAJ&amp;hl=es\" target=\"_blank\" rel=\"noopener\">N\u00e9stor Diego Rivera-Campoverde<\/a>, Ph.D. candidate in Mechanical Engineering at the Polytechnic University of Madrid, obtained a master&#8217;s degree in automotive systems from the National Polytechnic School. He is currently an Industrial Technician in automotive mechanics and an Automotive Mechanical Engineer at Salesian Polytechnic University. He serves as the Coordinator of the Research Line on Energy Efficiency and Environmental Pollution in the Transportation Engineering Research Group, Salesian Polytechnic University. He is also a member of the Machine Engineering Division at the Higher Technical School of Industrial Engineers. His work focuses on the application of machine learning for estimating pollutant emissions from mobile sources and their impact on air quality, as well as assessing the influence of various factors on the performance and emissions of pollutants from different modes of transportation. Currently, he is a Mentor of the Student Chapter of the IEEE Vehicular Technology Society.<\/p>\t\t\t\t\t\t\t\t<\/div>\n\t\t\t\t<\/div>\n\t\t\t\t<\/div>\n\t\t\t\t\t<\/div>\n\t\t\t\t<\/div>\n\t\t<div class=\"elementor-element elementor-element-7622bac e-flex e-con-boxed e-con e-parent\" data-id=\"7622bac\" data-element_type=\"container\" data-e-type=\"container\">\n\t\t\t\t\t<div class=\"e-con-inner\">\n\t\t\t\t<div class=\"elementor-element elementor-element-398dedd elementor-widget__width-initial elementor-widget elementor-widget-heading\" data-id=\"398dedd\" data-element_type=\"widget\" data-e-type=\"widget\" data-widget_type=\"heading.default\">\n\t\t\t\t<div class=\"elementor-widget-container\">\n\t\t\t\t\t<h3 class=\"elementor-heading-title elementor-size-default\">Workshop 4: Dry cell electrolyzer design for HHO gas production: An alternative for Sustainable Mobility<\/h3>\t\t\t\t<\/div>\n\t\t\t\t<\/div>\n\t\t\t\t\t<\/div>\n\t\t\t\t<\/div>\n\t\t<div class=\"elementor-element elementor-element-364cc46 e-flex e-con-boxed e-con e-parent\" data-id=\"364cc46\" data-element_type=\"container\" data-e-type=\"container\">\n\t\t\t\t\t<div class=\"e-con-inner\">\n\t\t\t\t<div class=\"elementor-element elementor-element-d90df81 elementor-widget__width-initial elementor-widget elementor-widget-text-editor\" data-id=\"d90df81\" data-element_type=\"widget\" data-e-type=\"widget\" data-widget_type=\"text-editor.default\">\n\t\t\t\t<div class=\"elementor-widget-container\">\n\t\t\t\t\t\t\t\t\t<p><strong data-start=\"1900\" data-end=\"1912\">Content:<\/strong> This workshop will present the design and operation principles of dry cell electrolyzers for hydrogen-oxygen (HHO) gas production, emphasizing their potential as an alternative energy source for sustainable mobility. The session will cover the fundamentals of electrolysis, material selection, and design considerations for dry cell efficiency. Participants will explore the role of HHO gas in improving fuel efficiency and reducing emissions in internal combustion engines. Current research trends, safety considerations, and case studies will also be reviewed. The workshop may include illustrative examples of design parameters and experimental results from HHO applications in mobility systems.<\/p>\t\t\t\t\t\t\t\t<\/div>\n\t\t\t\t<\/div>\n\t\t\t\t\t<\/div>\n\t\t\t\t<\/div>\n\t\t<div class=\"elementor-element elementor-element-287a5d4 e-flex e-con-boxed e-con e-parent\" data-id=\"287a5d4\" data-element_type=\"container\" data-e-type=\"container\">\n\t\t\t\t\t<div class=\"e-con-inner\">\n\t\t<div class=\"elementor-element elementor-element-e4b4ce4 e-con-full e-flex e-con e-child\" data-id=\"e4b4ce4\" data-element_type=\"container\" data-e-type=\"container\">\n\t\t\t\t<div class=\"elementor-element elementor-element-8d0302b elementor-widget elementor-widget-image\" data-id=\"8d0302b\" data-element_type=\"widget\" data-e-type=\"widget\" data-widget_type=\"image.default\">\n\t\t\t\t<div class=\"elementor-widget-container\">\n\t\t\t\t\t\t\t\t\t\t\t\t\t\t\t<img loading=\"lazy\" decoding=\"async\" width=\"265\" height=\"300\" src=\"https:\/\/citis.ups.edu.ec\/wp-content\/uploads\/sites\/5\/2025\/09\/Marcelo-Estrella-265x300.jpg\" class=\"attachment-medium size-medium wp-image-9486\" alt=\"\" srcset=\"https:\/\/citis.ups.edu.ec\/wp-content\/uploads\/sites\/5\/2025\/09\/Marcelo-Estrella-265x300.jpg 265w, https:\/\/citis.ups.edu.ec\/wp-content\/uploads\/sites\/5\/2025\/09\/Marcelo-Estrella-11x12.jpg 11w, https:\/\/citis.ups.edu.ec\/wp-content\/uploads\/sites\/5\/2025\/09\/Marcelo-Estrella.jpg 502w\" sizes=\"(max-width: 265px) 100vw, 265px\" \/>\t\t\t\t\t\t\t\t\t\t\t\t\t\t\t<\/div>\n\t\t\t\t<\/div>\n\t\t\t\t<\/div>\n\t\t<div class=\"elementor-element elementor-element-18caa7a e-con-full e-flex e-con e-child\" data-id=\"18caa7a\" data-element_type=\"container\" data-e-type=\"container\">\n\t\t\t\t<div class=\"elementor-element elementor-element-b451024 elementor-widget__width-initial elementor-widget elementor-widget-text-editor\" data-id=\"b451024\" data-element_type=\"widget\" data-e-type=\"widget\" data-widget_type=\"text-editor.default\">\n\t\t\t\t<div class=\"elementor-widget-container\">\n\t\t\t\t\t\t\t\t\t<p><a href=\"https:\/\/scholar.google.com.ec\/citations?hl=en&amp;user=rg0BGHMAAAAJ\" target=\"_blank\" rel=\"noopener\">Dr. Marcelo Xavier Estrella Guayasamin<\/a> is an automotive engineer with an outstanding academic and professional career. He holds a PhD in Engineering Sciences, obtained at the Instituto Tecnol\u00f3gico y de Estudios Superiores de Monterrey in 2020, as well as a Master&#8217;s Degree in Automotive Engineering Sciences at the same institution in 2014. In addition, he holds a Higher Diploma in Automotive Autotronics. Throughout his career, he has held teaching roles in several institutions, giving lectures related to automotive electricity, injection systems, and internal combustion engines, among others. In addition, he has accumulated experience for more than 20 years in the automotive sector as owner-manager of the automotive maintenance center Mega Service, demonstrating skills in troubleshooting, engine repair, and customer service. His commitment to education and research in the field of automotive engineering has led him to participate in congresses and refresher courses, demonstrating a constant search for knowledge and professional improvement.\u00a0<\/p>\t\t\t\t\t\t\t\t<\/div>\n\t\t\t\t<\/div>\n\t\t\t\t<\/div>\n\t\t\t\t\t<\/div>\n\t\t\t\t<\/div>\n\t\t<div class=\"elementor-element elementor-element-c22e724 e-flex e-con-boxed e-con e-parent\" data-id=\"c22e724\" data-element_type=\"container\" data-e-type=\"container\">\n\t\t\t\t\t<div class=\"e-con-inner\">\n\t\t\t\t<div class=\"elementor-element elementor-element-e22d29a elementor-widget elementor-widget-text-editor\" data-id=\"e22d29a\" data-element_type=\"widget\" data-e-type=\"widget\" data-widget_type=\"text-editor.default\">\n\t\t\t\t<div class=\"elementor-widget-container\">\n\t\t\t\t\t\t\t\t\t<p>Currently, he is a full-time research professor in the Automotive Engineering career at the Salesian Polytechnic University in Guayaquil, which drives innovation and excellence in automotive engineering, addressing the most relevant challenges of the industry and contributing to the development of advanced technological solutions that promote more efficient and sustainable mobility.<\/p>\t\t\t\t\t\t\t\t<\/div>\n\t\t\t\t<\/div>\n\t\t\t\t\t<\/div>\n\t\t\t\t<\/div>\n\t\t<div class=\"elementor-element elementor-element-361f009 e-flex e-con-boxed e-con e-parent\" data-id=\"361f009\" data-element_type=\"container\" data-e-type=\"container\">\n\t\t\t\t\t<div class=\"e-con-inner\">\n\t\t\t\t<div class=\"elementor-element elementor-element-c4d2dbe elementor-widget__width-initial elementor-widget elementor-widget-heading\" data-id=\"c4d2dbe\" data-element_type=\"widget\" data-e-type=\"widget\" data-widget_type=\"heading.default\">\n\t\t\t\t<div class=\"elementor-widget-container\">\n\t\t\t\t\t<h3 class=\"elementor-heading-title elementor-size-default\">Workshop 5: Fermentation process and industrial waste upcycling by industrial microorganisms<\/h3>\t\t\t\t<\/div>\n\t\t\t\t<\/div>\n\t\t\t\t\t<\/div>\n\t\t\t\t<\/div>\n\t\t<div class=\"elementor-element elementor-element-1974ba8 e-flex e-con-boxed e-con e-parent\" data-id=\"1974ba8\" data-element_type=\"container\" data-e-type=\"container\">\n\t\t\t\t\t<div class=\"e-con-inner\">\n\t\t\t\t<div class=\"elementor-element elementor-element-740333b elementor-widget elementor-widget-text-editor\" data-id=\"740333b\" data-element_type=\"widget\" data-e-type=\"widget\" data-widget_type=\"text-editor.default\">\n\t\t\t\t<div class=\"elementor-widget-container\">\n\t\t\t\t\t\t\t\t\t<p><strong data-start=\"2711\" data-end=\"2723\">Content:<\/strong> This workshop will explore the use of industrial microorganisms in fermentation processes and their role in upcycling industrial waste streams into value-added products. The session will begin with an introduction to the fundamentals of microbial fermentation, including metabolic pathways and process optimization. Emphasis will be placed on sustainable practices that transform agro-industrial residues and by-products into biofuels, bioplastics, and other bioproducts. Participants will also review advances in bioprocess engineering, bioreactor design, and microbial strain development. Case studies will highlight successful applications of waste valorization through microbial technologies.<\/p>\t\t\t\t\t\t\t\t<\/div>\n\t\t\t\t<\/div>\n\t\t\t\t\t<\/div>\n\t\t\t\t<\/div>\n\t\t<div class=\"elementor-element elementor-element-ea70736 e-flex e-con-boxed e-con e-parent\" data-id=\"ea70736\" data-element_type=\"container\" data-e-type=\"container\">\n\t\t\t\t\t<div class=\"e-con-inner\">\n\t\t<div class=\"elementor-element elementor-element-9a13601 e-con-full e-flex e-con e-child\" data-id=\"9a13601\" data-element_type=\"container\" data-e-type=\"container\">\n\t\t\t\t<div class=\"elementor-element elementor-element-fb04e8f elementor-widget elementor-widget-image\" data-id=\"fb04e8f\" data-element_type=\"widget\" data-e-type=\"widget\" data-widget_type=\"image.default\">\n\t\t\t\t<div class=\"elementor-widget-container\">\n\t\t\t\t\t\t\t\t\t\t\t\t\t\t\t<img loading=\"lazy\" decoding=\"async\" width=\"225\" height=\"300\" src=\"https:\/\/citis.ups.edu.ec\/wp-content\/uploads\/sites\/5\/2025\/09\/IMG_4024-225x300.jpeg\" class=\"attachment-medium size-medium wp-image-9504\" alt=\"\" srcset=\"https:\/\/citis.ups.edu.ec\/wp-content\/uploads\/sites\/5\/2025\/09\/IMG_4024-225x300.jpeg 225w, https:\/\/citis.ups.edu.ec\/wp-content\/uploads\/sites\/5\/2025\/09\/IMG_4024-768x1024.jpeg 768w, https:\/\/citis.ups.edu.ec\/wp-content\/uploads\/sites\/5\/2025\/09\/IMG_4024-9x12.jpeg 9w, https:\/\/citis.ups.edu.ec\/wp-content\/uploads\/sites\/5\/2025\/09\/IMG_4024.jpeg 960w\" sizes=\"(max-width: 225px) 100vw, 225px\" \/>\t\t\t\t\t\t\t\t\t\t\t\t\t\t\t<\/div>\n\t\t\t\t<\/div>\n\t\t\t\t<\/div>\n\t\t<div class=\"elementor-element elementor-element-115948c e-con-full e-flex e-con e-child\" data-id=\"115948c\" data-element_type=\"container\" data-e-type=\"container\">\n\t\t\t\t<div class=\"elementor-element elementor-element-e0f4ca9 elementor-widget__width-initial elementor-widget elementor-widget-text-editor\" data-id=\"e0f4ca9\" data-element_type=\"widget\" data-e-type=\"widget\" data-widget_type=\"text-editor.default\">\n\t\t\t\t<div class=\"elementor-widget-container\">\n\t\t\t\t\t\t\t\t\t<p><a href=\"https:\/\/scholar.google.com.ec\/citations?hl=en&amp;user=xNq1Q6EAAAAJ\" target=\"_blank\" rel=\"noopener\">Prof. Alejandra De la Cruz<\/a> is a Natural Resources Biotechnology Engineer (2019) from the Universidad Polit\u00e9cnica Salesiana and a Master&#8217;s degree in Industrial Engineering with a mention in Quality and Productivity (2022) from the Universidad San Francisco de Quito. She currently serves as Laboratory Coordinator and Professor in the Biotechnology Program at the Universidad Polit\u00e9cnica Salesiana in Guayaquil. Her experience and knowledge have positioned her as an active member of the Research Group in Biotechnology Applications (GIAB), where she contributes her expertise as Director for the project: &#8220;Physicochemical and microbiological characterization of artisanal beers produced in Ecuador&#8221;. Throughout her professional career, she has actively participated in research and development projects in the field of applied sciences to biological resources for both private companies and the public sector, with a focus on optimizing biotechnological processes to obtain high-value-added services and products.<\/p>\t\t\t\t\t\t\t\t<\/div>\n\t\t\t\t<\/div>\n\t\t\t\t<\/div>\n\t\t\t\t\t<\/div>\n\t\t\t\t<\/div>\n\t\t<div class=\"elementor-element elementor-element-8e16623 e-flex e-con-boxed e-con e-parent\" data-id=\"8e16623\" data-element_type=\"container\" data-e-type=\"container\">\n\t\t\t\t\t<div class=\"e-con-inner\">\n\t\t\t\t<div class=\"elementor-element elementor-element-af57983 elementor-widget elementor-widget-heading\" data-id=\"af57983\" data-element_type=\"widget\" data-e-type=\"widget\" data-widget_type=\"heading.default\">\n\t\t\t\t<div class=\"elementor-widget-container\">\n\t\t\t\t\t<h3 class=\"elementor-heading-title elementor-size-default\">Workshop 6: Exploring Industrial and Commercial Microgrids: Regulation and Opportunities for the Energy Future<\/h3>\t\t\t\t<\/div>\n\t\t\t\t<\/div>\n\t\t\t\t\t<\/div>\n\t\t\t\t<\/div>\n\t\t<div class=\"elementor-element elementor-element-87edbaf e-flex e-con-boxed e-con e-parent\" data-id=\"87edbaf\" data-element_type=\"container\" data-e-type=\"container\">\n\t\t\t\t\t<div class=\"e-con-inner\">\n\t\t\t\t<div class=\"elementor-element elementor-element-90c0d80 elementor-widget elementor-widget-text-editor\" data-id=\"90c0d80\" data-element_type=\"widget\" data-e-type=\"widget\" data-widget_type=\"text-editor.default\">\n\t\t\t\t<div class=\"elementor-widget-container\">\n\t\t\t\t\t\t\t\t\t<p><strong data-start=\"3538\" data-end=\"3550\">Content:<\/strong> This workshop will provide an overview of industrial and commercial microgrids, examining their technological foundations, regulatory frameworks, and opportunities for advancing the energy transition. The session will discuss microgrid components, control strategies, and integration of renewable energy sources and storage systems. Attention will be given to regulatory challenges and market mechanisms that enable microgrid deployment in different regions. The workshop will also explore business models, resilience benefits, and the role of microgrids in supporting sustainable, decentralized energy systems. Practical examples will be presented to illustrate opportunities for industrial and commercial stakeholders in shaping the future of energy.<\/p>\t\t\t\t\t\t\t\t<\/div>\n\t\t\t\t<\/div>\n\t\t\t\t\t<\/div>\n\t\t\t\t<\/div>\n\t\t<div class=\"elementor-element elementor-element-08ccaa7 e-flex e-con-boxed e-con e-parent\" data-id=\"08ccaa7\" data-element_type=\"container\" data-e-type=\"container\">\n\t\t\t\t\t<div class=\"e-con-inner\">\n\t\t<div class=\"elementor-element elementor-element-8cf00c7 e-con-full e-flex e-con e-child\" data-id=\"8cf00c7\" data-element_type=\"container\" data-e-type=\"container\">\n\t\t\t\t<div class=\"elementor-element elementor-element-4214396 elementor-widget elementor-widget-image\" data-id=\"4214396\" data-element_type=\"widget\" data-e-type=\"widget\" data-widget_type=\"image.default\">\n\t\t\t\t<div class=\"elementor-widget-container\">\n\t\t\t\t\t\t\t\t\t\t\t\t\t\t\t<img loading=\"lazy\" decoding=\"async\" width=\"300\" height=\"300\" src=\"https:\/\/citis.ups.edu.ec\/wp-content\/uploads\/sites\/5\/2025\/09\/Marcelo-1-300x300.jpg\" class=\"attachment-medium size-medium wp-image-9514\" alt=\"\" srcset=\"https:\/\/citis.ups.edu.ec\/wp-content\/uploads\/sites\/5\/2025\/09\/Marcelo-1-300x300.jpg 300w, https:\/\/citis.ups.edu.ec\/wp-content\/uploads\/sites\/5\/2025\/09\/Marcelo-1-150x150.jpg 150w, https:\/\/citis.ups.edu.ec\/wp-content\/uploads\/sites\/5\/2025\/09\/Marcelo-1-12x12.jpg 12w, https:\/\/citis.ups.edu.ec\/wp-content\/uploads\/sites\/5\/2025\/09\/Marcelo-1.jpg 591w\" sizes=\"(max-width: 300px) 100vw, 300px\" \/>\t\t\t\t\t\t\t\t\t\t\t\t\t\t\t<\/div>\n\t\t\t\t<\/div>\n\t\t\t\t<\/div>\n\t\t<div class=\"elementor-element elementor-element-931e402 e-con-full e-flex e-con e-child\" data-id=\"931e402\" data-element_type=\"container\" data-e-type=\"container\">\n\t\t\t\t<div class=\"elementor-element elementor-element-db323dd elementor-widget elementor-widget-text-editor\" data-id=\"db323dd\" data-element_type=\"widget\" data-e-type=\"widget\" data-widget_type=\"text-editor.default\">\n\t\t\t\t<div class=\"elementor-widget-container\">\n\t\t\t\t\t\t\t\t\t<p><a href=\"https:\/\/scholar.google.com.ec\/citations?user=FOByneAAAAAJ&amp;hl=en\" target=\"_blank\" rel=\"noopener\">Edwin Marcelo Garcia Torres<\/a> Ph.D. from Universidad Pontificia Bolivariana (Medell\u00edn &#8211; Colombia), Master in Transmission and Distribution Engineering from Universidad Pontificia Bolivariana, Master in Energy Management from Universidad T\u00e9cnica de Cotopaxi (Latacunga &#8211; Ecuador), Electrical Engineer graduated from Universidad Polit\u00e9cnica Salesiana (Quito &#8211; Ecuador), has been associated researcher at Instituto Nacional de Eficiencia Energ\u00e9tica y Energ\u00eda Renovables del Ecuador (INER), member of the Research Group on Smart Grids (GIREI) &#8211; UPS, has generated several publications indexed in scopus, has been a reviewer of scientific articles in different indexed journals, principal investigator in several projects within the GIREI group, associate researcher in the T&amp;I Group (transmission and distribution) of the Universidad Pontificia Bolivariana in Micro-grids, is Professor and Researcher at Universidad Polit\u00e9cnica Salesiana, current area of interest is the solution of problems associated with energy management and demand response in smart micro-grids.<\/p>\t\t\t\t\t\t\t\t<\/div>\n\t\t\t\t<\/div>\n\t\t\t\t<\/div>\n\t\t\t\t\t<\/div>\n\t\t\t\t<\/div>\n\t\t<div class=\"elementor-element elementor-element-66d8a6d e-flex e-con-boxed e-con e-parent\" data-id=\"66d8a6d\" data-element_type=\"container\" data-e-type=\"container\">\n\t\t\t\t\t<div class=\"e-con-inner\">\n\t\t\t\t<div class=\"elementor-element elementor-element-fd50c39 elementor-widget elementor-widget-heading\" data-id=\"fd50c39\" data-element_type=\"widget\" data-e-type=\"widget\" data-widget_type=\"heading.default\">\n\t\t\t\t<div class=\"elementor-widget-container\">\n\t\t\t\t\t<h2 class=\"elementor-heading-title elementor-size-default\">KEYNOTE SPEECHES<\/h2>\t\t\t\t<\/div>\n\t\t\t\t<\/div>\n\t\t\t\t\t<\/div>\n\t\t\t\t<\/div>\n\t\t<div class=\"elementor-element elementor-element-9034595 e-flex e-con-boxed e-con e-parent\" data-id=\"9034595\" data-element_type=\"container\" data-e-type=\"container\">\n\t\t\t\t\t<div class=\"e-con-inner\">\n\t\t\t\t<div class=\"elementor-element elementor-element-f8a5f13 elementor-widget elementor-widget-text-editor\" data-id=\"f8a5f13\" data-element_type=\"widget\" data-e-type=\"widget\" data-widget_type=\"text-editor.default\">\n\t\t\t\t<div class=\"elementor-widget-container\">\n\t\t\t\t\t\t\t\t\t<p><strong><a href=\"https:\/\/scholar.google.com\/citations?user=9fkTZQgAAAAJ&amp;hl=en\" target=\"_blank\" rel=\"noopener\">Prof. Gonzalo Garc\u00eda-Fern\u00e1ndez<\/a> \u2013 Polytechnic University of Madrid (UPM), Spain.<\/strong><\/p>\t\t\t\t\t\t\t\t<\/div>\n\t\t\t\t<\/div>\n\t\t\t\t\t<\/div>\n\t\t\t\t<\/div>\n\t\t<div class=\"elementor-element elementor-element-b5ff533 e-flex e-con-boxed e-con e-parent\" data-id=\"b5ff533\" data-element_type=\"container\" data-e-type=\"container\">\n\t\t\t\t\t<div class=\"e-con-inner\">\n\t\t<div class=\"elementor-element elementor-element-77009af e-con-full e-flex e-con e-child\" data-id=\"77009af\" data-element_type=\"container\" data-e-type=\"container\">\n\t\t\t\t<div class=\"elementor-element elementor-element-2bd2bfb elementor-widget elementor-widget-image\" data-id=\"2bd2bfb\" data-element_type=\"widget\" data-e-type=\"widget\" data-widget_type=\"image.default\">\n\t\t\t\t<div class=\"elementor-widget-container\">\n\t\t\t\t\t\t\t\t\t\t\t\t\t\t\t<img loading=\"lazy\" decoding=\"async\" width=\"347\" height=\"412\" src=\"https:\/\/citis.ups.edu.ec\/wp-content\/uploads\/sites\/5\/2025\/09\/gon-2022.jpg\" class=\"attachment-large size-large wp-image-9543\" alt=\"\" srcset=\"https:\/\/citis.ups.edu.ec\/wp-content\/uploads\/sites\/5\/2025\/09\/gon-2022.jpg 347w, https:\/\/citis.ups.edu.ec\/wp-content\/uploads\/sites\/5\/2025\/09\/gon-2022-253x300.jpg 253w, https:\/\/citis.ups.edu.ec\/wp-content\/uploads\/sites\/5\/2025\/09\/gon-2022-10x12.jpg 10w\" sizes=\"(max-width: 347px) 100vw, 347px\" \/>\t\t\t\t\t\t\t\t\t\t\t\t\t\t\t<\/div>\n\t\t\t\t<\/div>\n\t\t\t\t<\/div>\n\t\t<div class=\"elementor-element elementor-element-880a5a9 e-con-full e-flex e-con e-child\" data-id=\"880a5a9\" data-element_type=\"container\" data-e-type=\"container\">\n\t\t\t\t<div class=\"elementor-element elementor-element-76b6dca elementor-widget elementor-widget-text-editor\" data-id=\"76b6dca\" data-element_type=\"widget\" data-e-type=\"widget\" data-widget_type=\"text-editor.default\">\n\t\t\t\t<div class=\"elementor-widget-container\">\n\t\t\t\t\t\t\t\t\t<p>Gonzalo is professor and researcher in nuclear technology and radiation protection at Technical University of Madrid (UPM), since 2017, specialized in the application of radiation to medicine and in proton therapy centers. Previously, from 1994, he developed his professional career as project manager in international projects in fields as healthcare facilities, roads, energy efficiency, radiation protection and shielding, industrial facilities, research and education. His education includes Ph.D Industrial Engineering (UPM) in Sustainable, Nuclear and Renewable Energy, Master in Nuclear Science and Technology (UPM), Mechanical and Industrial Engineer (UPM), and Business Management (PADE-IESE). He is a Spanish Chartered Professional Engineer (PE) with professional accreditations in radiation protection by Nuclear Council of Spain (CSN), project management (PMP by PMI), and energy sustainability (CEM by AEE). He has more than sixty publications in journals, proceedings and books, a hundred of presentations at international conferences and congresses, and he has mentored more than thirty Final Master Thesis and Final Degree Works.<\/p>\t\t\t\t\t\t\t\t<\/div>\n\t\t\t\t<\/div>\n\t\t\t\t<\/div>\n\t\t\t\t\t<\/div>\n\t\t\t\t<\/div>\n\t\t<div class=\"elementor-element elementor-element-d157dd5 e-flex e-con-boxed e-con e-parent\" data-id=\"d157dd5\" data-element_type=\"container\" data-e-type=\"container\">\n\t\t\t\t\t<div class=\"e-con-inner\">\n\t\t\t\t<div class=\"elementor-element elementor-element-7b6b7b4 elementor-widget elementor-widget-text-editor\" data-id=\"7b6b7b4\" data-element_type=\"widget\" data-e-type=\"widget\" data-widget_type=\"text-editor.default\">\n\t\t\t\t<div class=\"elementor-widget-container\">\n\t\t\t\t\t\t\t\t\t<p><strong><a href=\"https:\/\/scholar.google.com\/citations?hl=en&amp;user=JXGOwl4AAAAJ\" target=\"_blank\" rel=\"noopener\">Prof. Fausto Pedro Garc\u00eda M\u00e1rquez<\/a> \u2013 Castilla-La Mancha University (UCLM), Spain<\/strong><\/p>\t\t\t\t\t\t\t\t<\/div>\n\t\t\t\t<\/div>\n\t\t\t\t\t<\/div>\n\t\t\t\t<\/div>\n\t\t<div class=\"elementor-element elementor-element-a80635b e-flex e-con-boxed e-con e-parent\" data-id=\"a80635b\" data-element_type=\"container\" data-e-type=\"container\">\n\t\t\t\t\t<div class=\"e-con-inner\">\n\t\t<div class=\"elementor-element elementor-element-0b1a47b e-con-full e-flex e-con e-child\" data-id=\"0b1a47b\" data-element_type=\"container\" data-e-type=\"container\">\n\t\t\t\t<div class=\"elementor-element elementor-element-f7fd3ed elementor-widget elementor-widget-image\" data-id=\"f7fd3ed\" data-element_type=\"widget\" data-e-type=\"widget\" data-widget_type=\"image.default\">\n\t\t\t\t<div class=\"elementor-widget-container\">\n\t\t\t\t\t\t\t\t\t\t\t\t\t\t\t<img loading=\"lazy\" decoding=\"async\" width=\"305\" height=\"328\" src=\"https:\/\/citis.ups.edu.ec\/wp-content\/uploads\/sites\/5\/2025\/09\/Fausto-1.jpg\" class=\"attachment-large size-large wp-image-9550\" alt=\"\" srcset=\"https:\/\/citis.ups.edu.ec\/wp-content\/uploads\/sites\/5\/2025\/09\/Fausto-1.jpg 305w, https:\/\/citis.ups.edu.ec\/wp-content\/uploads\/sites\/5\/2025\/09\/Fausto-1-279x300.jpg 279w, https:\/\/citis.ups.edu.ec\/wp-content\/uploads\/sites\/5\/2025\/09\/Fausto-1-11x12.jpg 11w\" sizes=\"(max-width: 305px) 100vw, 305px\" \/>\t\t\t\t\t\t\t\t\t\t\t\t\t\t\t<\/div>\n\t\t\t\t<\/div>\n\t\t\t\t<\/div>\n\t\t<div class=\"elementor-element elementor-element-6bc5459 e-con-full e-flex e-con e-child\" data-id=\"6bc5459\" data-element_type=\"container\" data-e-type=\"container\">\n\t\t\t\t<div class=\"elementor-element elementor-element-2c07fc5 elementor-widget elementor-widget-text-editor\" data-id=\"2c07fc5\" data-element_type=\"widget\" data-e-type=\"widget\" data-widget_type=\"text-editor.default\">\n\t\t\t\t<div class=\"elementor-widget-container\">\n\t\t\t\t\t\t\t\t\t<p>Fausto works at UCLM as a\u00a0<strong>Full Professor<\/strong>\u00a0(Accredited as Full Professor from 2013), Spain, an\u00a0<strong>Honorary Senior Research Fellow at Birmingham University<\/strong>, UK, a\u00a0<strong>Lecturer at the Postgraduate European Institute<\/strong>, a Research Fellow at\u00a0<strong>INTI International University &amp; Colleges<\/strong>, Malaysia, and has been\u00a0<strong>Senior Manager in Accenture<\/strong> (2013-2014). He obtained his European PhD with maximum distinction. He has been <strong>distinguished<\/strong>\u00a0<strong>with the prices<\/strong>: Runner Prize (2023), Nominate Prize (2022), Gran Maestre (2022), Grand Prize (2021), Runner Prize (2020) and Advancement Prize (2018), Runner (2015), Advancement (2013) and Silver (2012) by the International Society of Management Science and Engineering Management (ICMSEM), First International Business Ideas Competition 2017 Award (2017), etc. \u00a0<strong>He has published more than 280 journal papers<\/strong> (187 JCR: 88-Q1; 52-Q2; 38-Q3; 9-Q4).<\/p>\t\t\t\t\t\t\t\t<\/div>\n\t\t\t\t<\/div>\n\t\t\t\t<\/div>\n\t\t\t\t\t<\/div>\n\t\t\t\t<\/div>\n\t\t<div class=\"elementor-element elementor-element-4ff73f8 e-flex e-con-boxed e-con e-parent\" data-id=\"4ff73f8\" data-element_type=\"container\" data-e-type=\"container\">\n\t\t\t\t\t<div class=\"e-con-inner\">\n\t\t\t\t<div class=\"elementor-element elementor-element-ca779ad elementor-widget elementor-widget-text-editor\" data-id=\"ca779ad\" data-element_type=\"widget\" data-e-type=\"widget\" data-widget_type=\"text-editor.default\">\n\t\t\t\t<div class=\"elementor-widget-container\">\n\t\t\t\t\t\t\t\t\t<p>Some recognized as: \u201cProgress in Photovoltaics: Research and Applications\u201d (Q1, IF. 8.49, one of the most downloaded in first 12 months of publications, 2023),\u00a0 \u201cApplied Energy\u201d (Q1, IF 9.746, as \u201cBest Paper 2020\u201d), \u201cRenewable Energy\u201d (Q1, IF 8.001, as \u201cBest Paper 2014\u201d); \u201cICMSEM\u201d (as \u201cexcellent\u201d), \u201cInt. J. of Automation and Computing\u201d and \u201cIMechE Part F: J. of Rail and Rapid Transit\u201d (most downloaded), etc. He is the author and editor of over <strong>54 books<\/strong>\u00a0(Elsevier, Springer, Pearson, Mc-GrawHill, Intech, IGI, Marcombo, AlfaOmega,\u2026), &gt;115 international chapters, and 6 patents. He is the Editor of 5 Int. Journals, Committee Member more than 70 Int. Conferences. He has been the\u00a0<strong>Principal Investigator in 4 European Projects, 8 National Projects, and more than 150 projects for Universities, Companies, etc<\/strong>. His main interests are: Artificial Intelligence, Maintenance, Management, Renewable Energy, Transport, Advanced Analytics, and Data Science.<\/p><p>He is being:<\/p><ul><li>Expert in the European Union in\u00a0<a href=\"https:\/\/www.eismd.eu\/ai4people\/committees\/committee-on-energy\/\">AI4People<\/a>(<a href=\"https:\/\/www.eismd.eu\/\">EISMD<\/a>), and\u00a0<a href=\"https:\/\/www.esf.org\/\">ESF<\/a>.<\/li><li><strong>Director of\u00a0<\/strong><a href=\"http:\/\/ingeniumgroup.eu\/\"><strong>www.ingeniumgroup.eu<\/strong><\/a><strong>.<\/strong><\/li><li>Senior Member at\u00a0<a href=\"https:\/\/www.ieee.org\/\">IEEE<\/a>, 2021-\u2026<\/li><li>Honoured Honourary Member of the Research Council of Indian Institute of Finance, 2021-\u2026<\/li><li>Committee Chair of The International Society for Management Science and Engineering Management (ISMSEM), 2020-\u2026<\/li><li>Research Fellow at\u00a0<strong>INTI International University&amp;Colleges<\/strong>, Malaysia, from 2023-\u2026<\/li><li>Visiting Professor at\u00a0<strong>Sheyang University (China)<\/strong>from 2024-2027<\/li><\/ul>\t\t\t\t\t\t\t\t<\/div>\n\t\t\t\t<\/div>\n\t\t\t\t\t<\/div>\n\t\t\t\t<\/div>\n\t\t<div class=\"elementor-element elementor-element-a3e4753 e-flex e-con-boxed e-con e-parent\" data-id=\"a3e4753\" data-element_type=\"container\" data-e-type=\"container\">\n\t\t\t\t\t<div class=\"e-con-inner\">\n\t\t\t\t<div class=\"elementor-element elementor-element-a335b9a elementor-widget elementor-widget-text-editor\" data-id=\"a335b9a\" data-element_type=\"widget\" data-e-type=\"widget\" data-widget_type=\"text-editor.default\">\n\t\t\t\t<div class=\"elementor-widget-container\">\n\t\t\t\t\t\t\t\t\t<p><strong><a href=\"https:\/\/scholar.google.com\/citations?user=z3__bkYAAAAJ&amp;hl=es\" target=\"_blank\" rel=\"noopener\">Prof. H\u00e9ctor Ren\u00e9 Vega-Carrillo<\/a> \u2013 Universidad Aut\u00f3noma de Zacatecas (UAZ), Mexico<\/strong><\/p>\t\t\t\t\t\t\t\t<\/div>\n\t\t\t\t<\/div>\n\t\t\t\t\t<\/div>\n\t\t\t\t<\/div>\n\t\t<div class=\"elementor-element elementor-element-abae8fb e-flex e-con-boxed e-con e-parent\" data-id=\"abae8fb\" data-element_type=\"container\" data-e-type=\"container\">\n\t\t\t\t\t<div class=\"e-con-inner\">\n\t\t<div class=\"elementor-element elementor-element-4eb7448 e-con-full e-flex e-con e-child\" data-id=\"4eb7448\" data-element_type=\"container\" data-e-type=\"container\">\n\t\t\t\t<div class=\"elementor-element elementor-element-bcfcf3d elementor-widget elementor-widget-image\" data-id=\"bcfcf3d\" data-element_type=\"widget\" data-e-type=\"widget\" data-widget_type=\"image.default\">\n\t\t\t\t<div class=\"elementor-widget-container\">\n\t\t\t\t\t\t\t\t\t\t\t\t\t\t\t<img loading=\"lazy\" decoding=\"async\" width=\"331\" height=\"348\" src=\"https:\/\/citis.ups.edu.ec\/wp-content\/uploads\/sites\/5\/2025\/09\/800x300-Art-1710-2Nov.jpg\" class=\"attachment-large size-large wp-image-9554\" alt=\"\" srcset=\"https:\/\/citis.ups.edu.ec\/wp-content\/uploads\/sites\/5\/2025\/09\/800x300-Art-1710-2Nov.jpg 331w, https:\/\/citis.ups.edu.ec\/wp-content\/uploads\/sites\/5\/2025\/09\/800x300-Art-1710-2Nov-285x300.jpg 285w, https:\/\/citis.ups.edu.ec\/wp-content\/uploads\/sites\/5\/2025\/09\/800x300-Art-1710-2Nov-11x12.jpg 11w\" sizes=\"(max-width: 331px) 100vw, 331px\" \/>\t\t\t\t\t\t\t\t\t\t\t\t\t\t\t<\/div>\n\t\t\t\t<\/div>\n\t\t\t\t<\/div>\n\t\t<div class=\"elementor-element elementor-element-66e7d30 e-con-full e-flex e-con e-child\" data-id=\"66e7d30\" data-element_type=\"container\" data-e-type=\"container\">\n\t\t\t\t<div class=\"elementor-element elementor-element-4babda4 elementor-widget elementor-widget-text-editor\" data-id=\"4babda4\" data-element_type=\"widget\" data-e-type=\"widget\" data-widget_type=\"text-editor.default\">\n\t\t\t\t<div class=\"elementor-widget-container\">\n\t\t\t\t\t\t\t\t\t<p>Hector Rene Vega-Carrillo, has a large experience in research and teaching in Nuclear Sciences. His research interests include experimental and computational spectrometry, dosimetry of neutrons and gamma-rays, and design of subcritical nuclear reactors using uranium and thorium as nuclear fuel. He has published more than 200 papers in scientific journals and more than 40 books. He participated in several scientific meetings presenting more than 450 papers.<\/p><p>From 2005 up to 2020 Dr. Vega-Carrillo was Chairperson of the International Scientific Committen Chairperson of the International Symposium on Solid State Dosimetry (ISSSD). In extenso papers published in the ISSSD electronic proccedings are uploaded at the International Nuclear Information System of the <a href=\"https:\/\/inis.iaea.org\/search\/search.aspx?orig_q=ISSSD&amp;src=ics\" target=\"_blank\" rel=\"noopener\">International Atomic Energy Agency (INIS-IAEA)<\/a>.<\/p>\t\t\t\t\t\t\t\t<\/div>\n\t\t\t\t<\/div>\n\t\t\t\t<\/div>\n\t\t\t\t\t<\/div>\n\t\t\t\t<\/div>\n\t\t<div class=\"elementor-element elementor-element-3549920 e-flex e-con-boxed e-con e-parent\" data-id=\"3549920\" data-element_type=\"container\" data-e-type=\"container\">\n\t\t\t\t\t<div class=\"e-con-inner\">\n\t\t\t\t<div class=\"elementor-element elementor-element-ddbad9c elementor-widget elementor-widget-text-editor\" data-id=\"ddbad9c\" data-element_type=\"widget\" data-e-type=\"widget\" data-widget_type=\"text-editor.default\">\n\t\t\t\t<div class=\"elementor-widget-container\">\n\t\t\t\t\t\t\t\t\t<p>In addition, a set of presented papers is published in Elsevier\u00b4s journal Applied Radiation and Isotopes. Dr. Vega-Carrillo has been invited as a professor to universities in Mexico, Ecuador, Spain, Colombia and Peru. From 1981 to 2023 he was faculty member at the Universidad Autonoma de Zacatecas, and liason officer by Mexico at the Nuclear Energy Agency. He was the co-founder of the Irradiation and Dosimetry Mexican Society (SMID, AC).<\/p><p>Professor Vega-Carrillo is a member of the editorial board as managing editor of Applied Radiation and Isotopes and a member of the editorial board of Radiation Physics and Engineering.<\/p>\t\t\t\t\t\t\t\t<\/div>\n\t\t\t\t<\/div>\n\t\t\t\t\t<\/div>\n\t\t\t\t<\/div>\n\t\t<div class=\"elementor-element elementor-element-e9181ee e-flex e-con-boxed e-con e-parent\" data-id=\"e9181ee\" data-element_type=\"container\" data-e-type=\"container\">\n\t\t\t\t\t<div class=\"e-con-inner\">\n\t\t\t\t<div class=\"elementor-element elementor-element-a1e7d2b elementor-widget elementor-widget-text-editor\" data-id=\"a1e7d2b\" data-element_type=\"widget\" data-e-type=\"widget\" data-widget_type=\"text-editor.default\">\n\t\t\t\t<div class=\"elementor-widget-container\">\n\t\t\t\t\t\t\t\t\t<p><strong><a href=\"https:\/\/scholar.google.com\/citations?hl=en&amp;user=g-S8K0YAAAAJ\" target=\"_blank\" rel=\"noopener\">Prof. Natalia Gaviria-G\u00f3mez<\/a> \u2013 Universidad de Antoquia, Colombia<\/strong><\/p>\t\t\t\t\t\t\t\t<\/div>\n\t\t\t\t<\/div>\n\t\t\t\t\t<\/div>\n\t\t\t\t<\/div>\n\t\t<div class=\"elementor-element elementor-element-443d36f e-flex e-con-boxed e-con e-parent\" data-id=\"443d36f\" data-element_type=\"container\" data-e-type=\"container\">\n\t\t\t\t\t<div class=\"e-con-inner\">\n\t\t<div class=\"elementor-element elementor-element-b176476 e-con-full e-flex e-con e-child\" data-id=\"b176476\" data-element_type=\"container\" data-e-type=\"container\">\n\t\t\t\t<div class=\"elementor-element elementor-element-aa6da71 elementor-widget__width-initial elementor-widget elementor-widget-image\" data-id=\"aa6da71\" data-element_type=\"widget\" data-e-type=\"widget\" data-widget_type=\"image.default\">\n\t\t\t\t<div class=\"elementor-widget-container\">\n\t\t\t\t\t\t\t\t\t\t\t\t\t\t\t<img loading=\"lazy\" decoding=\"async\" width=\"205\" height=\"192\" src=\"https:\/\/citis.ups.edu.ec\/wp-content\/uploads\/sites\/5\/2025\/09\/Foto-1.png\" class=\"attachment-medium size-medium wp-image-9558\" alt=\"\" srcset=\"https:\/\/citis.ups.edu.ec\/wp-content\/uploads\/sites\/5\/2025\/09\/Foto-1.png 205w, https:\/\/citis.ups.edu.ec\/wp-content\/uploads\/sites\/5\/2025\/09\/Foto-1-13x12.png 13w\" sizes=\"(max-width: 205px) 100vw, 205px\" \/>\t\t\t\t\t\t\t\t\t\t\t\t\t\t\t<\/div>\n\t\t\t\t<\/div>\n\t\t\t\t<\/div>\n\t\t<div class=\"elementor-element elementor-element-7729530 e-con-full e-flex e-con e-child\" data-id=\"7729530\" data-element_type=\"container\" data-e-type=\"container\">\n\t\t\t\t<div class=\"elementor-element elementor-element-eb2cd19 elementor-widget elementor-widget-text-editor\" data-id=\"eb2cd19\" data-element_type=\"widget\" data-e-type=\"widget\" data-widget_type=\"text-editor.default\">\n\t\t\t\t<div class=\"elementor-widget-container\">\n\t\t\t\t\t\t\t\t\t<p><span data-olk-copy-source=\"MessageBody\">Natalia Gaviria G\u00f3mez is an Associate Professor in the Department of Electronic Engineering at the University of Antioquia. She earned her PhD in Electrical and Computer Engineering from the University of Arizona in 2006 and an MSc in Electrical Engineering from the University of Los Andes in 2000. Natalia has held significant roles such as Scientific Director at the University Research Center and Head of Research and Graduate Studies at the Faculty of Engineering at the University of Antioquia.\u00a0<\/span><\/p>\t\t\t\t\t\t\t\t<\/div>\n\t\t\t\t<\/div>\n\t\t\t\t<\/div>\n\t\t\t\t\t<\/div>\n\t\t\t\t<\/div>\n\t\t<div class=\"elementor-element elementor-element-f70d766 e-flex e-con-boxed e-con e-parent\" data-id=\"f70d766\" data-element_type=\"container\" data-e-type=\"container\">\n\t\t\t\t\t<div class=\"e-con-inner\">\n\t\t\t\t<div class=\"elementor-element elementor-element-9a9daa9 elementor-widget elementor-widget-text-editor\" data-id=\"9a9daa9\" data-element_type=\"widget\" data-e-type=\"widget\" data-widget_type=\"text-editor.default\">\n\t\t\t\t<div class=\"elementor-widget-container\">\n\t\t\t\t\t\t\t\t\t<p><span data-olk-copy-source=\"MessageBody\">She has supervised theses for 5 doctoral students and 15 master&#8217;s students, making substantial contributions to their academic and technical advancement. Natalia has authored numerous publications in prestigious journals and conferences, covering topics from energy efficiency to cybersecurity in critical infrastructures. Her research areas include energy sustainability, information and communications technologies, technology in education, and cyber risk management. Additionally, Natalia is an active volunteer at IEEE, where she currently chairs the communications chapter in Colombia, highlighting her commitment to the promotion and development of engineering at both national and international levels.<\/span><\/p>\t\t\t\t\t\t\t\t<\/div>\n\t\t\t\t<\/div>\n\t\t\t\t\t<\/div>\n\t\t\t\t<\/div>\n\t\t<div class=\"elementor-element elementor-element-0be8e67 e-flex e-con-boxed e-con e-parent\" data-id=\"0be8e67\" data-element_type=\"container\" data-e-type=\"container\">\n\t\t\t\t\t<div class=\"e-con-inner\">\n\t\t\t\t<div class=\"elementor-element elementor-element-86cdc55 elementor-widget elementor-widget-text-editor\" data-id=\"86cdc55\" data-element_type=\"widget\" data-e-type=\"widget\" data-widget_type=\"text-editor.default\">\n\t\t\t\t<div class=\"elementor-widget-container\">\n\t\t\t\t\t\t\t\t\t<p><strong><a href=\"https:\/\/scholar.google.com\/citations?user=J7QHtCIAAAAJ&amp;hl=es\" target=\"_blank\" rel=\"noopener\">Prof. C\u00e9sar Diaz-Londono<\/a> \u2013 Politecnico di Milano, Italia<\/strong><\/p>\t\t\t\t\t\t\t\t<\/div>\n\t\t\t\t<\/div>\n\t\t\t\t\t<\/div>\n\t\t\t\t<\/div>\n\t\t<div class=\"elementor-element elementor-element-a757e80 e-flex e-con-boxed e-con e-parent\" data-id=\"a757e80\" data-element_type=\"container\" data-e-type=\"container\">\n\t\t\t\t\t<div class=\"e-con-inner\">\n\t\t<div class=\"elementor-element elementor-element-ad18e71 e-con-full e-flex e-con e-child\" data-id=\"ad18e71\" data-element_type=\"container\" data-e-type=\"container\">\n\t\t\t\t<div class=\"elementor-element elementor-element-7199459 elementor-widget elementor-widget-image\" data-id=\"7199459\" data-element_type=\"widget\" data-e-type=\"widget\" data-widget_type=\"image.default\">\n\t\t\t\t<div class=\"elementor-widget-container\">\n\t\t\t\t\t\t\t\t\t\t\t\t\t\t\t<img loading=\"lazy\" decoding=\"async\" width=\"239\" height=\"300\" src=\"https:\/\/citis.ups.edu.ec\/wp-content\/uploads\/sites\/5\/2025\/09\/CesarDiaz-239x300.jpeg\" class=\"attachment-medium size-medium wp-image-9563\" alt=\"\" srcset=\"https:\/\/citis.ups.edu.ec\/wp-content\/uploads\/sites\/5\/2025\/09\/CesarDiaz-239x300.jpeg 239w, https:\/\/citis.ups.edu.ec\/wp-content\/uploads\/sites\/5\/2025\/09\/CesarDiaz-10x12.jpeg 10w, https:\/\/citis.ups.edu.ec\/wp-content\/uploads\/sites\/5\/2025\/09\/CesarDiaz.jpeg 490w\" sizes=\"(max-width: 239px) 100vw, 239px\" \/>\t\t\t\t\t\t\t\t\t\t\t\t\t\t\t<\/div>\n\t\t\t\t<\/div>\n\t\t\t\t<\/div>\n\t\t<div class=\"elementor-element elementor-element-ba94836 e-con-full e-flex e-con e-child\" data-id=\"ba94836\" data-element_type=\"container\" data-e-type=\"container\">\n\t\t\t\t<div class=\"elementor-element elementor-element-4feb7ea elementor-widget elementor-widget-text-editor\" data-id=\"4feb7ea\" data-element_type=\"widget\" data-e-type=\"widget\" data-widget_type=\"text-editor.default\">\n\t\t\t\t<div class=\"elementor-widget-container\">\n\t\t\t\t\t\t\t\t\t<p>Cesar Diaz-Londono is currently serving as an Assistant Professor at Politecnico di Milano in the Department of Electronics, Information, and Bioengineering. He earned his B.Sc. and M.Sc. degrees in Electronics Engineering from Pontificia Universidad Javeriana in 2014 and 2016, respectively. Cesar holds a double doctoral degree, having completed his Ph.D. in Engineering at Javeriana and the Ph.D. in Electrical, Electronics, and Communications Engineering from Politecnico di Torino in 2020. He graduated with Cum Laude honours for his master\u2019s degree, and his doctoral thesis received the highest honours. Following his academic achievements, Cesar served as a postdoctoral researcher at Politecnico di Torino in 2021. Additionally, he undertook two visiting research positions, one at Delft University of Technology in early 2024 and another at Chalmers University of Technology later that year.\u00a0<\/p>\t\t\t\t\t\t\t\t<\/div>\n\t\t\t\t<\/div>\n\t\t\t\t<\/div>\n\t\t\t\t\t<\/div>\n\t\t\t\t<\/div>\n\t\t<div class=\"elementor-element elementor-element-e36751f e-flex e-con-boxed e-con e-parent\" data-id=\"e36751f\" data-element_type=\"container\" data-e-type=\"container\">\n\t\t\t\t\t<div class=\"e-con-inner\">\n\t\t\t\t<div class=\"elementor-element elementor-element-0a1a163 elementor-widget elementor-widget-text-editor\" data-id=\"0a1a163\" data-element_type=\"widget\" data-e-type=\"widget\" data-widget_type=\"text-editor.default\">\n\t\t\t\t<div class=\"elementor-widget-container\">\n\t\t\t\t\t\t\t\t\t<p>His research expertise is centred around the integration of electric vehicles into the electrical grid. He actively engages in collaborative research projects with industry partners specialized in electric vehicle chargers. Additionally, he contributes to the development of real-time controllers for electrical grid studies. His diverse experiences have honed his skills in research, teaching, and managing both independent and team-based projects. He has also established valuable collaborative relationships with peers across various universities. Cesar is committed to advancing his career and making significant contributions to the fields of energy management and electric vehicle integration. The results of his research have been disseminated in over 35 scientific publications, including conference papers and journal articles.<\/p>\t\t\t\t\t\t\t\t<\/div>\n\t\t\t\t<\/div>\n\t\t\t\t\t<\/div>\n\t\t\t\t<\/div>\n\t\t<div class=\"elementor-element elementor-element-f149742 e-flex e-con-boxed e-con e-parent\" data-id=\"f149742\" data-element_type=\"container\" data-e-type=\"container\">\n\t\t\t\t\t<div class=\"e-con-inner\">\n\t\t\t\t<div class=\"elementor-element elementor-element-2809366 elementor-widget elementor-widget-text-editor\" data-id=\"2809366\" data-element_type=\"widget\" data-e-type=\"widget\" data-widget_type=\"text-editor.default\">\n\t\t\t\t<div class=\"elementor-widget-container\">\n\t\t\t\t\t\t\t\t\t<p><a href=\"https:\/\/scholar.google.com\/citations?hl=en&amp;user=RDByu3cAAAAJ\" target=\"_blank\" rel=\"noopener\"><strong>Prof. <\/strong><strong>Roberto Carlos Hincapi\u00e9 <\/strong><\/a><strong>\u2013 Universidad Pontificia Bolivariana, Colombia<\/strong><\/p>\t\t\t\t\t\t\t\t<\/div>\n\t\t\t\t<\/div>\n\t\t\t\t\t<\/div>\n\t\t\t\t<\/div>\n\t\t<div class=\"elementor-element elementor-element-4dcbfb5 e-flex e-con-boxed e-con e-parent\" data-id=\"4dcbfb5\" data-element_type=\"container\" data-e-type=\"container\">\n\t\t\t\t\t<div class=\"e-con-inner\">\n\t\t<div class=\"elementor-element elementor-element-95f749e e-con-full e-flex e-con e-child\" data-id=\"95f749e\" data-element_type=\"container\" data-e-type=\"container\">\n\t\t\t\t<div class=\"elementor-element elementor-element-c482bf9 elementor-widget__width-initial elementor-widget elementor-widget-image\" data-id=\"c482bf9\" data-element_type=\"widget\" data-e-type=\"widget\" data-widget_type=\"image.default\">\n\t\t\t\t<div class=\"elementor-widget-container\">\n\t\t\t\t\t\t\t\t\t\t\t\t\t\t\t<img loading=\"lazy\" decoding=\"async\" width=\"300\" height=\"300\" src=\"https:\/\/citis.ups.edu.ec\/wp-content\/uploads\/sites\/5\/2025\/09\/Roberto-300x300.jpg\" class=\"attachment-medium size-medium wp-image-9570\" alt=\"\" srcset=\"https:\/\/citis.ups.edu.ec\/wp-content\/uploads\/sites\/5\/2025\/09\/Roberto-300x300.jpg 300w, https:\/\/citis.ups.edu.ec\/wp-content\/uploads\/sites\/5\/2025\/09\/Roberto-150x150.jpg 150w, https:\/\/citis.ups.edu.ec\/wp-content\/uploads\/sites\/5\/2025\/09\/Roberto-768x768.jpg 768w, https:\/\/citis.ups.edu.ec\/wp-content\/uploads\/sites\/5\/2025\/09\/Roberto-12x12.jpg 12w, https:\/\/citis.ups.edu.ec\/wp-content\/uploads\/sites\/5\/2025\/09\/Roberto.jpg 1024w\" sizes=\"(max-width: 300px) 100vw, 300px\" \/>\t\t\t\t\t\t\t\t\t\t\t\t\t\t\t<\/div>\n\t\t\t\t<\/div>\n\t\t\t\t<\/div>\n\t\t<div class=\"elementor-element elementor-element-8b395ea e-con-full e-flex e-con e-child\" data-id=\"8b395ea\" data-element_type=\"container\" data-e-type=\"container\">\n\t\t\t\t<div class=\"elementor-element elementor-element-eb86a8c elementor-widget elementor-widget-text-editor\" data-id=\"eb86a8c\" data-element_type=\"widget\" data-e-type=\"widget\" data-widget_type=\"text-editor.default\">\n\t\t\t\t<div class=\"elementor-widget-container\">\n\t\t\t\t\t\t\t\t\t<p data-start=\"86\" data-end=\"115\"><strong data-start=\"86\" data-end=\"113\">Roberto Carlos Hincapi\u00e9<\/strong> is an electronic engineer with a master\u2019s and Ph.D. in engineering from the Pontifical Bolivarian University. At the same university, he has served as professor, researcher, and faculty director and is currently dean of the School of Engineering. He is a researcher recognized as <em data-start=\"398\" data-end=\"406\">senior<\/em> by the Ministry of Science, Technology, and Innovation. He is also a member of the Board of Directors of the Colombian Association of Engineering Faculties, where he served as President from 2020 to 2022.<\/p><p data-start=\"615\" data-end=\"1035\">His work has focused on optimization problems related to the design of communication systems. Building on this experience, he has applied his knowledge to data processing, now concentrating on data science problems with an emphasis on artificial intelligence and reinforcement learning for solving engineering challenges. This research spans basic and applied levels, with projections toward practical problem-solving.<\/p>\t\t\t\t\t\t\t\t<\/div>\n\t\t\t\t<\/div>\n\t\t\t\t<\/div>\n\t\t\t\t\t<\/div>\n\t\t\t\t<\/div>\n\t\t<div class=\"elementor-element elementor-element-b492d4c e-flex e-con-boxed e-con e-parent\" data-id=\"b492d4c\" data-element_type=\"container\" data-e-type=\"container\">\n\t\t\t\t\t<div class=\"e-con-inner\">\n\t\t\t\t<div class=\"elementor-element elementor-element-66b7b15 elementor-widget elementor-widget-image\" data-id=\"66b7b15\" data-element_type=\"widget\" data-e-type=\"widget\" data-widget_type=\"image.default\">\n\t\t\t\t<div class=\"elementor-widget-container\">\n\t\t\t\t\t\t\t\t\t\t\t\t<figure class=\"wp-caption\">\n\t\t\t\t\t\t\t\t\t\t<img loading=\"lazy\" decoding=\"async\" width=\"1024\" height=\"554\" src=\"https:\/\/citis.ups.edu.ec\/wp-content\/uploads\/sites\/5\/2025\/09\/WhatsApp-Image-2024-07-19-at-12.49.27-1024x554.jpeg\" class=\"attachment-large size-large wp-image-9334\" alt=\"\" srcset=\"https:\/\/citis.ups.edu.ec\/wp-content\/uploads\/sites\/5\/2025\/09\/WhatsApp-Image-2024-07-19-at-12.49.27-1024x554.jpeg 1024w, https:\/\/citis.ups.edu.ec\/wp-content\/uploads\/sites\/5\/2025\/09\/WhatsApp-Image-2024-07-19-at-12.49.27-300x162.jpeg 300w, https:\/\/citis.ups.edu.ec\/wp-content\/uploads\/sites\/5\/2025\/09\/WhatsApp-Image-2024-07-19-at-12.49.27-768x415.jpeg 768w, https:\/\/citis.ups.edu.ec\/wp-content\/uploads\/sites\/5\/2025\/09\/WhatsApp-Image-2024-07-19-at-12.49.27-18x10.jpeg 18w, https:\/\/citis.ups.edu.ec\/wp-content\/uploads\/sites\/5\/2025\/09\/WhatsApp-Image-2024-07-19-at-12.49.27.jpeg 1331w\" sizes=\"(max-width: 1024px) 100vw, 1024px\" \/>\t\t\t\t\t\t\t\t\t\t\t<figcaption class=\"widget-image-caption wp-caption-text\">Research Coordinator and Chairperson of CITIS 2024, Lenin E. Cevallos-Robalino; Vice-Rector of Campus, Ra\u00fal \u00c1lvarez; Rector of UPS, Juan C\u00e1rdenas Tapia; General Vice-Rector, Fernando Pesantez; Vice-Rector of Research, Esteban Inga<\/figcaption>\n\t\t\t\t\t\t\t\t\t\t<\/figure>\n\t\t\t\t\t\t\t\t\t<\/div>\n\t\t\t\t<\/div>\n\t\t\t\t\t<\/div>\n\t\t\t\t<\/div>\n\t\t\t\t<\/div>","protected":false},"excerpt":{"rendered":"<p>X International Conference on Science, Technology and Innovation for Society (CITIS 2024) The X International Conference on Science, Technology, and Innovation for Society, CITIS 2024, held from July 17 to 19, 2024, in a presencial edition organized by Universidad Polit\u00e9cnica Salesiana, offered the national and international academic community a unified communication platform aimed at addressing&#8230;<\/p>","protected":false},"author":3,"featured_media":0,"parent":2169,"menu_order":0,"comment_status":"closed","ping_status":"closed","template":"","meta":{"content-type":"","_kadence_starter_templates_imported_post":false,"_kad_post_transparent":"","_kad_post_title":"hide","_kad_post_layout":"fullwidth","_kad_post_sidebar_id":"","_kad_post_content_style":"unboxed","_kad_post_vertical_padding":"hide","_kad_post_feature":"hide","_kad_post_feature_position":"","_kad_post_header":false,"_kad_post_footer":false,"_kad_post_classname":"","footnotes":""},"class_list":["post-5058","page","type-page","status-publish","hentry"],"yoast_head":"<!-- This site is optimized with the Yoast SEO plugin v27.1.1 - https:\/\/yoast.com\/product\/yoast-seo-wordpress\/ -->\n<title>Citis 2024 - International Conference on Science, Technology &amp; Innovation | Guayaquil, Ecuador<\/title>\n<meta name=\"robots\" content=\"index, follow, max-snippet:-1, max-image-preview:large, max-video-preview:-1\" \/>\n<link rel=\"canonical\" href=\"https:\/\/citis.ups.edu.ec\/es\/home\/conference-history\/citis-2024\/\" \/>\n<meta property=\"og:locale\" content=\"es_ES\" \/>\n<meta property=\"og:type\" content=\"article\" \/>\n<meta property=\"og:title\" content=\"Citis 2024 - International Conference on Science, Technology &amp; Innovation | Guayaquil, Ecuador\" \/>\n<meta property=\"og:description\" content=\"X International Conference on Science, Technology and Innovation for Society (CITIS 2024) The X International Conference on Science, Technology, and Innovation for Society, CITIS 2024, held from July 17 to 19, 2024, in a presencial edition organized by Universidad Polit\u00e9cnica Salesiana, offered the national and international academic community a unified communication platform aimed at addressing...\" \/>\n<meta property=\"og:url\" content=\"https:\/\/citis.ups.edu.ec\/es\/home\/conference-history\/citis-2024\/\" \/>\n<meta property=\"og:site_name\" content=\"International Conference on Science, Technology &amp; Innovation | Guayaquil, Ecuador\" \/>\n<meta property=\"article:modified_time\" content=\"2025-10-12T11:19:42+00:00\" \/>\n<meta property=\"og:image\" content=\"https:\/\/citis.ups.edu.ec\/wp-content\/uploads\/sites\/5\/2024\/06\/Bienvenida-TOPICS-CITIS-e1758716974298.jpg\" \/>\n\t<meta property=\"og:image:width\" content=\"582\" \/>\n\t<meta property=\"og:image:height\" content=\"336\" \/>\n\t<meta property=\"og:image:type\" content=\"image\/jpeg\" \/>\n<meta name=\"twitter:card\" content=\"summary_large_image\" \/>\n<meta name=\"twitter:label1\" content=\"Tiempo de lectura\" \/>\n\t<meta name=\"twitter:data1\" content=\"21 minutos\" \/>\n<script type=\"application\/ld+json\" class=\"yoast-schema-graph\">{\"@context\":\"https:\/\/schema.org\",\"@graph\":[{\"@type\":\"WebPage\",\"@id\":\"https:\/\/citis.ups.edu.ec\/home\/conference-history\/citis-2024\/\",\"url\":\"https:\/\/citis.ups.edu.ec\/home\/conference-history\/citis-2024\/\",\"name\":\"Citis 2024 - International Conference on Science, Technology &amp; Innovation | Guayaquil, Ecuador\",\"isPartOf\":{\"@id\":\"https:\/\/citis.ups.edu.ec\/#website\"},\"primaryImageOfPage\":{\"@id\":\"https:\/\/citis.ups.edu.ec\/home\/conference-history\/citis-2024\/#primaryimage\"},\"image\":{\"@id\":\"https:\/\/citis.ups.edu.ec\/home\/conference-history\/citis-2024\/#primaryimage\"},\"thumbnailUrl\":\"https:\/\/citis.ups.edu.ec\/wp-content\/uploads\/sites\/5\/2024\/06\/Bienvenida-TOPICS-CITIS-e1758716974298.jpg\",\"datePublished\":\"2024-12-02T15:20:16+00:00\",\"dateModified\":\"2025-10-12T11:19:42+00:00\",\"breadcrumb\":{\"@id\":\"https:\/\/citis.ups.edu.ec\/home\/conference-history\/citis-2024\/#breadcrumb\"},\"inLanguage\":\"es\",\"potentialAction\":[{\"@type\":\"ReadAction\",\"target\":[\"https:\/\/citis.ups.edu.ec\/home\/conference-history\/citis-2024\/\"]}]},{\"@type\":\"ImageObject\",\"inLanguage\":\"es\",\"@id\":\"https:\/\/citis.ups.edu.ec\/home\/conference-history\/citis-2024\/#primaryimage\",\"url\":\"https:\/\/citis.ups.edu.ec\/wp-content\/uploads\/sites\/5\/2024\/06\/Bienvenida-TOPICS-CITIS-e1758716974298.jpg\",\"contentUrl\":\"https:\/\/citis.ups.edu.ec\/wp-content\/uploads\/sites\/5\/2024\/06\/Bienvenida-TOPICS-CITIS-e1758716974298.jpg\"},{\"@type\":\"BreadcrumbList\",\"@id\":\"https:\/\/citis.ups.edu.ec\/home\/conference-history\/citis-2024\/#breadcrumb\",\"itemListElement\":[{\"@type\":\"ListItem\",\"position\":1,\"name\":\"Portada\",\"item\":\"https:\/\/citis.ups.edu.ec\/\"},{\"@type\":\"ListItem\",\"position\":2,\"name\":\"CITIS\",\"item\":\"https:\/\/citis.ups.edu.ec\/\"},{\"@type\":\"ListItem\",\"position\":3,\"name\":\"Conference history\",\"item\":\"https:\/\/citis.ups.edu.ec\/home\/conference-history\/\"},{\"@type\":\"ListItem\",\"position\":4,\"name\":\"Citis 2024\"}]},{\"@type\":\"WebSite\",\"@id\":\"https:\/\/citis.ups.edu.ec\/#website\",\"url\":\"https:\/\/citis.ups.edu.ec\/\",\"name\":\"International Conference on Science, Technology &amp; Innovation | Guayaquil, Ecuador\",\"description\":\"International conference focused on the application of science, technological development, and innovation for society through engineering.\",\"publisher\":{\"@id\":\"https:\/\/citis.ups.edu.ec\/#organization\"},\"potentialAction\":[{\"@type\":\"SearchAction\",\"target\":{\"@type\":\"EntryPoint\",\"urlTemplate\":\"https:\/\/citis.ups.edu.ec\/?s={search_term_string}\"},\"query-input\":{\"@type\":\"PropertyValueSpecification\",\"valueRequired\":true,\"valueName\":\"search_term_string\"}}],\"inLanguage\":\"es\"},{\"@type\":\"Organization\",\"@id\":\"https:\/\/citis.ups.edu.ec\/#organization\",\"name\":\"International Conference on Science, Technology &amp; Innovation | Guayaquil, Ecuador\",\"url\":\"https:\/\/citis.ups.edu.ec\/\",\"logo\":{\"@type\":\"ImageObject\",\"inLanguage\":\"es\",\"@id\":\"https:\/\/citis.ups.edu.ec\/#\/schema\/logo\/image\/\",\"url\":\"https:\/\/citis.ups.edu.ec\/wp-content\/uploads\/sites\/5\/2025\/11\/cropped-Logo-CITIS-2026-Ingles-Horizontal-Dorado.png\",\"contentUrl\":\"https:\/\/citis.ups.edu.ec\/wp-content\/uploads\/sites\/5\/2025\/11\/cropped-Logo-CITIS-2026-Ingles-Horizontal-Dorado.png\",\"width\":1372,\"height\":465,\"caption\":\"International Conference on Science, Technology &amp; Innovation | Guayaquil, Ecuador\"},\"image\":{\"@id\":\"https:\/\/citis.ups.edu.ec\/#\/schema\/logo\/image\/\"}}]}<\/script>\n<!-- \/ Yoast SEO plugin. -->","yoast_head_json":{"title":"Citis 2024 - International Conference on Science, Technology &amp; Innovation | Guayaquil, Ecuador","robots":{"index":"index","follow":"follow","max-snippet":"max-snippet:-1","max-image-preview":"max-image-preview:large","max-video-preview":"max-video-preview:-1"},"canonical":"https:\/\/citis.ups.edu.ec\/es\/home\/conference-history\/citis-2024\/","og_locale":"es_ES","og_type":"article","og_title":"Citis 2024 - International Conference on Science, Technology &amp; Innovation | Guayaquil, Ecuador","og_description":"X International Conference on Science, Technology and Innovation for Society (CITIS 2024) The X International Conference on Science, Technology, and Innovation for Society, CITIS 2024, held from July 17 to 19, 2024, in a presencial edition organized by Universidad Polit\u00e9cnica Salesiana, offered the national and international academic community a unified communication platform aimed at addressing...","og_url":"https:\/\/citis.ups.edu.ec\/es\/home\/conference-history\/citis-2024\/","og_site_name":"International Conference on Science, Technology &amp; Innovation | Guayaquil, Ecuador","article_modified_time":"2025-10-12T11:19:42+00:00","og_image":[{"width":582,"height":336,"url":"https:\/\/citis.ups.edu.ec\/wp-content\/uploads\/sites\/5\/2024\/06\/Bienvenida-TOPICS-CITIS-e1758716974298.jpg","type":"image\/jpeg"}],"twitter_card":"summary_large_image","twitter_misc":{"Tiempo de lectura":"21 minutos"},"schema":{"@context":"https:\/\/schema.org","@graph":[{"@type":"WebPage","@id":"https:\/\/citis.ups.edu.ec\/home\/conference-history\/citis-2024\/","url":"https:\/\/citis.ups.edu.ec\/home\/conference-history\/citis-2024\/","name":"Citis 2024 - International Conference on Science, Technology &amp; Innovation | Guayaquil, Ecuador","isPartOf":{"@id":"https:\/\/citis.ups.edu.ec\/#website"},"primaryImageOfPage":{"@id":"https:\/\/citis.ups.edu.ec\/home\/conference-history\/citis-2024\/#primaryimage"},"image":{"@id":"https:\/\/citis.ups.edu.ec\/home\/conference-history\/citis-2024\/#primaryimage"},"thumbnailUrl":"https:\/\/citis.ups.edu.ec\/wp-content\/uploads\/sites\/5\/2024\/06\/Bienvenida-TOPICS-CITIS-e1758716974298.jpg","datePublished":"2024-12-02T15:20:16+00:00","dateModified":"2025-10-12T11:19:42+00:00","breadcrumb":{"@id":"https:\/\/citis.ups.edu.ec\/home\/conference-history\/citis-2024\/#breadcrumb"},"inLanguage":"es","potentialAction":[{"@type":"ReadAction","target":["https:\/\/citis.ups.edu.ec\/home\/conference-history\/citis-2024\/"]}]},{"@type":"ImageObject","inLanguage":"es","@id":"https:\/\/citis.ups.edu.ec\/home\/conference-history\/citis-2024\/#primaryimage","url":"https:\/\/citis.ups.edu.ec\/wp-content\/uploads\/sites\/5\/2024\/06\/Bienvenida-TOPICS-CITIS-e1758716974298.jpg","contentUrl":"https:\/\/citis.ups.edu.ec\/wp-content\/uploads\/sites\/5\/2024\/06\/Bienvenida-TOPICS-CITIS-e1758716974298.jpg"},{"@type":"BreadcrumbList","@id":"https:\/\/citis.ups.edu.ec\/home\/conference-history\/citis-2024\/#breadcrumb","itemListElement":[{"@type":"ListItem","position":1,"name":"Portada","item":"https:\/\/citis.ups.edu.ec\/"},{"@type":"ListItem","position":2,"name":"CITIS","item":"https:\/\/citis.ups.edu.ec\/"},{"@type":"ListItem","position":3,"name":"Conference history","item":"https:\/\/citis.ups.edu.ec\/home\/conference-history\/"},{"@type":"ListItem","position":4,"name":"Citis 2024"}]},{"@type":"WebSite","@id":"https:\/\/citis.ups.edu.ec\/#website","url":"https:\/\/citis.ups.edu.ec\/","name":"International Conference on Science, Technology &amp; Innovation | Guayaquil, Ecuador","description":"International conference focused on the application of science, technological development, and innovation for society through engineering.","publisher":{"@id":"https:\/\/citis.ups.edu.ec\/#organization"},"potentialAction":[{"@type":"SearchAction","target":{"@type":"EntryPoint","urlTemplate":"https:\/\/citis.ups.edu.ec\/?s={search_term_string}"},"query-input":{"@type":"PropertyValueSpecification","valueRequired":true,"valueName":"search_term_string"}}],"inLanguage":"es"},{"@type":"Organization","@id":"https:\/\/citis.ups.edu.ec\/#organization","name":"International Conference on Science, Technology &amp; Innovation | Guayaquil, Ecuador","url":"https:\/\/citis.ups.edu.ec\/","logo":{"@type":"ImageObject","inLanguage":"es","@id":"https:\/\/citis.ups.edu.ec\/#\/schema\/logo\/image\/","url":"https:\/\/citis.ups.edu.ec\/wp-content\/uploads\/sites\/5\/2025\/11\/cropped-Logo-CITIS-2026-Ingles-Horizontal-Dorado.png","contentUrl":"https:\/\/citis.ups.edu.ec\/wp-content\/uploads\/sites\/5\/2025\/11\/cropped-Logo-CITIS-2026-Ingles-Horizontal-Dorado.png","width":1372,"height":465,"caption":"International Conference on Science, Technology &amp; Innovation | Guayaquil, Ecuador"},"image":{"@id":"https:\/\/citis.ups.edu.ec\/#\/schema\/logo\/image\/"}}]}},"_links":{"self":[{"href":"https:\/\/citis.ups.edu.ec\/es\/wp-json\/wp\/v2\/pages\/5058","targetHints":{"allow":["GET"]}}],"collection":[{"href":"https:\/\/citis.ups.edu.ec\/es\/wp-json\/wp\/v2\/pages"}],"about":[{"href":"https:\/\/citis.ups.edu.ec\/es\/wp-json\/wp\/v2\/types\/page"}],"author":[{"embeddable":true,"href":"https:\/\/citis.ups.edu.ec\/es\/wp-json\/wp\/v2\/users\/3"}],"replies":[{"embeddable":true,"href":"https:\/\/citis.ups.edu.ec\/es\/wp-json\/wp\/v2\/comments?post=5058"}],"version-history":[{"count":283,"href":"https:\/\/citis.ups.edu.ec\/es\/wp-json\/wp\/v2\/pages\/5058\/revisions"}],"predecessor-version":[{"id":10036,"href":"https:\/\/citis.ups.edu.ec\/es\/wp-json\/wp\/v2\/pages\/5058\/revisions\/10036"}],"up":[{"embeddable":true,"href":"https:\/\/citis.ups.edu.ec\/es\/wp-json\/wp\/v2\/pages\/2169"}],"wp:attachment":[{"href":"https:\/\/citis.ups.edu.ec\/es\/wp-json\/wp\/v2\/media?parent=5058"}],"curies":[{"name":"wp","href":"https:\/\/api.w.org\/{rel}","templated":true}]}}