{"id":2176,"date":"2024-01-12T03:07:04","date_gmt":"2024-01-12T08:07:04","guid":{"rendered":"https:\/\/citis.ups.edu.ec\/?page_id=2176"},"modified":"2024-01-17T12:52:50","modified_gmt":"2024-01-17T17:52:50","slug":"citis-2016","status":"publish","type":"page","link":"https:\/\/citis.ups.edu.ec\/es\/home\/conference-history\/citis-2016\/","title":{"rendered":"Citis 2016"},"content":{"rendered":"<div data-elementor-type=\"wp-page\" data-elementor-id=\"2176\" class=\"elementor elementor-2176\" data-elementor-post-type=\"page\">\n\t\t\t\t<div class=\"elementor-element elementor-element-2a2f9593 e-flex e-con-boxed e-con e-parent\" data-id=\"2a2f9593\" data-element_type=\"container\" data-e-type=\"container\">\n\t\t\t\t\t<div class=\"e-con-inner\">\n\t\t\t\t<div class=\"elementor-element elementor-element-5854a91d elementor-widget elementor-widget-text-editor\" data-id=\"5854a91d\" data-element_type=\"widget\" data-e-type=\"widget\" data-widget_type=\"text-editor.default\">\n\t\t\t\t<div class=\"elementor-widget-container\">\n\t\t\t\t\t\t\t\t\t<div class=\"wp-block-image\">\n<figure class=\"alignleft size-full\"><img decoding=\"async\" width=\"140\" height=\"188\" src=\"https:\/\/citis.ups.edu.ec\/wp-content\/uploads\/sites\/5\/2024\/01\/CITIS-2016.png\" alt=\"\" class=\"wp-image-2252\" \/><\/figure>\n<\/div>\n\n\n<p><strong>III Congreso&nbsp;Internacional de Ciencia, Tecnolog\u00eda e Innovaci\u00f3n para la Sociedad (CITIS) 2016.<\/strong><\/p>\n\n\n\n<p>Se llev\u00f3 a cabo en la sede Guayaquil los d\u00edas 30 de noviembre, 1 y 2 de diciembre de 2016. En \u00e9l fueron presentados los avances cient\u00edficos \u2013 tecnol\u00f3gicos de investigadores nacionales e internacionales.<\/p>\n\n\n\n<p>El congreso reuni\u00f3 a investigadores procedentes de Venezuela, Brasil, Italia, Espa\u00f1a, Norteam\u00e9rica y M\u00e9xico; y permiti\u00f3 estrechar relaciones entre acad\u00e9micos de universidades ecuatorianas como la Universidad T\u00e9cnica de Ambato, Ciudad del Conocimiento Yachay, Universidad Estatal de Milagro, la Universidad Cat\u00f3lica de Santiago de Guayaquil y nuestra Universidad Polit\u00e9cnica Salesiana.<\/p>\n\n\n\n<p>En esta tercera edici\u00f3n, adem\u00e1s de las ponencias y p\u00f3steres presentados, tuvo lugar una exhibici\u00f3n fotogr\u00e1fica sobre el primer investigador salesiano, el Padre Carlos Crespi, y fueron desarrollados cuatro cursos pre-evento sobre temas de relevancia para la comunidad acad\u00e9mico-cient\u00edfica: (1) \u201cElementos de la teor\u00eda de grafos: un primer enfoque para describir las redes del mundo real\u201d; (2) \u201cBiotecnolog\u00eda, Bioingenier\u00eda y Salud; Proceso editorial para la indexaci\u00f3n de revistas cient\u00edficas Scopus y Redalyc\u201d; (3) \u201cDifusi\u00f3n de Producci\u00f3n Cient\u00edfica Institucional en redes sociales acad\u00e9micas\u201d.<\/p>\n\n\n\n<p>CITIS 2016 acogi\u00f3 tambi\u00e9n nueve charlas magistrales dictadas por: Luis Miguel Romero (Universidad de Huelva), Daniel Gamermann (Universidad Federal do Rio Grande do Sul, Brasil), Salvador Ch\u00e1vez y Arianna Becerril (Redalyc, M\u00e9xico), Riccardo Barberi (Universit\u00e1 della Calabria, Italia), Luz Mosquera (Ministerio de Ambiente y Desarrollo Sostenible de Colombia), Franklin Gavil\u00e1nez (Montgomery College, USA), Eladio Dapena (Programa Prometeo SENESCYT), Pedro Fern\u00e1ndez de C\u00f3rdoba (Universidad Polit\u00e9cnica de Valencia, Espa\u00f1a) y Juan Pablo Salgado (Vicerrector de Investigaci\u00f3n, UPS).<\/p>\n\n\n\n<p>En esta edici\u00f3n, las l\u00edneas de investigaci\u00f3n focalizaron su centro de atenci\u00f3n en aspectos relacionados con la mejora de la calidad de vida, la transformaci\u00f3n social y la responsabilidad \u00e9tica, econ\u00f3mica, ciudadana, entre otras (Ciencia, Tecnolog\u00eda y, Ciudadan\u00eda, Comunicaci\u00f3n, Salud, Religi\u00f3n, Educaci\u00f3n, Ambiente y Productividad), mostrando una inquietante b\u00fasqueda de ayudar a nuestra sociedad desde una dimensi\u00f3n humana y social en el desarrollo responsable de la ciencia y de la tecnolog\u00eda.<\/p>\n\n\n\n<p>La organizaci\u00f3n estuvo a cargo de la Coordinaci\u00f3n de Investigaci\u00f3n de Sede, Vicerrectorado de Sede y la UNADEDVI. Por tercer a\u00f1o consecutivo, se reiter\u00f3 el apoyo de la Secretaria Nacional de Educaci\u00f3n Superior, Ciencia, Tecnolog\u00eda e Innovaci\u00f3n (SENESCYT) a trav\u00e9s del Programa Prometeo de la Zonal 5 y 8. Esta experiencia puso nuevamente en evidencia la importancia y pertinencia de la actividad investigativa que se est\u00e1\u0301 generando en el interior de nuestras universidades (en proyectos desarrollados por los docentes investigadores e, incluso, por los estudiantes de grado), as\u00ed\u0301 como los altos niveles de compromiso acad\u00e9mico y social; de exigencia y de motivaci\u00f3n de los investigadores.<\/p>\n\n\n\n<p>Direcci\u00f3n en el repositorio Dspace<br>de la Universidad:&nbsp;<a href=\"https:\/\/dspace.ups.edu.ec\/handle\/123456789\/14450\" target=\"_blank\" rel=\"noreferrer noopener\">https:\/\/dspace.ups.edu.ec\/handle\/123456789\/14450<\/a><\/p>\n\n\n\n<p class=\"has-text-align-center\"><a href=\"https:\/\/www.ups.edu.ec\/web\/guest\/noticias?articleId=8102990&amp;version=\">Noti<\/a><a href=\"https:\/\/www.ups.edu.ec\/web\/guest\/noticias?articleId=8102990&amp;version=\" target=\"_blank\" rel=\"noreferrer noopener\">cias CITIS 2016<\/a><\/p>\n\n\n\n<figure class=\"wp-block-image size-full\"><img fetchpriority=\"high\" decoding=\"async\" width=\"768\" height=\"512\" src=\"https:\/\/citis.ups.edu.ec\/wp-content\/uploads\/sites\/5\/2024\/01\/1-1.jpg\" alt=\"\" class=\"wp-image-2254\" srcset=\"https:\/\/citis.ups.edu.ec\/wp-content\/uploads\/sites\/5\/2024\/01\/1-1.jpg 768w, https:\/\/citis.ups.edu.ec\/wp-content\/uploads\/sites\/5\/2024\/01\/1-1-300x200.jpg 300w\" sizes=\"(max-width: 768px) 100vw, 768px\" \/><\/figure>\n\n\n\n<figure class=\"wp-block-image size-full\"><img decoding=\"async\" width=\"768\" height=\"768\" src=\"https:\/\/citis.ups.edu.ec\/wp-content\/uploads\/sites\/5\/2024\/01\/2-1.jpg\" alt=\"\" class=\"wp-image-2255\" srcset=\"https:\/\/citis.ups.edu.ec\/wp-content\/uploads\/sites\/5\/2024\/01\/2-1.jpg 768w, https:\/\/citis.ups.edu.ec\/wp-content\/uploads\/sites\/5\/2024\/01\/2-1-300x300.jpg 300w, https:\/\/citis.ups.edu.ec\/wp-content\/uploads\/sites\/5\/2024\/01\/2-1-150x150.jpg 150w\" sizes=\"(max-width: 768px) 100vw, 768px\" \/><\/figure>\n\n\n\n<p>El lunes 10 de julio del 2017, se realiz\u00f3 la presentaci\u00f3n del libro de las memorias del Congreso de Ciencia, Tecnolog\u00eda e Innovaci\u00f3n para la Sociedad, CITIS 2016.<\/p>\n\n\n\n<figure class=\"wp-block-image size-full\"><a href=\"https:\/\/www.ups.edu.ec\/noticias?articleId=9714363&amp;version=1.0\" target=\"_blank\" rel=\"noreferrer noopener\"><img loading=\"lazy\" decoding=\"async\" width=\"768\" height=\"450\" src=\"https:\/\/citis.ups.edu.ec\/wp-content\/uploads\/sites\/5\/2024\/01\/3.png\" alt=\"\" class=\"wp-image-2256\" srcset=\"https:\/\/citis.ups.edu.ec\/wp-content\/uploads\/sites\/5\/2024\/01\/3.png 768w, https:\/\/citis.ups.edu.ec\/wp-content\/uploads\/sites\/5\/2024\/01\/3-300x176.png 300w\" sizes=\"(max-width: 768px) 100vw, 768px\" \/><\/a><\/figure>\n\t\t\t\t\t\t\t\t<\/div>\n\t\t\t\t<\/div>\n\t\t\t\t\t<\/div>\n\t\t\t\t<\/div>\n\t\t\t\t<\/div>","protected":false},"excerpt":{"rendered":"<p>III Congreso&nbsp;Internacional de Ciencia, Tecnolog\u00eda e Innovaci\u00f3n para la Sociedad (CITIS) 2016. Se llev\u00f3 a cabo en la sede Guayaquil los d\u00edas 30 de noviembre, 1 y 2 de diciembre de 2016. En \u00e9l fueron presentados los avances cient\u00edficos \u2013 tecnol\u00f3gicos de investigadores nacionales e internacionales. El congreso reuni\u00f3 a investigadores procedentes de Venezuela, Brasil,&#8230;<\/p>","protected":false},"author":3,"featured_media":0,"parent":2169,"menu_order":0,"comment_status":"closed","ping_status":"closed","template":"","meta":{"content-type":"","_kadence_starter_templates_imported_post":false,"_kad_post_transparent":"","_kad_post_title":"","_kad_post_layout":"","_kad_post_sidebar_id":"","_kad_post_content_style":"","_kad_post_vertical_padding":"","_kad_post_feature":"","_kad_post_feature_position":"","_kad_post_header":false,"_kad_post_footer":false,"_kad_post_classname":"","footnotes":""},"class_list":["post-2176","page","type-page","status-publish","hentry"],"yoast_head":"<!-- This site is optimized with the Yoast SEO plugin v27.1.1 - https:\/\/yoast.com\/product\/yoast-seo-wordpress\/ -->\n<title>Citis 2016 - International Conference on Science, Technology &amp; Innovation | Guayaquil, Ecuador<\/title>\n<meta name=\"robots\" content=\"index, follow, max-snippet:-1, max-image-preview:large, max-video-preview:-1\" \/>\n<link rel=\"canonical\" href=\"https:\/\/citis.ups.edu.ec\/es\/home\/conference-history\/citis-2016\/\" \/>\n<meta property=\"og:locale\" content=\"es_ES\" \/>\n<meta property=\"og:type\" content=\"article\" \/>\n<meta property=\"og:title\" content=\"Citis 2016 - International Conference on Science, Technology &amp; Innovation | Guayaquil, Ecuador\" \/>\n<meta property=\"og:description\" content=\"III Congreso&nbsp;Internacional de Ciencia, Tecnolog\u00eda e Innovaci\u00f3n para la Sociedad (CITIS) 2016. Se llev\u00f3 a cabo en la sede Guayaquil los d\u00edas 30 de noviembre, 1 y 2 de diciembre de 2016. En \u00e9l fueron presentados los avances cient\u00edficos \u2013 tecnol\u00f3gicos de investigadores nacionales e internacionales. El congreso reuni\u00f3 a investigadores procedentes de Venezuela, Brasil,...\" \/>\n<meta property=\"og:url\" content=\"https:\/\/citis.ups.edu.ec\/es\/home\/conference-history\/citis-2016\/\" \/>\n<meta property=\"og:site_name\" content=\"International Conference on Science, Technology &amp; Innovation | Guayaquil, Ecuador\" \/>\n<meta property=\"article:modified_time\" content=\"2024-01-17T17:52:50+00:00\" \/>\n<meta property=\"og:image\" content=\"https:\/\/citis.ups.edu.ec\/wp-content\/uploads\/sites\/5\/2024\/01\/CITIS-2016.png\" \/>\n<meta name=\"twitter:card\" content=\"summary_large_image\" \/>\n<meta name=\"twitter:label1\" content=\"Tiempo de lectura\" \/>\n\t<meta name=\"twitter:data1\" content=\"3 minutos\" \/>\n<script type=\"application\/ld+json\" class=\"yoast-schema-graph\">{\"@context\":\"https:\/\/schema.org\",\"@graph\":[{\"@type\":\"WebPage\",\"@id\":\"https:\/\/citis.ups.edu.ec\/home\/conference-history\/citis-2016\/\",\"url\":\"https:\/\/citis.ups.edu.ec\/home\/conference-history\/citis-2016\/\",\"name\":\"Citis 2016 - International Conference on Science, Technology &amp; Innovation | Guayaquil, Ecuador\",\"isPartOf\":{\"@id\":\"https:\/\/citis.ups.edu.ec\/#website\"},\"primaryImageOfPage\":{\"@id\":\"https:\/\/citis.ups.edu.ec\/home\/conference-history\/citis-2016\/#primaryimage\"},\"image\":{\"@id\":\"https:\/\/citis.ups.edu.ec\/home\/conference-history\/citis-2016\/#primaryimage\"},\"thumbnailUrl\":\"https:\/\/citis.ups.edu.ec\/wp-content\/uploads\/sites\/5\/2024\/01\/CITIS-2016.png\",\"datePublished\":\"2024-01-12T08:07:04+00:00\",\"dateModified\":\"2024-01-17T17:52:50+00:00\",\"breadcrumb\":{\"@id\":\"https:\/\/citis.ups.edu.ec\/home\/conference-history\/citis-2016\/#breadcrumb\"},\"inLanguage\":\"es\",\"potentialAction\":[{\"@type\":\"ReadAction\",\"target\":[\"https:\/\/citis.ups.edu.ec\/home\/conference-history\/citis-2016\/\"]}]},{\"@type\":\"ImageObject\",\"inLanguage\":\"es\",\"@id\":\"https:\/\/citis.ups.edu.ec\/home\/conference-history\/citis-2016\/#primaryimage\",\"url\":\"https:\/\/citis.ups.edu.ec\/wp-content\/uploads\/sites\/5\/2024\/01\/CITIS-2016.png\",\"contentUrl\":\"https:\/\/citis.ups.edu.ec\/wp-content\/uploads\/sites\/5\/2024\/01\/CITIS-2016.png\"},{\"@type\":\"BreadcrumbList\",\"@id\":\"https:\/\/citis.ups.edu.ec\/home\/conference-history\/citis-2016\/#breadcrumb\",\"itemListElement\":[{\"@type\":\"ListItem\",\"position\":1,\"name\":\"Portada\",\"item\":\"https:\/\/citis.ups.edu.ec\/\"},{\"@type\":\"ListItem\",\"position\":2,\"name\":\"CITIS\",\"item\":\"https:\/\/citis.ups.edu.ec\/\"},{\"@type\":\"ListItem\",\"position\":3,\"name\":\"Conference history\",\"item\":\"https:\/\/citis.ups.edu.ec\/home\/conference-history\/\"},{\"@type\":\"ListItem\",\"position\":4,\"name\":\"Citis 2016\"}]},{\"@type\":\"WebSite\",\"@id\":\"https:\/\/citis.ups.edu.ec\/#website\",\"url\":\"https:\/\/citis.ups.edu.ec\/\",\"name\":\"International Conference on Science, Technology &amp; Innovation | Guayaquil, Ecuador\",\"description\":\"International conference focused on the application of science, technological development, and innovation for society through engineering.\",\"publisher\":{\"@id\":\"https:\/\/citis.ups.edu.ec\/#organization\"},\"potentialAction\":[{\"@type\":\"SearchAction\",\"target\":{\"@type\":\"EntryPoint\",\"urlTemplate\":\"https:\/\/citis.ups.edu.ec\/?s={search_term_string}\"},\"query-input\":{\"@type\":\"PropertyValueSpecification\",\"valueRequired\":true,\"valueName\":\"search_term_string\"}}],\"inLanguage\":\"es\"},{\"@type\":\"Organization\",\"@id\":\"https:\/\/citis.ups.edu.ec\/#organization\",\"name\":\"International Conference on Science, Technology &amp; Innovation | Guayaquil, Ecuador\",\"url\":\"https:\/\/citis.ups.edu.ec\/\",\"logo\":{\"@type\":\"ImageObject\",\"inLanguage\":\"es\",\"@id\":\"https:\/\/citis.ups.edu.ec\/#\/schema\/logo\/image\/\",\"url\":\"https:\/\/citis.ups.edu.ec\/wp-content\/uploads\/sites\/5\/2025\/11\/cropped-Logo-CITIS-2026-Ingles-Horizontal-Dorado.png\",\"contentUrl\":\"https:\/\/citis.ups.edu.ec\/wp-content\/uploads\/sites\/5\/2025\/11\/cropped-Logo-CITIS-2026-Ingles-Horizontal-Dorado.png\",\"width\":1372,\"height\":465,\"caption\":\"International Conference on Science, Technology &amp; Innovation | Guayaquil, Ecuador\"},\"image\":{\"@id\":\"https:\/\/citis.ups.edu.ec\/#\/schema\/logo\/image\/\"}}]}<\/script>\n<!-- \/ Yoast SEO plugin. -->","yoast_head_json":{"title":"Citis 2016 - International Conference on Science, Technology &amp; Innovation | Guayaquil, Ecuador","robots":{"index":"index","follow":"follow","max-snippet":"max-snippet:-1","max-image-preview":"max-image-preview:large","max-video-preview":"max-video-preview:-1"},"canonical":"https:\/\/citis.ups.edu.ec\/es\/home\/conference-history\/citis-2016\/","og_locale":"es_ES","og_type":"article","og_title":"Citis 2016 - International Conference on Science, Technology &amp; Innovation | Guayaquil, Ecuador","og_description":"III Congreso&nbsp;Internacional de Ciencia, Tecnolog\u00eda e Innovaci\u00f3n para la Sociedad (CITIS) 2016. Se llev\u00f3 a cabo en la sede Guayaquil los d\u00edas 30 de noviembre, 1 y 2 de diciembre de 2016. En \u00e9l fueron presentados los avances cient\u00edficos \u2013 tecnol\u00f3gicos de investigadores nacionales e internacionales. El congreso reuni\u00f3 a investigadores procedentes de Venezuela, Brasil,...","og_url":"https:\/\/citis.ups.edu.ec\/es\/home\/conference-history\/citis-2016\/","og_site_name":"International Conference on Science, Technology &amp; Innovation | Guayaquil, Ecuador","article_modified_time":"2024-01-17T17:52:50+00:00","og_image":[{"url":"https:\/\/citis.ups.edu.ec\/wp-content\/uploads\/sites\/5\/2024\/01\/CITIS-2016.png","type":"","width":"","height":""}],"twitter_card":"summary_large_image","twitter_misc":{"Tiempo de lectura":"3 minutos"},"schema":{"@context":"https:\/\/schema.org","@graph":[{"@type":"WebPage","@id":"https:\/\/citis.ups.edu.ec\/home\/conference-history\/citis-2016\/","url":"https:\/\/citis.ups.edu.ec\/home\/conference-history\/citis-2016\/","name":"Citis 2016 - International Conference on Science, Technology &amp; Innovation | Guayaquil, Ecuador","isPartOf":{"@id":"https:\/\/citis.ups.edu.ec\/#website"},"primaryImageOfPage":{"@id":"https:\/\/citis.ups.edu.ec\/home\/conference-history\/citis-2016\/#primaryimage"},"image":{"@id":"https:\/\/citis.ups.edu.ec\/home\/conference-history\/citis-2016\/#primaryimage"},"thumbnailUrl":"https:\/\/citis.ups.edu.ec\/wp-content\/uploads\/sites\/5\/2024\/01\/CITIS-2016.png","datePublished":"2024-01-12T08:07:04+00:00","dateModified":"2024-01-17T17:52:50+00:00","breadcrumb":{"@id":"https:\/\/citis.ups.edu.ec\/home\/conference-history\/citis-2016\/#breadcrumb"},"inLanguage":"es","potentialAction":[{"@type":"ReadAction","target":["https:\/\/citis.ups.edu.ec\/home\/conference-history\/citis-2016\/"]}]},{"@type":"ImageObject","inLanguage":"es","@id":"https:\/\/citis.ups.edu.ec\/home\/conference-history\/citis-2016\/#primaryimage","url":"https:\/\/citis.ups.edu.ec\/wp-content\/uploads\/sites\/5\/2024\/01\/CITIS-2016.png","contentUrl":"https:\/\/citis.ups.edu.ec\/wp-content\/uploads\/sites\/5\/2024\/01\/CITIS-2016.png"},{"@type":"BreadcrumbList","@id":"https:\/\/citis.ups.edu.ec\/home\/conference-history\/citis-2016\/#breadcrumb","itemListElement":[{"@type":"ListItem","position":1,"name":"Portada","item":"https:\/\/citis.ups.edu.ec\/"},{"@type":"ListItem","position":2,"name":"CITIS","item":"https:\/\/citis.ups.edu.ec\/"},{"@type":"ListItem","position":3,"name":"Conference history","item":"https:\/\/citis.ups.edu.ec\/home\/conference-history\/"},{"@type":"ListItem","position":4,"name":"Citis 2016"}]},{"@type":"WebSite","@id":"https:\/\/citis.ups.edu.ec\/#website","url":"https:\/\/citis.ups.edu.ec\/","name":"International Conference on Science, Technology &amp; Innovation | Guayaquil, Ecuador","description":"International conference focused on the application of science, technological development, and innovation for society through engineering.","publisher":{"@id":"https:\/\/citis.ups.edu.ec\/#organization"},"potentialAction":[{"@type":"SearchAction","target":{"@type":"EntryPoint","urlTemplate":"https:\/\/citis.ups.edu.ec\/?s={search_term_string}"},"query-input":{"@type":"PropertyValueSpecification","valueRequired":true,"valueName":"search_term_string"}}],"inLanguage":"es"},{"@type":"Organization","@id":"https:\/\/citis.ups.edu.ec\/#organization","name":"International Conference on Science, Technology &amp; Innovation | Guayaquil, Ecuador","url":"https:\/\/citis.ups.edu.ec\/","logo":{"@type":"ImageObject","inLanguage":"es","@id":"https:\/\/citis.ups.edu.ec\/#\/schema\/logo\/image\/","url":"https:\/\/citis.ups.edu.ec\/wp-content\/uploads\/sites\/5\/2025\/11\/cropped-Logo-CITIS-2026-Ingles-Horizontal-Dorado.png","contentUrl":"https:\/\/citis.ups.edu.ec\/wp-content\/uploads\/sites\/5\/2025\/11\/cropped-Logo-CITIS-2026-Ingles-Horizontal-Dorado.png","width":1372,"height":465,"caption":"International Conference on Science, Technology &amp; Innovation | Guayaquil, Ecuador"},"image":{"@id":"https:\/\/citis.ups.edu.ec\/#\/schema\/logo\/image\/"}}]}},"_links":{"self":[{"href":"https:\/\/citis.ups.edu.ec\/es\/wp-json\/wp\/v2\/pages\/2176","targetHints":{"allow":["GET"]}}],"collection":[{"href":"https:\/\/citis.ups.edu.ec\/es\/wp-json\/wp\/v2\/pages"}],"about":[{"href":"https:\/\/citis.ups.edu.ec\/es\/wp-json\/wp\/v2\/types\/page"}],"author":[{"embeddable":true,"href":"https:\/\/citis.ups.edu.ec\/es\/wp-json\/wp\/v2\/users\/3"}],"replies":[{"embeddable":true,"href":"https:\/\/citis.ups.edu.ec\/es\/wp-json\/wp\/v2\/comments?post=2176"}],"version-history":[{"count":6,"href":"https:\/\/citis.ups.edu.ec\/es\/wp-json\/wp\/v2\/pages\/2176\/revisions"}],"predecessor-version":[{"id":2848,"href":"https:\/\/citis.ups.edu.ec\/es\/wp-json\/wp\/v2\/pages\/2176\/revisions\/2848"}],"up":[{"embeddable":true,"href":"https:\/\/citis.ups.edu.ec\/es\/wp-json\/wp\/v2\/pages\/2169"}],"wp:attachment":[{"href":"https:\/\/citis.ups.edu.ec\/es\/wp-json\/wp\/v2\/media?parent=2176"}],"curies":[{"name":"wp","href":"https:\/\/api.w.org\/{rel}","templated":true}]}}