{"id":2169,"date":"2024-01-12T03:02:57","date_gmt":"2024-01-12T08:02:57","guid":{"rendered":"https:\/\/citis.ups.edu.ec\/?page_id=2169"},"modified":"2026-03-27T16:08:13","modified_gmt":"2026-03-27T21:08:13","slug":"conference-history","status":"publish","type":"page","link":"https:\/\/citis.ups.edu.ec\/es\/home\/conference-history\/","title":{"rendered":"Historial de congresos"},"content":{"rendered":"<div data-elementor-type=\"wp-page\" data-elementor-id=\"2169\" class=\"elementor elementor-2169\" data-elementor-post-type=\"page\">\n\t\t\t\t<div class=\"elementor-element elementor-element-7e211bc e-grid e-con-full e-con e-parent\" data-id=\"7e211bc\" data-element_type=\"container\" data-e-type=\"container\" data-settings=\"{&quot;background_background&quot;:&quot;classic&quot;,&quot;shape_divider_top&quot;:&quot;arrow&quot;}\">\n\t\t\t\t<div class=\"elementor-shape elementor-shape-top\" aria-hidden=\"true\" data-negative=\"false\">\n\t\t\t<svg xmlns=\"http:\/\/www.w3.org\/2000\/svg\" viewbox=\"0 0 700 10\" preserveaspectratio=\"none\">\n\t<path class=\"elementor-shape-fill\" d=\"M350,10L340,0h20L350,10z\"\/>\n<\/svg>\t\t<\/div>\n\t\t\t\t<div class=\"elementor-element elementor-element-af86954 elementor-headline--style-highlight elementor-widget elementor-widget-animated-headline\" data-id=\"af86954\" data-element_type=\"widget\" data-e-type=\"widget\" data-settings=\"{&quot;marker&quot;:&quot;underline_zigzag&quot;,&quot;highlighted_text&quot;:&quot;Conference history&quot;,&quot;headline_style&quot;:&quot;highlight&quot;,&quot;loop&quot;:&quot;yes&quot;,&quot;highlight_animation_duration&quot;:1200,&quot;highlight_iteration_delay&quot;:8000}\" data-widget_type=\"animated-headline.default\">\n\t\t\t\t<div class=\"elementor-widget-container\">\n\t\t\t\t\t\t\t<h3 class=\"elementor-headline\">\n\t\t\t\t<span class=\"elementor-headline-dynamic-wrapper elementor-headline-text-wrapper\">\n\t\t\t\t\t<span class=\"elementor-headline-dynamic-text elementor-headline-text-active\">Historial de congresos<\/span>\n\t\t\t\t<\/span>\n\t\t\t\t<\/h3>\n\t\t\t\t\t\t<\/div>\n\t\t\t\t<\/div>\n\t\t\t\t<\/div>\n\t\t<div class=\"elementor-element elementor-element-cf14941 e-con-full e-flex e-con e-parent\" data-id=\"cf14941\" data-element_type=\"container\" data-e-type=\"container\">\n\t\t\t\t<div class=\"elementor-element elementor-element-a605147 elementor-invisible elementor-widget elementor-widget-mdp-timeliner-elementor\" data-id=\"a605147\" data-element_type=\"widget\" data-e-type=\"widget\" data-settings=\"{&quot;_animation&quot;:&quot;slideInUp&quot;}\" data-widget_type=\"mdp-timeliner-elementor.default\">\n\t\t\t\t<div class=\"elementor-widget-container\">\n\t\t\t\t\t\n        <!-- Start Timeliner WordPress Plugin -->\n\n        <div id=\"mdp-timeline-a605147\" class=\"timeline mdp-timeline-a605147\">\n            <div class=\"timeline__wrap\">\n                <div class=\"timeline__items\">\n                    \n       <div class=\"timeline__item\">\n            <div class=\"timeline__content\">\n                \n        <img decoding=\"async\" src=\"http:\/\/citis.ups.edu.ec\/wp-content\/uploads\/sites\/5\/2024\/01\/citis-pequenos_0009_2014.png\"\n             class=\"mdp-timeliner-image\"\n             alt=\"\"\/>\n\n                <h3 class=\"mdp-timeliner-title\">\n            <span><\/span>\n            2014            <span><\/span>\n        <\/h3>\n            <p class=\"mdp-timeliner-description\">\n            <span><\/span>\n            I Congreso Salesiano de Ciencia, Tecnolog\u00eda e Innovaci\u00f3n para la Sociedad (CITIS) 2014            <span><\/span>\n        <\/p>\n            <a href=\"https:\/\/citis.ups.edu.ec\/es\/home\/conference-history\/citis-2014\/\" target=\"&quot;_blank&quot;\" rel=\"&quot;nofollow&quot;\" class=\"mpd-timeliner-button\">\n            Conoce M\u00e1s        <\/a>\n              <\/div>\n       <\/div>\n\n    \n       <div class=\"timeline__item\">\n            <div class=\"timeline__content\">\n                \n        <img decoding=\"async\" src=\"http:\/\/citis.ups.edu.ec\/wp-content\/uploads\/sites\/5\/2024\/01\/citis-pequenos_0008_2015.png\"\n             class=\"mdp-timeliner-image\"\n             alt=\"\"\/>\n\n                <h3 class=\"mdp-timeliner-title\">\n            <span><\/span>\n            2015            <span><\/span>\n        <\/h3>\n            <p class=\"mdp-timeliner-description\">\n            <span><\/span>\n            II Congreso Salesiano de Ciencia, Tecnolog\u00eda e Innovaci\u00f3n para la Sociedad (CITIS) 2015            <span><\/span>\n        <\/p>\n            <a href=\"https:\/\/citis.ups.edu.ec\/es\/home\/conference-history\/citis-2015\/\" target=\"&quot;_blank&quot;\" rel=\"&quot;nofollow&quot;\" class=\"mpd-timeliner-button\">\n            Conoce M\u00e1s        <\/a>\n              <\/div>\n       <\/div>\n\n    \n       <div class=\"timeline__item\">\n            <div class=\"timeline__content\">\n                \n        <img decoding=\"async\" src=\"http:\/\/citis.ups.edu.ec\/wp-content\/uploads\/sites\/5\/2024\/01\/citis-pequenos_0007_2016.png\"\n             class=\"mdp-timeliner-image\"\n             alt=\"\"\/>\n\n                <h3 class=\"mdp-timeliner-title\">\n            <span><\/span>\n            2016            <span><\/span>\n        <\/h3>\n            <p class=\"mdp-timeliner-description\">\n            <span><\/span>\n            III Congreso Internacional de Ciencia, Tecnolog\u00eda e Innovaci\u00f3n para la Sociedad (CITIS) 2016.            <span><\/span>\n        <\/p>\n            <a href=\"https:\/\/citis.ups.edu.ec\/es\/home\/conference-history\/citis-2016\/\" target=\"&quot;_blank&quot;\" rel=\"&quot;nofollow&quot;\" class=\"mpd-timeliner-button\">\n            Conoce M\u00e1s        <\/a>\n              <\/div>\n       <\/div>\n\n    \n       <div class=\"timeline__item\">\n            <div class=\"timeline__content\">\n                \n        <img decoding=\"async\" src=\"http:\/\/citis.ups.edu.ec\/wp-content\/uploads\/sites\/5\/2024\/01\/citis-pequenos_0006_2017.png\"\n             class=\"mdp-timeliner-image\"\n             alt=\"\"\/>\n\n                <h3 class=\"mdp-timeliner-title\">\n            <span><\/span>\n            2017            <span><\/span>\n        <\/h3>\n            <p class=\"mdp-timeliner-description\">\n            <span><\/span>\n            IV International Conference of Science, Technology and Innovation for Society (CITIS)            <span><\/span>\n        <\/p>\n            <a href=\"https:\/\/citis.ups.edu.ec\/es\/home\/conference-history\/citis-2017\/\" target=\"&quot;_blank&quot;\" rel=\"&quot;nofollow&quot;\" class=\"mpd-timeliner-button\">\n            Conoce M\u00e1s        <\/a>\n              <\/div>\n       <\/div>\n\n    \n       <div class=\"timeline__item\">\n            <div class=\"timeline__content\">\n                \n        <img decoding=\"async\" src=\"http:\/\/citis.ups.edu.ec\/wp-content\/uploads\/sites\/5\/2024\/01\/citis-pequenos_0005_2018-2019.png\"\n             class=\"mdp-timeliner-image\"\n             alt=\"\"\/>\n\n                <h3 class=\"mdp-timeliner-title\">\n            <span><\/span>\n            2018-2019            <span><\/span>\n        <\/h3>\n            <p class=\"mdp-timeliner-description\">\n            <span><\/span>\n            V International Conference on Science, Technology and Innovation for Society (CITIS 2018-2019)            <span><\/span>\n        <\/p>\n            <a href=\"https:\/\/citis.ups.edu.ec\/es\/home\/conference-history\/citis-2018-2019\/\" target=\"&quot;_blank&quot;\" rel=\"&quot;nofollow&quot;\" class=\"mpd-timeliner-button\">\n            Conoce M\u00e1s        <\/a>\n              <\/div>\n       <\/div>\n\n    \n       <div class=\"timeline__item\">\n            <div class=\"timeline__content\">\n                \n        <img decoding=\"async\" src=\"http:\/\/citis.ups.edu.ec\/wp-content\/uploads\/sites\/5\/2024\/01\/citis-pequenos_0004_2020.png\"\n             class=\"mdp-timeliner-image\"\n             alt=\"\"\/>\n\n                <h3 class=\"mdp-timeliner-title\">\n            <span><\/span>\n            2020            <span><\/span>\n        <\/h3>\n            <p class=\"mdp-timeliner-description\">\n            <span><\/span>\n            VI International Conference on Science, Technology and Innovation for Society (CITIS 2020)            <span><\/span>\n        <\/p>\n            <a href=\"https:\/\/citis.ups.edu.ec\/es\/home\/conference-history\/citis-2020\/\" target=\"&quot;_blank&quot;\" rel=\"&quot;nofollow&quot;\" class=\"mpd-timeliner-button\">\n            Conoce M\u00e1s        <\/a>\n              <\/div>\n       <\/div>\n\n    \n       <div class=\"timeline__item\">\n            <div class=\"timeline__content\">\n                \n        <img decoding=\"async\" src=\"http:\/\/citis.ups.edu.ec\/wp-content\/uploads\/sites\/5\/2024\/01\/citis-pequenos_0003_2021.png\"\n             class=\"mdp-timeliner-image\"\n             alt=\"\"\/>\n\n                <h3 class=\"mdp-timeliner-title\">\n            <span><\/span>\n            2021            <span><\/span>\n        <\/h3>\n            <p class=\"mdp-timeliner-description\">\n            <span><\/span>\n            VII International Conference on Science, Technology, and Innovation for Society (CITIS 2021)            <span><\/span>\n        <\/p>\n            <a href=\"https:\/\/citis.ups.edu.ec\/es\/home\/conference-history\/citis-2021\/\" target=\"&quot;_blank&quot;\" rel=\"&quot;nofollow&quot;\" class=\"mpd-timeliner-button\">\n            Conoce M\u00e1s        <\/a>\n              <\/div>\n       <\/div>\n\n    \n       <div class=\"timeline__item\">\n            <div class=\"timeline__content\">\n                \n        <img decoding=\"async\" src=\"http:\/\/citis.ups.edu.ec\/wp-content\/uploads\/sites\/5\/2024\/01\/citis-pequenos_0002_2022.png\"\n             class=\"mdp-timeliner-image\"\n             alt=\"\"\/>\n\n                <h3 class=\"mdp-timeliner-title\">\n            <span><\/span>\n            2022            <span><\/span>\n        <\/h3>\n            <p class=\"mdp-timeliner-description\">\n            <span><\/span>\n            VIII International Conference on Science, Technology and Innovation for Society (CITIS 2022)            <span><\/span>\n        <\/p>\n            <a href=\"https:\/\/citis.ups.edu.ec\/es\/home\/conference-history\/citis-2022\/\" target=\"&quot;_blank&quot;\" rel=\"&quot;nofollow&quot;\" class=\"mpd-timeliner-button\">\n            Conoce M\u00e1s        <\/a>\n              <\/div>\n       <\/div>\n\n    \n       <div class=\"timeline__item\">\n            <div class=\"timeline__content\">\n                \n        <img decoding=\"async\" src=\"http:\/\/citis.ups.edu.ec\/wp-content\/uploads\/sites\/5\/2024\/01\/citis-pequenos_0001_2023.png\"\n             class=\"mdp-timeliner-image\"\n             alt=\"\"\/>\n\n                <h3 class=\"mdp-timeliner-title\">\n            <span><\/span>\n            2023            <span><\/span>\n        <\/h3>\n            <p class=\"mdp-timeliner-description\">\n            <span><\/span>\n            IX International Conference on Science, Technology and Innovation for Society (CITIS 2023)            <span><\/span>\n        <\/p>\n            <a href=\"https:\/\/citis.ups.edu.ec\/es\/home\/conference-history\/citis-2023\/\" target=\"&quot;_blank&quot;\" rel=\"&quot;nofollow&quot;\" class=\"mpd-timeliner-button\">\n            Conoce M\u00e1s        <\/a>\n              <\/div>\n       <\/div>\n\n    \n       <div class=\"timeline__item\">\n            <div class=\"timeline__content\">\n                \n        <img decoding=\"async\" src=\"http:\/\/citis.ups.edu.ec\/wp-content\/uploads\/sites\/5\/2024\/01\/citis-pequenos_0000_2024.png\"\n             class=\"mdp-timeliner-image\"\n             alt=\"\"\/>\n\n                <h3 class=\"mdp-timeliner-title\">\n            <span><\/span>\n            2024            <span><\/span>\n        <\/h3>\n            <p class=\"mdp-timeliner-description\">\n            <span><\/span>\n            X International Conference on Science, Technology and Innovation for Society (CITIS 2024)            <span><\/span>\n        <\/p>\n            <a href=\"https:\/\/citis.ups.edu.ec\/es\/home\/conference-history\/citis-2024\/\" target=\"&quot;_blank&quot;\" rel=\"&quot;nofollow&quot;\" class=\"mpd-timeliner-button\">\n            Conoce M\u00e1s        <\/a>\n              <\/div>\n       <\/div>\n\n    \n       <div class=\"timeline__item\">\n            <div class=\"timeline__content\">\n                \n        <img decoding=\"async\" src=\"https:\/\/citis.ups.edu.ec\/wp-content\/uploads\/sites\/5\/2025\/02\/Isotipo-CITIS-2025-Color.png\"\n             class=\"mdp-timeliner-image\"\n             alt=\"\"\/>\n\n                <h3 class=\"mdp-timeliner-title\">\n            <span><\/span>\n            2025            <span><\/span>\n        <\/h3>\n            <p class=\"mdp-timeliner-description\">\n            <span><\/span>\n            XI Congreso Internacional de Ciencia, Tecnolog\u00eda e Innovaci\u00f3n para la Sociedad (CITIS 2025)            <span><\/span>\n        <\/p>\n            <a href=\"https:\/\/citis.ups.edu.ec\/es\/home\/conference-history\/citis-2025\/\" target=\"&quot;_blank&quot;\" rel=\"&quot;nofollow&quot;\" class=\"mpd-timeliner-button\">\n            Conoce m\u00e1s        <\/a>\n              <\/div>\n       <\/div>\n\n    \n       <div class=\"timeline__item\">\n            <div class=\"timeline__content\">\n                \n        <img decoding=\"async\" src=\"https:\/\/citis.ups.edu.ec\/wp-content\/uploads\/sites\/5\/2025\/11\/Icono-CITIS-2026-Dorado.png\"\n             class=\"mdp-timeliner-image\"\n             alt=\"\"\/>\n\n                <h3 class=\"mdp-timeliner-title\">\n            <span><\/span>\n            2026            <span><\/span>\n        <\/h3>\n            <p class=\"mdp-timeliner-description\">\n            <span><\/span>\n            XII International Conference on Science, Technology and Innovation for Society (CITIS 2026)            <span><\/span>\n        <\/p>\n            <span  class=\"mpd-timeliner-button\">\n                    <\/span>\n              <\/div>\n       <\/div>\n\n                    <\/div>\n            <\/div>\n        <\/div>\n\n        <script>\n                        jQuery( window ).on( 'elementor\/frontend\/init', function() {\n            \n            window.MDPTimeliner_a605147 = function () {\n                                jQuery('#mdp-timeline-a605147').timeline({\n                    verticalStartPosition: 'left',\n                    verticalTrigger: '34px'\n                } );\n                \n                            }\n\n            window.MDPTimeliner_a605147();\n\n                        } );\n                    <\/script>\n\n        <!-- End Timeliner WordPress Plugin -->\n\n\t    \t\t\t\t<\/div>\n\t\t\t\t<\/div>\n\t\t\t\t<\/div>\n\t\t\t\t<\/div>","protected":false},"excerpt":{"rendered":"<p>Conference history 2014 I Congreso Salesiano de Ciencia, Tecnolog\u00eda e Innovaci\u00f3n para la Sociedad (CITIS) 2014 Conoce M\u00e1s 2015 II Congreso Salesiano de Ciencia, Tecnolog\u00eda e Innovaci\u00f3n para la Sociedad (CITIS) 2015 Conoce M\u00e1s 2016 III Congreso Internacional de Ciencia, Tecnolog\u00eda e Innovaci\u00f3n para la Sociedad (CITIS) 2016. Conoce M\u00e1s 2017 IV International Conference of&#8230;<\/p>","protected":false},"author":3,"featured_media":0,"parent":10,"menu_order":0,"comment_status":"closed","ping_status":"closed","template":"","meta":{"content-type":"","_kadence_starter_templates_imported_post":false,"_kad_post_transparent":"","_kad_post_title":"hide","_kad_post_layout":"fullwidth","_kad_post_sidebar_id":"","_kad_post_content_style":"unboxed","_kad_post_vertical_padding":"hide","_kad_post_feature":"hide","_kad_post_feature_position":"","_kad_post_header":false,"_kad_post_footer":false,"_kad_post_classname":"","footnotes":""},"class_list":["post-2169","page","type-page","status-publish","hentry"],"yoast_head":"<!-- This site is optimized with the Yoast SEO plugin v27.1.1 - https:\/\/yoast.com\/product\/yoast-seo-wordpress\/ -->\n<title>Conference history - International Conference on Science, Technology &amp; Innovation | Guayaquil, Ecuador<\/title>\n<meta name=\"robots\" content=\"index, follow, max-snippet:-1, max-image-preview:large, max-video-preview:-1\" \/>\n<link rel=\"canonical\" href=\"https:\/\/citis.ups.edu.ec\/es\/home\/conference-history\/\" \/>\n<meta property=\"og:locale\" content=\"es_ES\" \/>\n<meta property=\"og:type\" content=\"article\" \/>\n<meta property=\"og:title\" content=\"Conference history - International Conference on Science, Technology &amp; Innovation | Guayaquil, Ecuador\" \/>\n<meta property=\"og:description\" content=\"Conference history 2014 I Congreso Salesiano de Ciencia, Tecnolog\u00eda e Innovaci\u00f3n para la Sociedad (CITIS) 2014 Conoce M\u00e1s 2015 II Congreso Salesiano de Ciencia, Tecnolog\u00eda e Innovaci\u00f3n para la Sociedad (CITIS) 2015 Conoce M\u00e1s 2016 III Congreso Internacional de Ciencia, Tecnolog\u00eda e Innovaci\u00f3n para la Sociedad (CITIS) 2016. Conoce M\u00e1s 2017 IV International Conference of...\" \/>\n<meta property=\"og:url\" content=\"https:\/\/citis.ups.edu.ec\/es\/home\/conference-history\/\" \/>\n<meta property=\"og:site_name\" content=\"International Conference on Science, Technology &amp; Innovation | Guayaquil, Ecuador\" \/>\n<meta property=\"article:modified_time\" content=\"2026-03-27T21:08:13+00:00\" \/>\n<meta property=\"og:image\" content=\"http:\/\/citis.ups.edu.ec\/wp-content\/uploads\/sites\/5\/2024\/01\/citis-pequenos_0009_2014.png\" \/>\n<meta name=\"twitter:card\" content=\"summary_large_image\" \/>\n<meta name=\"twitter:label1\" content=\"Tiempo de lectura\" \/>\n\t<meta name=\"twitter:data1\" content=\"4 minutos\" \/>\n<script type=\"application\/ld+json\" class=\"yoast-schema-graph\">{\"@context\":\"https:\/\/schema.org\",\"@graph\":[{\"@type\":\"WebPage\",\"@id\":\"https:\/\/citis.ups.edu.ec\/home\/conference-history\/\",\"url\":\"https:\/\/citis.ups.edu.ec\/home\/conference-history\/\",\"name\":\"Conference history - International Conference on Science, Technology &amp; Innovation | Guayaquil, Ecuador\",\"isPartOf\":{\"@id\":\"https:\/\/citis.ups.edu.ec\/#website\"},\"primaryImageOfPage\":{\"@id\":\"https:\/\/citis.ups.edu.ec\/home\/conference-history\/#primaryimage\"},\"image\":{\"@id\":\"https:\/\/citis.ups.edu.ec\/home\/conference-history\/#primaryimage\"},\"thumbnailUrl\":\"http:\/\/citis.ups.edu.ec\/wp-content\/uploads\/sites\/5\/2024\/01\/citis-pequenos_0009_2014.png\",\"datePublished\":\"2024-01-12T08:02:57+00:00\",\"dateModified\":\"2026-03-27T21:08:13+00:00\",\"breadcrumb\":{\"@id\":\"https:\/\/citis.ups.edu.ec\/home\/conference-history\/#breadcrumb\"},\"inLanguage\":\"es\",\"potentialAction\":[{\"@type\":\"ReadAction\",\"target\":[\"https:\/\/citis.ups.edu.ec\/home\/conference-history\/\"]}]},{\"@type\":\"ImageObject\",\"inLanguage\":\"es\",\"@id\":\"https:\/\/citis.ups.edu.ec\/home\/conference-history\/#primaryimage\",\"url\":\"http:\/\/citis.ups.edu.ec\/wp-content\/uploads\/sites\/5\/2024\/01\/citis-pequenos_0009_2014.png\",\"contentUrl\":\"http:\/\/citis.ups.edu.ec\/wp-content\/uploads\/sites\/5\/2024\/01\/citis-pequenos_0009_2014.png\"},{\"@type\":\"BreadcrumbList\",\"@id\":\"https:\/\/citis.ups.edu.ec\/home\/conference-history\/#breadcrumb\",\"itemListElement\":[{\"@type\":\"ListItem\",\"position\":1,\"name\":\"Portada\",\"item\":\"https:\/\/citis.ups.edu.ec\/\"},{\"@type\":\"ListItem\",\"position\":2,\"name\":\"CITIS\",\"item\":\"https:\/\/citis.ups.edu.ec\/\"},{\"@type\":\"ListItem\",\"position\":3,\"name\":\"Conference history\"}]},{\"@type\":\"WebSite\",\"@id\":\"https:\/\/citis.ups.edu.ec\/#website\",\"url\":\"https:\/\/citis.ups.edu.ec\/\",\"name\":\"International Conference on Science, Technology &amp; Innovation | Guayaquil, Ecuador\",\"description\":\"International conference focused on the application of science, technological development, and innovation for society through engineering.\",\"publisher\":{\"@id\":\"https:\/\/citis.ups.edu.ec\/#organization\"},\"potentialAction\":[{\"@type\":\"SearchAction\",\"target\":{\"@type\":\"EntryPoint\",\"urlTemplate\":\"https:\/\/citis.ups.edu.ec\/?s={search_term_string}\"},\"query-input\":{\"@type\":\"PropertyValueSpecification\",\"valueRequired\":true,\"valueName\":\"search_term_string\"}}],\"inLanguage\":\"es\"},{\"@type\":\"Organization\",\"@id\":\"https:\/\/citis.ups.edu.ec\/#organization\",\"name\":\"International Conference on Science, Technology &amp; Innovation | Guayaquil, Ecuador\",\"url\":\"https:\/\/citis.ups.edu.ec\/\",\"logo\":{\"@type\":\"ImageObject\",\"inLanguage\":\"es\",\"@id\":\"https:\/\/citis.ups.edu.ec\/#\/schema\/logo\/image\/\",\"url\":\"https:\/\/citis.ups.edu.ec\/wp-content\/uploads\/sites\/5\/2025\/11\/cropped-Logo-CITIS-2026-Ingles-Horizontal-Dorado.png\",\"contentUrl\":\"https:\/\/citis.ups.edu.ec\/wp-content\/uploads\/sites\/5\/2025\/11\/cropped-Logo-CITIS-2026-Ingles-Horizontal-Dorado.png\",\"width\":1372,\"height\":465,\"caption\":\"International Conference on Science, Technology &amp; Innovation | Guayaquil, Ecuador\"},\"image\":{\"@id\":\"https:\/\/citis.ups.edu.ec\/#\/schema\/logo\/image\/\"}}]}<\/script>\n<!-- \/ Yoast SEO plugin. -->","yoast_head_json":{"title":"Conference history - International Conference on Science, Technology &amp; Innovation | Guayaquil, Ecuador","robots":{"index":"index","follow":"follow","max-snippet":"max-snippet:-1","max-image-preview":"max-image-preview:large","max-video-preview":"max-video-preview:-1"},"canonical":"https:\/\/citis.ups.edu.ec\/es\/home\/conference-history\/","og_locale":"es_ES","og_type":"article","og_title":"Conference history - International Conference on Science, Technology &amp; Innovation | Guayaquil, Ecuador","og_description":"Conference history 2014 I Congreso Salesiano de Ciencia, Tecnolog\u00eda e Innovaci\u00f3n para la Sociedad (CITIS) 2014 Conoce M\u00e1s 2015 II Congreso Salesiano de Ciencia, Tecnolog\u00eda e Innovaci\u00f3n para la Sociedad (CITIS) 2015 Conoce M\u00e1s 2016 III Congreso Internacional de Ciencia, Tecnolog\u00eda e Innovaci\u00f3n para la Sociedad (CITIS) 2016. Conoce M\u00e1s 2017 IV International Conference of...","og_url":"https:\/\/citis.ups.edu.ec\/es\/home\/conference-history\/","og_site_name":"International Conference on Science, Technology &amp; Innovation | Guayaquil, Ecuador","article_modified_time":"2026-03-27T21:08:13+00:00","og_image":[{"url":"http:\/\/citis.ups.edu.ec\/wp-content\/uploads\/sites\/5\/2024\/01\/citis-pequenos_0009_2014.png","type":"","width":"","height":""}],"twitter_card":"summary_large_image","twitter_misc":{"Tiempo de lectura":"4 minutos"},"schema":{"@context":"https:\/\/schema.org","@graph":[{"@type":"WebPage","@id":"https:\/\/citis.ups.edu.ec\/home\/conference-history\/","url":"https:\/\/citis.ups.edu.ec\/home\/conference-history\/","name":"Conference history - International Conference on Science, Technology &amp; Innovation | Guayaquil, Ecuador","isPartOf":{"@id":"https:\/\/citis.ups.edu.ec\/#website"},"primaryImageOfPage":{"@id":"https:\/\/citis.ups.edu.ec\/home\/conference-history\/#primaryimage"},"image":{"@id":"https:\/\/citis.ups.edu.ec\/home\/conference-history\/#primaryimage"},"thumbnailUrl":"http:\/\/citis.ups.edu.ec\/wp-content\/uploads\/sites\/5\/2024\/01\/citis-pequenos_0009_2014.png","datePublished":"2024-01-12T08:02:57+00:00","dateModified":"2026-03-27T21:08:13+00:00","breadcrumb":{"@id":"https:\/\/citis.ups.edu.ec\/home\/conference-history\/#breadcrumb"},"inLanguage":"es","potentialAction":[{"@type":"ReadAction","target":["https:\/\/citis.ups.edu.ec\/home\/conference-history\/"]}]},{"@type":"ImageObject","inLanguage":"es","@id":"https:\/\/citis.ups.edu.ec\/home\/conference-history\/#primaryimage","url":"http:\/\/citis.ups.edu.ec\/wp-content\/uploads\/sites\/5\/2024\/01\/citis-pequenos_0009_2014.png","contentUrl":"http:\/\/citis.ups.edu.ec\/wp-content\/uploads\/sites\/5\/2024\/01\/citis-pequenos_0009_2014.png"},{"@type":"BreadcrumbList","@id":"https:\/\/citis.ups.edu.ec\/home\/conference-history\/#breadcrumb","itemListElement":[{"@type":"ListItem","position":1,"name":"Portada","item":"https:\/\/citis.ups.edu.ec\/"},{"@type":"ListItem","position":2,"name":"CITIS","item":"https:\/\/citis.ups.edu.ec\/"},{"@type":"ListItem","position":3,"name":"Conference history"}]},{"@type":"WebSite","@id":"https:\/\/citis.ups.edu.ec\/#website","url":"https:\/\/citis.ups.edu.ec\/","name":"International Conference on Science, Technology &amp; Innovation | Guayaquil, Ecuador","description":"International conference focused on the application of science, technological development, and innovation for society through engineering.","publisher":{"@id":"https:\/\/citis.ups.edu.ec\/#organization"},"potentialAction":[{"@type":"SearchAction","target":{"@type":"EntryPoint","urlTemplate":"https:\/\/citis.ups.edu.ec\/?s={search_term_string}"},"query-input":{"@type":"PropertyValueSpecification","valueRequired":true,"valueName":"search_term_string"}}],"inLanguage":"es"},{"@type":"Organization","@id":"https:\/\/citis.ups.edu.ec\/#organization","name":"International Conference on Science, Technology &amp; Innovation | Guayaquil, Ecuador","url":"https:\/\/citis.ups.edu.ec\/","logo":{"@type":"ImageObject","inLanguage":"es","@id":"https:\/\/citis.ups.edu.ec\/#\/schema\/logo\/image\/","url":"https:\/\/citis.ups.edu.ec\/wp-content\/uploads\/sites\/5\/2025\/11\/cropped-Logo-CITIS-2026-Ingles-Horizontal-Dorado.png","contentUrl":"https:\/\/citis.ups.edu.ec\/wp-content\/uploads\/sites\/5\/2025\/11\/cropped-Logo-CITIS-2026-Ingles-Horizontal-Dorado.png","width":1372,"height":465,"caption":"International Conference on Science, Technology &amp; Innovation | Guayaquil, Ecuador"},"image":{"@id":"https:\/\/citis.ups.edu.ec\/#\/schema\/logo\/image\/"}}]}},"_links":{"self":[{"href":"https:\/\/citis.ups.edu.ec\/es\/wp-json\/wp\/v2\/pages\/2169","targetHints":{"allow":["GET"]}}],"collection":[{"href":"https:\/\/citis.ups.edu.ec\/es\/wp-json\/wp\/v2\/pages"}],"about":[{"href":"https:\/\/citis.ups.edu.ec\/es\/wp-json\/wp\/v2\/types\/page"}],"author":[{"embeddable":true,"href":"https:\/\/citis.ups.edu.ec\/es\/wp-json\/wp\/v2\/users\/3"}],"replies":[{"embeddable":true,"href":"https:\/\/citis.ups.edu.ec\/es\/wp-json\/wp\/v2\/comments?post=2169"}],"version-history":[{"count":74,"href":"https:\/\/citis.ups.edu.ec\/es\/wp-json\/wp\/v2\/pages\/2169\/revisions"}],"predecessor-version":[{"id":10814,"href":"https:\/\/citis.ups.edu.ec\/es\/wp-json\/wp\/v2\/pages\/2169\/revisions\/10814"}],"up":[{"embeddable":true,"href":"https:\/\/citis.ups.edu.ec\/es\/wp-json\/wp\/v2\/pages\/10"}],"wp:attachment":[{"href":"https:\/\/citis.ups.edu.ec\/es\/wp-json\/wp\/v2\/media?parent=2169"}],"curies":[{"name":"wp","href":"https:\/\/api.w.org\/{rel}","templated":true}]}}