{"id":2162,"date":"2024-01-12T02:57:25","date_gmt":"2024-01-12T07:57:25","guid":{"rendered":"https:\/\/citis.ups.edu.ec\/?page_id=2162"},"modified":"2026-04-11T19:11:17","modified_gmt":"2026-04-12T00:11:17","slug":"guayaquil","status":"publish","type":"page","link":"https:\/\/citis.ups.edu.ec\/es\/guayaquil\/","title":{"rendered":"Tourism"},"content":{"rendered":"<div data-elementor-type=\"wp-page\" data-elementor-id=\"2162\" class=\"elementor elementor-2162\" data-elementor-post-type=\"page\">\n\t\t\t\t<div class=\"elementor-element elementor-element-2cce437f e-flex e-con-boxed e-con e-parent\" data-id=\"2cce437f\" data-element_type=\"container\" data-e-type=\"container\" data-settings=\"{&quot;background_background&quot;:&quot;classic&quot;}\">\n\t\t\t\t\t<div class=\"e-con-inner\">\n\t\t<div class=\"elementor-element elementor-element-f2eeea1 e-con-full e-flex e-con e-child\" data-id=\"f2eeea1\" data-element_type=\"container\" data-e-type=\"container\">\n\t\t\t\t<div class=\"elementor-element elementor-element-6244e15 elementor-headline--style-highlight elementor-widget elementor-widget-animated-headline\" data-id=\"6244e15\" data-element_type=\"widget\" data-e-type=\"widget\" data-settings=\"{&quot;marker&quot;:&quot;underline_zigzag&quot;,&quot;highlighted_text&quot;:&quot;Guayaquil&quot;,&quot;headline_style&quot;:&quot;highlight&quot;,&quot;loop&quot;:&quot;yes&quot;,&quot;highlight_animation_duration&quot;:1200,&quot;highlight_iteration_delay&quot;:8000}\" data-widget_type=\"animated-headline.default\">\n\t\t\t\t<div class=\"elementor-widget-container\">\n\t\t\t\t\t\t\t<h3 class=\"elementor-headline\">\n\t\t\t\t\t<span class=\"elementor-headline-plain-text elementor-headline-text-wrapper\">Descubre <\/span>\n\t\t\t\t<span class=\"elementor-headline-dynamic-wrapper elementor-headline-text-wrapper\">\n\t\t\t\t\t<span class=\"elementor-headline-dynamic-text elementor-headline-text-active\">Guayaquil<\/span>\n\t\t\t\t<\/span>\n\t\t\t\t<\/h3>\n\t\t\t\t\t\t<\/div>\n\t\t\t\t<\/div>\n\t\t\t\t<\/div>\n\t\t\t\t\t<\/div>\n\t\t\t\t<\/div>\n\t\t<div class=\"elementor-element elementor-element-cb4c763 e-con-full e-flex e-con e-parent\" data-id=\"cb4c763\" data-element_type=\"container\" data-e-type=\"container\" data-settings=\"{&quot;background_background&quot;:&quot;classic&quot;}\">\n\t\t\t\t<div class=\"elementor-element elementor-element-31105a0 elementor-pagination-position-outside elementor--h-position-center elementor--v-position-middle elementor-invisible elementor-widget elementor-widget-slides\" data-id=\"31105a0\" data-element_type=\"widget\" data-e-type=\"widget\" data-settings=\"{&quot;navigation&quot;:&quot;dots&quot;,&quot;transition&quot;:&quot;fade&quot;,&quot;autoplay_speed&quot;:&quot;7000&quot;,&quot;_animation&quot;:&quot;fadeIn&quot;,&quot;autoplay&quot;:&quot;yes&quot;,&quot;pause_on_hover&quot;:&quot;yes&quot;,&quot;infinite&quot;:&quot;yes&quot;,&quot;transition_speed&quot;:500}\" data-widget_type=\"slides.default\">\n\t\t\t\t<div class=\"elementor-widget-container\">\n\t\t\t\t\t\t\t<div class=\"elementor-swiper\">\n\t\t\t<div class=\"elementor-slides-wrapper elementor-main-swiper swiper-container\" dir=\"ltr\" data-animation=\"\">\n\t\t\t\t<div class=\"swiper-wrapper elementor-slides\">\n\t\t\t\t\t\t\t\t\t\t<div class=\"elementor-repeater-item-3f473ee swiper-slide\"><div class=\"swiper-slide-bg elementor-ken-burns elementor-ken-burns--in\" role=\"img\"><\/div><div class=\"elementor-background-overlay\"><\/div><div class=\"swiper-slide-inner\" ><div class=\"swiper-slide-contents\"><div class=\"elementor-slide-heading\">Malec\u00f3n 2000: La mejor vista de Guayaquil<\/div><div class=\"elementor-slide-description\">El Malec\u00f3n 2000 de Guayaquil es un impresionante paseo mar\u00edtimo que ha transformado el horizonte de la ciudad. Este espacio urbano revitalizado ofrece a los visitantes una mezcla \u00fanica de historia, cultura y comodidades modernas. Paseando por el Malec\u00f3n, encontrar\u00e1 hermosos jardines, monumentos hist\u00f3ricos y una gran variedad de opciones de entretenimiento.<\/div><a href=\"https:\/\/maps.app.goo.gl\/hjopfpNrv4LpWb3y8\" class=\"elementor-button elementor-slide-button elementor-size-sm\">Ubicaci\u00f3n<\/a><\/div><\/div><\/div><div class=\"elementor-repeater-item-12fa826 swiper-slide\"><div class=\"swiper-slide-bg elementor-ken-burns elementor-ken-burns--in\" role=\"img\"><\/div><div class=\"elementor-background-overlay\"><\/div><div class=\"swiper-slide-inner\" ><div class=\"swiper-slide-contents\"><div class=\"elementor-slide-heading\">Las Pe\u00f1as: el encanto hist\u00f3rico de Guayaquil<\/div><div class=\"elementor-slide-description\">Encaramado en el Cerro Santa Ana, Las Pe\u00f1as es el barrio m\u00e1s antiguo de Guayaquil y una visita obligada para cualquier viajero que desee conocer la rica historia de la ciudad. Este encantador distrito se caracteriza por sus coloridas casas de estilo colonial, sus calles empedradas y sus impresionantes vistas del r\u00edo Guayas.\n<\/div><a href=\"https:\/\/maps.app.goo.gl\/EwsD67C8VnM6SR7H7\" class=\"elementor-button elementor-slide-button elementor-size-sm\">Ubicaci\u00f3n<\/a><\/div><\/div><\/div><div class=\"elementor-repeater-item-63ea789 swiper-slide\"><div class=\"swiper-slide-bg elementor-ken-burns elementor-ken-burns--in\" role=\"img\"><\/div><div class=\"elementor-background-overlay\"><\/div><div class=\"swiper-slide-inner\" ><div class=\"swiper-slide-contents\"><div class=\"elementor-slide-heading\">Parque Hist\u00f3rico de Guayaquil: Un viaje en el tiempo<\/div><div class=\"elementor-slide-description\">El Parque Hist\u00f3rico de Guayaquil es un museo al aire libre \u00fanico que ofrece a los visitantes una visi\u00f3n de la rica historia y belleza natural de la ciudad. Situado a las afueras de Guayaquil, este extenso parque recrea la vida tradicional ecuatoriana y muestra el diverso ecosistema de la regi\u00f3n.<\/div><a href=\"https:\/\/maps.app.goo.gl\/CoJVtadY7o5YQwPL6\" class=\"elementor-button elementor-slide-button elementor-size-sm\">Ubicaci\u00f3n<\/a><\/div><\/div><\/div><div class=\"elementor-repeater-item-df93b19 swiper-slide\"><div class=\"swiper-slide-bg elementor-ken-burns elementor-ken-burns--in\" role=\"img\"><\/div><div class=\"elementor-background-overlay\"><\/div><div class=\"swiper-slide-inner\" ><div class=\"swiper-slide-contents\"><div class=\"elementor-slide-heading\">El Museo del Chocolate: Un dulce viaje por la historia de Ecuador<\/div><div class=\"elementor-slide-description\">Situado en el coraz\u00f3n de Guayaquil, el Museo del Chocolate es una visita obligada tanto para los amantes del chocolate como para los aficionados a la historia. Este cautivador museo lleva a los visitantes en un viaje a trav\u00e9s de la fascinante historia del cacao en Ecuador, desde sus antiguos or\u00edgenes hasta su producci\u00f3n actual.<\/div><a href=\"https:\/\/maps.app.goo.gl\/rvLXkSTCvVHJ68vJ7\" class=\"elementor-button elementor-slide-button elementor-size-sm\">Ubicaci\u00f3n<\/a><\/div><\/div><\/div><div class=\"elementor-repeater-item-d88f50e swiper-slide\"><div class=\"swiper-slide-bg elementor-ken-burns elementor-ken-burns--in\" role=\"img\"><\/div><div class=\"elementor-background-overlay\"><\/div><div class=\"swiper-slide-inner\" ><div class=\"swiper-slide-contents\"><div class=\"elementor-slide-heading\">Plaza Lagos: el oasis urbano de Guayaquil<\/div><div class=\"elementor-slide-description\">Plaza Lagos es un moderno y exclusivo complejo comercial y de ocio situado en el coraz\u00f3n de Samborond\u00f3n, un suburbio de Guayaquil. Este complejo de uso mixto ofrece una combinaci\u00f3n \u00fanica de comercios, restaurantes y actividades de ocio, lo que lo convierte en un destino popular tanto para la poblaci\u00f3n local como para los turistas.<\/div><a href=\"https:\/\/maps.app.goo.gl\/qQ8GuTi1vUtymKV57\" class=\"elementor-button elementor-slide-button elementor-size-sm\">Ubicaci\u00f3n<\/a><\/div><\/div><\/div>\t\t\t\t<\/div>\n\t\t\t\t\t\t\t\t\t\t\t\t\t\t\t<div class=\"swiper-pagination\"><\/div>\n\t\t\t\t\t\t\t\t\t\t\t\t\t\t\t\t\t<\/div>\n\t\t<\/div>\n\t\t\t\t\t\t<\/div>\n\t\t\t\t<\/div>\n\t\t\t\t<\/div>\n\t\t<div class=\"elementor-element elementor-element-e8447fd e-flex e-con-boxed e-con e-parent\" data-id=\"e8447fd\" data-element_type=\"container\" data-e-type=\"container\">\n\t\t\t\t\t<div class=\"e-con-inner\">\n\t\t<div class=\"elementor-element elementor-element-de95bba e-con-full e-flex e-con e-child\" data-id=\"de95bba\" data-element_type=\"container\" data-e-type=\"container\">\n\t\t\t\t<div class=\"elementor-element elementor-element-aff2cdb elementor-widget__width-initial elementor-widget elementor-widget-elementskit-lottie\" data-id=\"aff2cdb\" data-element_type=\"widget\" data-e-type=\"widget\" data-widget_type=\"elementskit-lottie.default\">\n\t\t\t\t<div class=\"elementor-widget-container\">\n\t\t\t\t\t<div class=\"ekit-wid-con\" ><div id=\"ekit_lottie_aff2cdb\" class=\"ekit_lottie\" data-autoplay=\"true\" data-on-scroll=\"\" data-speed=\"1\" data-direction=\"\" data-action=\"pause\" data-renderer=\"svg\" data-path=\"https:\/\/citis.ups.edu.ec\/wp-content\/uploads\/sites\/5\/2025\/03\/Animation-1741380301756.json\" data-loop=\"true\">&nbsp;<\/div><\/div>\t\t\t\t<\/div>\n\t\t\t\t<\/div>\n\t\t\t\t<\/div>\n\t\t<div class=\"elementor-element elementor-element-814a136 e-con-full e-flex e-con e-child\" data-id=\"814a136\" data-element_type=\"container\" data-e-type=\"container\">\n\t\t\t\t<div class=\"elementor-element elementor-element-7938b97 elementor-widget elementor-widget-text-editor\" data-id=\"7938b97\" data-element_type=\"widget\" data-e-type=\"widget\" data-widget_type=\"text-editor.default\">\n\t\t\t\t<div class=\"elementor-widget-container\">\n\t\t\t\t\t\t\t\t\t<h3><strong>Qu\u00e9 llevar:<\/strong><\/h3><p>Prepare una buena maleta para el Congreso. Aunque las previsiones anuncian d\u00edas agradables, siempre conviene estar preparado. Aqu\u00ed tiene una lista de cosas que llevar:<\/p><ul><li><strong>Protector solar:<\/strong> Imprescindible para proteger la piel del sol tropical, especialmente durante las actividades al aire libre.<\/li><li><strong>Repelente de insectos:<\/strong> Mant\u00e9n a raya a los molestos mosquitos y mantente c\u00f3modo.<\/li><li><strong>Zapatos cerrados:<\/strong> Ante la posibilidad de chubascos repentinos, los zapatos cerrados le mantendr\u00e1n seco y con estilo.<\/li><li><strong>Abrigo ligero:<\/strong> Incluso en espacios interiores con aire acondicionado, un abrigo ligero es \u00fatil para adaptarse a los cambios de temperatura entre el interior y el exterior.<\/li><\/ul>\t\t\t\t\t\t\t\t<\/div>\n\t\t\t\t<\/div>\n\t\t\t\t<\/div>\n\t\t\t\t\t<\/div>\n\t\t\t\t<\/div>\n\t\t<div class=\"elementor-element elementor-element-30abf229 e-flex e-con-boxed e-con e-parent\" data-id=\"30abf229\" data-element_type=\"container\" data-e-type=\"container\" data-settings=\"{&quot;background_background&quot;:&quot;classic&quot;}\">\n\t\t\t\t\t<div class=\"e-con-inner\">\n\t\t\t\t<div class=\"elementor-element elementor-element-c414775 elementor-widget elementor-widget-elementskit-heading\" data-id=\"c414775\" data-element_type=\"widget\" data-e-type=\"widget\" data-widget_type=\"elementskit-heading.default\">\n\t\t\t\t<div class=\"elementor-widget-container\">\n\t\t\t\t\t<div class=\"ekit-wid-con\" ><div class=\"ekit-heading elementskit-section-title-wraper text_center   ekit_heading_tablet-   ekit_heading_mobile-\"><h2 class=\"ekit-heading--title elementskit-section-title\">Centros comerciales<\/h2><div class=\"ekit_heading_separetor_wraper ekit_heading_elementskit-border-divider ekit-dotted\"><div class=\"elementskit-border-divider ekit-dotted\"><\/div><\/div><\/div><\/div>\t\t\t\t<\/div>\n\t\t\t\t<\/div>\n\t\t<div class=\"elementor-element elementor-element-25c2df48 e-con-full e-grid e-con e-child\" data-id=\"25c2df48\" data-element_type=\"container\" data-e-type=\"container\">\n\t\t\t\t<div class=\"elementor-element elementor-element-3e0c437 ekit-equal-height-enable elementor-widget elementor-widget-elementskit-icon-box\" data-id=\"3e0c437\" data-element_type=\"widget\" data-e-type=\"widget\" data-widget_type=\"elementskit-icon-box.default\">\n\t\t\t\t<div class=\"elementor-widget-container\">\n\t\t\t\t\t<div class=\"ekit-wid-con\" >        <!-- link opening -->\n                <!-- end link opening -->\n\n        <div class=\"elementskit-infobox text-left text-left icon-lef-right-aligin elementor-animation- media gradient-active  hover_from_left\">\n                    <div class=\"elementskit-box-header elementor-animation-\">\n                <div class=\"elementskit-info-box-icon  text-center\">\n                    <i aria-hidden=\"true\" class=\"elementkit-infobox-icon far fa-building\"><\/i>\n                <\/div>\n          <\/div>\n                        <div class=\"box-body\">\n                            <h3 class=\"elementskit-info-box-title\">\n                    San Marino                <\/h3>\n                        \t\t  \t<p>Direcci\u00f3n: Av. Francisco de Orellana y Plaza Da\u00f1\u00edn.<\/p>\n                                        <div class=\"box-footer disable_hover_button\">\n                    <div class=\"btn-wraper\">\n                                                            <a class=\"elementskit-btn whitespace--normal\" href=\"https:\/\/maps.app.goo.gl\/ntwNXtjULRN5QomLA\">\n                                        Ubicaci\u00f3n                                        <i aria-hidden=\"true\" class=\"icon icon-map-marker\"><\/i>                                    <\/a>\n                                                        <\/div>\n                <\/div>\n                    <\/div>\n        \n        \n                <\/div>\n        <\/div>\t\t\t\t<\/div>\n\t\t\t\t<\/div>\n\t\t\t\t<div class=\"elementor-element elementor-element-a07e74b ekit-equal-height-enable elementor-widget elementor-widget-elementskit-icon-box\" data-id=\"a07e74b\" data-element_type=\"widget\" data-e-type=\"widget\" data-widget_type=\"elementskit-icon-box.default\">\n\t\t\t\t<div class=\"elementor-widget-container\">\n\t\t\t\t\t<div class=\"ekit-wid-con\" >        <!-- link opening -->\n                <!-- end link opening -->\n\n        <div class=\"elementskit-infobox text-left text-left icon-lef-right-aligin elementor-animation- media gradient-active  hover_from_left\">\n                    <div class=\"elementskit-box-header elementor-animation-\">\n                <div class=\"elementskit-info-box-icon  text-center\">\n                    <i aria-hidden=\"true\" class=\"elementkit-infobox-icon far fa-building\"><\/i>\n                <\/div>\n          <\/div>\n                        <div class=\"box-body\">\n                            <h3 class=\"elementskit-info-box-title\">\n                    Riocentro Entre R\u00edos                <\/h3>\n                        \t\t  \t<p>Direcci\u00f3n: Km 1 de la Av. Samborond\u00f3n.<\/p>\n                                        <div class=\"box-footer disable_hover_button\">\n                    <div class=\"btn-wraper\">\n                                                            <a class=\"elementskit-btn whitespace--normal\" href=\"https:\/\/maps.app.goo.gl\/yKf7XE8gfzsQSvCZA\">\n                                        Ubicaci\u00f3n                                        <i aria-hidden=\"true\" class=\"icon icon-map-marker\"><\/i>                                    <\/a>\n                                                        <\/div>\n                <\/div>\n                    <\/div>\n        \n        \n                <\/div>\n        <\/div>\t\t\t\t<\/div>\n\t\t\t\t<\/div>\n\t\t\t\t<div class=\"elementor-element elementor-element-4133422 ekit-equal-height-enable elementor-widget elementor-widget-elementskit-icon-box\" data-id=\"4133422\" data-element_type=\"widget\" data-e-type=\"widget\" data-widget_type=\"elementskit-icon-box.default\">\n\t\t\t\t<div class=\"elementor-widget-container\">\n\t\t\t\t\t<div class=\"ekit-wid-con\" >        <!-- link opening -->\n                <!-- end link opening -->\n\n        <div class=\"elementskit-infobox text-left text-left icon-lef-right-aligin elementor-animation- media gradient-active  hover_from_left\">\n                    <div class=\"elementskit-box-header elementor-animation-\">\n                <div class=\"elementskit-info-box-icon  text-center\">\n                    <i aria-hidden=\"true\" class=\"elementkit-infobox-icon far fa-building\"><\/i>\n                <\/div>\n          <\/div>\n                        <div class=\"box-body\">\n                            <h3 class=\"elementskit-info-box-title\">\n                    Village Plaza                <\/h3>\n                        \t\t  \t<p>Direcci\u00f3n: Av. Samborond\u00f3n, La Puntilla.<\/p>\n                                        <div class=\"box-footer disable_hover_button\">\n                    <div class=\"btn-wraper\">\n                                                            <a class=\"elementskit-btn whitespace--normal\" href=\"https:\/\/maps.app.goo.gl\/1XTvQEF92sD8JnHr9\">\n                                        Ubicaci\u00f3n                                        <i aria-hidden=\"true\" class=\"icon icon-map-marker\"><\/i>                                    <\/a>\n                                                        <\/div>\n                <\/div>\n                    <\/div>\n        \n        \n                <\/div>\n        <\/div>\t\t\t\t<\/div>\n\t\t\t\t<\/div>\n\t\t\t\t<div class=\"elementor-element elementor-element-35edd10 ekit-equal-height-enable elementor-widget elementor-widget-elementskit-icon-box\" data-id=\"35edd10\" data-element_type=\"widget\" data-e-type=\"widget\" data-widget_type=\"elementskit-icon-box.default\">\n\t\t\t\t<div class=\"elementor-widget-container\">\n\t\t\t\t\t<div class=\"ekit-wid-con\" >        <!-- link opening -->\n                <!-- end link opening -->\n\n        <div class=\"elementskit-infobox text-left text-left icon-lef-right-aligin elementor-animation- media gradient-active  hover_from_left\">\n                    <div class=\"elementskit-box-header elementor-animation-\">\n                <div class=\"elementskit-info-box-icon  text-center\">\n                    <i aria-hidden=\"true\" class=\"elementkit-infobox-icon far fa-building\"><\/i>\n                <\/div>\n          <\/div>\n                        <div class=\"box-body\">\n                            <h3 class=\"elementskit-info-box-title\">\n                    Mall del Sol                <\/h3>\n                        \t\t  \t<p>Direcci\u00f3n: Av. Joaqu\u00edn Orrantia y Av. Juan Tanca Marengo.<\/p>\n                                        <div class=\"box-footer disable_hover_button\">\n                    <div class=\"btn-wraper\">\n                                                            <a class=\"elementskit-btn whitespace--normal\" href=\"https:\/\/maps.app.goo.gl\/TxCpCwUxwYYEXfFW9\">\n                                        Ubicaci\u00f3n                                        <i aria-hidden=\"true\" class=\"icon icon-map-marker\"><\/i>                                    <\/a>\n                                                        <\/div>\n                <\/div>\n                    <\/div>\n        \n        \n                <\/div>\n        <\/div>\t\t\t\t<\/div>\n\t\t\t\t<\/div>\n\t\t\t\t<div class=\"elementor-element elementor-element-397c2fd ekit-equal-height-enable elementor-widget elementor-widget-elementskit-icon-box\" data-id=\"397c2fd\" data-element_type=\"widget\" data-e-type=\"widget\" data-widget_type=\"elementskit-icon-box.default\">\n\t\t\t\t<div class=\"elementor-widget-container\">\n\t\t\t\t\t<div class=\"ekit-wid-con\" >        <!-- link opening -->\n                <!-- end link opening -->\n\n        <div class=\"elementskit-infobox text-left text-left icon-lef-right-aligin elementor-animation- media gradient-active  hover_from_left\">\n                    <div class=\"elementskit-box-header elementor-animation-\">\n                <div class=\"elementskit-info-box-icon  text-center\">\n                    <i aria-hidden=\"true\" class=\"elementkit-infobox-icon far fa-building\"><\/i>\n                <\/div>\n          <\/div>\n                        <div class=\"box-body\">\n                            <h3 class=\"elementskit-info-box-title\">\n                    City Mall                <\/h3>\n                        \t\t  \t<p>Direcci\u00f3n: Av. Benjam\u00edn Carri\u00f3n Mora y Pedro Valverde \u00c1lvarez.<\/p>\n                                        <div class=\"box-footer disable_hover_button\">\n                    <div class=\"btn-wraper\">\n                                                            <a class=\"elementskit-btn whitespace--normal\" href=\"https:\/\/maps.app.goo.gl\/rpJAHexFPq76XgDRA\">\n                                        Ubicaci\u00f3n                                        <i aria-hidden=\"true\" class=\"icon icon-map-marker\"><\/i>                                    <\/a>\n                                                        <\/div>\n                <\/div>\n                    <\/div>\n        \n        \n                <\/div>\n        <\/div>\t\t\t\t<\/div>\n\t\t\t\t<\/div>\n\t\t\t\t<div class=\"elementor-element elementor-element-f21cbb0 ekit-equal-height-enable elementor-widget elementor-widget-elementskit-icon-box\" data-id=\"f21cbb0\" data-element_type=\"widget\" data-e-type=\"widget\" data-widget_type=\"elementskit-icon-box.default\">\n\t\t\t\t<div class=\"elementor-widget-container\">\n\t\t\t\t\t<div class=\"ekit-wid-con\" >        <!-- link opening -->\n                <!-- end link opening -->\n\n        <div class=\"elementskit-infobox text-left text-left icon-lef-right-aligin elementor-animation- media gradient-active  hover_from_left\">\n                    <div class=\"elementskit-box-header elementor-animation-\">\n                <div class=\"elementskit-info-box-icon  text-center\">\n                    <i aria-hidden=\"true\" class=\"elementkit-infobox-icon far fa-building\"><\/i>\n                <\/div>\n          <\/div>\n                        <div class=\"box-body\">\n                            <h3 class=\"elementskit-info-box-title\">\n                    Alhambra                <\/h3>\n                        \t\t  \t<p>Direcci\u00f3n: V\u00eda a Samborond\u00f3n y Calle Celeste Blacio de Rend\u00f3n.<\/p>\n                                        <div class=\"box-footer disable_hover_button\">\n                    <div class=\"btn-wraper\">\n                                                            <a class=\"elementskit-btn whitespace--normal\" href=\"https:\/\/maps.app.goo.gl\/6j4LmmbBRJ6NapuRA\">\n                                        Ubicaci\u00f3n                                        <i aria-hidden=\"true\" class=\"icon icon-map-marker\"><\/i>                                    <\/a>\n                                                        <\/div>\n                <\/div>\n                    <\/div>\n        \n        \n                <\/div>\n        <\/div>\t\t\t\t<\/div>\n\t\t\t\t<\/div>\n\t\t\t\t<div class=\"elementor-element elementor-element-45b6731 ekit-equal-height-enable elementor-widget elementor-widget-elementskit-icon-box\" data-id=\"45b6731\" data-element_type=\"widget\" data-e-type=\"widget\" data-widget_type=\"elementskit-icon-box.default\">\n\t\t\t\t<div class=\"elementor-widget-container\">\n\t\t\t\t\t<div class=\"ekit-wid-con\" >        <!-- link opening -->\n                <!-- end link opening -->\n\n        <div class=\"elementskit-infobox text-left text-left icon-lef-right-aligin elementor-animation- media gradient-active  hover_from_left\">\n                    <div class=\"elementskit-box-header elementor-animation-\">\n                <div class=\"elementskit-info-box-icon  text-center\">\n                    <i aria-hidden=\"true\" class=\"elementkit-infobox-icon far fa-building\"><\/i>\n                <\/div>\n          <\/div>\n                        <div class=\"box-body\">\n                            <h3 class=\"elementskit-info-box-title\">\n                    Riocentro Los Ceibos                <\/h3>\n                        \t\t  \t<p>Direcci\u00f3n: Av. Del Bombero, Los Ceibos.<\/p>\n                                        <div class=\"box-footer disable_hover_button\">\n                    <div class=\"btn-wraper\">\n                                                            <a class=\"elementskit-btn whitespace--normal\" href=\"https:\/\/maps.app.goo.gl\/6Z7jSBbnzbpLSc4o6\">\n                                        Ubicaci\u00f3n                                        <i aria-hidden=\"true\" class=\"icon icon-map-marker\"><\/i>                                    <\/a>\n                                                        <\/div>\n                <\/div>\n                    <\/div>\n        \n        \n                <\/div>\n        <\/div>\t\t\t\t<\/div>\n\t\t\t\t<\/div>\n\t\t\t\t<div class=\"elementor-element elementor-element-755d3a3 ekit-equal-height-enable elementor-widget elementor-widget-elementskit-icon-box\" data-id=\"755d3a3\" data-element_type=\"widget\" data-e-type=\"widget\" data-widget_type=\"elementskit-icon-box.default\">\n\t\t\t\t<div class=\"elementor-widget-container\">\n\t\t\t\t\t<div class=\"ekit-wid-con\" >        <!-- link opening -->\n                <!-- end link opening -->\n\n        <div class=\"elementskit-infobox text-left text-left icon-lef-right-aligin elementor-animation- media gradient-active  hover_from_left\">\n                    <div class=\"elementskit-box-header elementor-animation-\">\n                <div class=\"elementskit-info-box-icon  text-center\">\n                    <i aria-hidden=\"true\" class=\"elementkit-infobox-icon far fa-building\"><\/i>\n                <\/div>\n          <\/div>\n                        <div class=\"box-body\">\n                            <h3 class=\"elementskit-info-box-title\">\n                    Plaza Navona                <\/h3>\n                        \t\t  \t<p>Direcci\u00f3n: Km 5 de la Av. Samborond\u00f3n.<\/p>\n                                        <div class=\"box-footer disable_hover_button\">\n                    <div class=\"btn-wraper\">\n                                                            <a class=\"elementskit-btn whitespace--normal\" href=\"https:\/\/maps.app.goo.gl\/KFs7G8ERzBuD9ezn8\">\n                                        Ubicaci\u00f3n                                        <i aria-hidden=\"true\" class=\"icon icon-map-marker\"><\/i>                                    <\/a>\n                                                        <\/div>\n                <\/div>\n                    <\/div>\n        \n        \n                <\/div>\n        <\/div>\t\t\t\t<\/div>\n\t\t\t\t<\/div>\n\t\t\t\t<\/div>\n\t\t\t\t\t<\/div>\n\t\t\t\t<\/div>\n\t\t<div class=\"elementor-element elementor-element-e5d4f94 e-flex e-con-boxed e-con e-parent\" data-id=\"e5d4f94\" data-element_type=\"container\" data-e-type=\"container\">\n\t\t\t\t\t<div class=\"e-con-inner\">\n\t\t\t\t<div class=\"elementor-element elementor-element-a544a0e elementor-arrows-position-inside elementor-pagination-position-outside elementor-widget elementor-widget-image-carousel\" data-id=\"a544a0e\" data-element_type=\"widget\" data-e-type=\"widget\" data-settings=\"{&quot;navigation&quot;:&quot;both&quot;,&quot;autoplay&quot;:&quot;yes&quot;,&quot;pause_on_hover&quot;:&quot;yes&quot;,&quot;pause_on_interaction&quot;:&quot;yes&quot;,&quot;autoplay_speed&quot;:5000,&quot;infinite&quot;:&quot;yes&quot;,&quot;speed&quot;:500}\" data-widget_type=\"image-carousel.default\">\n\t\t\t\t<div class=\"elementor-widget-container\">\n\t\t\t\t\t\t\t<div class=\"elementor-image-carousel-wrapper swiper\" role=\"region\" aria-roledescription=\"carousel\" aria-label=\"Image Carousel\" dir=\"ltr\">\n\t\t\t<div class=\"elementor-image-carousel swiper-wrapper\" aria-live=\"off\">\n\t\t\t\t\t\t\t\t<div class=\"swiper-slide\" role=\"group\" aria-roledescription=\"slide\" aria-label=\"1 de 7\" data-no-translation-aria-label=\"\"><figure class=\"swiper-slide-inner\"><img decoding=\"async\" class=\"swiper-slide-image\" src=\"https:\/\/citis.ups.edu.ec\/wp-content\/uploads\/sites\/5\/2025\/03\/galeria-ima-guayaquil-1-768x512.jpg\" alt=\"galeria-ima-guayaquil-1\" \/><\/figure><\/div><div class=\"swiper-slide\" role=\"group\" aria-roledescription=\"slide\" aria-label=\"2 de 7\" data-no-translation-aria-label=\"\"><figure class=\"swiper-slide-inner\"><img decoding=\"async\" class=\"swiper-slide-image\" src=\"https:\/\/citis.ups.edu.ec\/wp-content\/uploads\/sites\/5\/2025\/03\/galeria-ima-guayaquil-2-768x510.jpg\" alt=\"galeria-ima-guayaquil-2\" \/><\/figure><\/div><div class=\"swiper-slide\" role=\"group\" aria-roledescription=\"slide\" aria-label=\"3 de 7\" data-no-translation-aria-label=\"\"><figure class=\"swiper-slide-inner\"><img decoding=\"async\" class=\"swiper-slide-image\" src=\"https:\/\/citis.ups.edu.ec\/wp-content\/uploads\/sites\/5\/2025\/03\/galeria-ima-guayaquil-3-768x512.jpg\" alt=\"galeria-ima-guayaquil-3\" \/><\/figure><\/div><div class=\"swiper-slide\" role=\"group\" aria-roledescription=\"slide\" aria-label=\"4 de 7\" data-no-translation-aria-label=\"\"><figure class=\"swiper-slide-inner\"><img decoding=\"async\" class=\"swiper-slide-image\" src=\"https:\/\/citis.ups.edu.ec\/wp-content\/uploads\/sites\/5\/2025\/03\/galeria-ima-guayaquil-4-768x512.jpg\" alt=\"galeria-ima-guayaquil-4\" \/><\/figure><\/div><div class=\"swiper-slide\" role=\"group\" aria-roledescription=\"slide\" aria-label=\"5 de 7\" data-no-translation-aria-label=\"\"><figure class=\"swiper-slide-inner\"><img decoding=\"async\" class=\"swiper-slide-image\" src=\"https:\/\/citis.ups.edu.ec\/wp-content\/uploads\/sites\/5\/2025\/03\/galeria-ima-guayaquil-5-768x512.jpg\" alt=\"galeria-ima-guayaquil-5\" \/><\/figure><\/div><div class=\"swiper-slide\" role=\"group\" aria-roledescription=\"slide\" aria-label=\"6 de 7\" data-no-translation-aria-label=\"\"><figure class=\"swiper-slide-inner\"><img decoding=\"async\" class=\"swiper-slide-image\" src=\"https:\/\/citis.ups.edu.ec\/wp-content\/uploads\/sites\/5\/2025\/03\/galeria-ima-guayaquil-6-768x512.jpg\" alt=\"galeria-ima-guayaquil-6\" \/><\/figure><\/div><div class=\"swiper-slide\" role=\"group\" aria-roledescription=\"slide\" aria-label=\"7 de 7\" data-no-translation-aria-label=\"\"><figure class=\"swiper-slide-inner\"><img decoding=\"async\" class=\"swiper-slide-image\" src=\"https:\/\/citis.ups.edu.ec\/wp-content\/uploads\/sites\/5\/2025\/03\/galeria-ima-guayaquil-7-768x512.jpg\" alt=\"galeria-ima-guayaquil-7\" \/><\/figure><\/div>\t\t\t<\/div>\n\t\t\t\t\t\t\t\t\t\t\t\t<div class=\"elementor-swiper-button elementor-swiper-button-prev\" role=\"button\" tabindex=\"0\">\n\t\t\t\t\t\t<i aria-hidden=\"true\" class=\"eicon-chevron-left\"><\/i>\t\t\t\t\t<\/div>\n\t\t\t\t\t<div class=\"elementor-swiper-button elementor-swiper-button-next\" role=\"button\" tabindex=\"0\">\n\t\t\t\t\t\t<i aria-hidden=\"true\" class=\"eicon-chevron-right\"><\/i>\t\t\t\t\t<\/div>\n\t\t\t\t\n\t\t\t\t\t\t\t\t\t<div class=\"swiper-pagination\"><\/div>\n\t\t\t\t\t\t\t\t\t<\/div>\n\t\t\t\t\t\t<\/div>\n\t\t\t\t<\/div>\n\t\t\t\t\t<\/div>\n\t\t\t\t<\/div>\n\t\t<div class=\"elementor-element elementor-element-22ee30c elementor-hidden-desktop elementor-hidden-tablet elementor-hidden-mobile e-flex e-con-boxed e-con e-parent\" data-id=\"22ee30c\" data-element_type=\"container\" data-e-type=\"container\">\n\t\t\t\t\t<div class=\"e-con-inner\">\n\t\t\t\t<div class=\"elementor-element elementor-element-4439ff3 elementor-widget elementor-widget-elementskit-heading\" data-id=\"4439ff3\" data-element_type=\"widget\" data-e-type=\"widget\" data-widget_type=\"elementskit-heading.default\">\n\t\t\t\t<div class=\"elementor-widget-container\">\n\t\t\t\t\t<div class=\"ekit-wid-con\" ><div class=\"ekit-heading elementskit-section-title-wraper text_center   ekit_heading_tablet-   ekit_heading_mobile-\"><h2 class=\"ekit-heading--title elementskit-section-title\">Centros comerciales<\/h2><div class=\"ekit_heading_separetor_wraper ekit_heading_elementskit-border-divider ekit-dotted\"><div class=\"elementskit-border-divider ekit-dotted\"><\/div><\/div><\/div><\/div>\t\t\t\t<\/div>\n\t\t\t\t<\/div>\n\t\t<div class=\"elementor-element elementor-element-4a051bd e-con-full e-flex e-con e-child\" data-id=\"4a051bd\" data-element_type=\"container\" data-e-type=\"container\">\n\t\t<div class=\"elementor-element elementor-element-6135d6a e-con-full e-flex e-con e-child\" data-id=\"6135d6a\" data-element_type=\"container\" data-e-type=\"container\">\n\t\t\t\t<div class=\"elementor-element elementor-element-3e5021c elementor-widget elementor-widget-text-editor\" data-id=\"3e5021c\" data-element_type=\"widget\" data-e-type=\"widget\" data-widget_type=\"text-editor.default\">\n\t\t\t\t<div class=\"elementor-widget-container\">\n\t\t\t\t\t\t\t\t\t<ul><li><strong>Riocentro Los Ceibos<\/strong><\/li><\/ul><p style=\"padding-left: 40px\"><b>Direcci\u00f3n:<\/b>\u00a0Del Bombero Avenue, Los Ceibos.<\/p><p style=\"padding-left: 40px\"><b>Ubicaci\u00f3n:<\/b>\u00a0<a href=\"https:\/\/maps.app.goo.gl\/6Z7jSBbnzbpLSc4o6\" target=\"_blank\" rel=\"noopener\">West Guayaquil<\/a>.<\/p><ul><li><strong>Alhambra<\/strong><\/li><\/ul><p style=\"padding-left: 40px\"><b>Direcci\u00f3n:<\/b> V\u00eda a Samborond\u00f3n and Calle Celeste Blacio de Rend\u00f3n.<\/p><p style=\"padding-left: 40px\"><b>Ubicaci\u00f3n:<\/b>\u00a0<a href=\"https:\/\/maps.app.goo.gl\/6j4LmmbBRJ6NapuRA\" target=\"_blank\" rel=\"noopener\" data-wplink-edit=\"true\">Samborond\u00f3n<\/a>.<\/p><ul><li><strong>Plaza Navona<\/strong><\/li><\/ul><p style=\"padding-left: 40px\"><b>Direcci\u00f3n:<\/b> Kil\u00f3metro 5 de la Avenida Samborond\u00f3n.<\/p><p style=\"padding-left: 40px\"><b>Ubicaci\u00f3n:<\/b>\u00a0<a href=\"https:\/\/maps.app.goo.gl\/KFs7G8ERzBuD9ezn8\" target=\"_blank\" rel=\"noopener\" data-wplink-edit=\"true\">Samborond\u00f3n<\/a>.<\/p><ul><li><strong>Riocentro Entre R\u00edos<\/strong><\/li><\/ul><p style=\"padding-left: 40px\"><b>Direcci\u00f3n:<\/b> Kil\u00f3metro 1 de la Avenida Samborond\u00f3n.<\/p><p style=\"padding-left: 40px\"><b>Ubicaci\u00f3n:<\/b>\u00a0<a href=\"https:\/\/maps.app.goo.gl\/yKf7XE8gfzsQSvCZA\" target=\"_blank\" rel=\"noopener\" data-wplink-edit=\"true\">Samborond\u00f3n<\/a>.<\/p>\t\t\t\t\t\t\t\t<\/div>\n\t\t\t\t<\/div>\n\t\t\t\t<\/div>\n\t\t<div class=\"elementor-element elementor-element-7f48328 e-con-full e-flex e-con e-child\" data-id=\"7f48328\" data-element_type=\"container\" data-e-type=\"container\">\n\t\t\t\t<div class=\"elementor-element elementor-element-0b26225 elementor-widget elementor-widget-text-editor\" data-id=\"0b26225\" data-element_type=\"widget\" data-e-type=\"widget\" data-widget_type=\"text-editor.default\">\n\t\t\t\t<div class=\"elementor-widget-container\">\n\t\t\t\t\t\t\t\t\t<ul><li><strong>San Marino<\/strong><\/li><\/ul><p style=\"padding-left: 40px\"><b>Direcci\u00f3n:<\/b> Avenida Francisco de Orellana y Plaza Da\u00f1in.<\/p><p style=\"padding-left: 40px\"><b>Ubicaci\u00f3n:<\/b>\u00a0<a href=\"https:\/\/maps.app.goo.gl\/ntwNXtjULRN5QomLA\" target=\"_blank\" rel=\"noopener\">Norte de Guayaquil<\/a>.<\/p><ul><li><strong>Mall del Sol<\/strong><\/li><\/ul><p style=\"padding-left: 40px\"><b>Direcci\u00f3n:<\/b>\u00a0Avenida Joaqu\u00edn Orrantia y Avenida Juan Tanca Marengo.<\/p><p style=\"padding-left: 40px\"><b>Ubicaci\u00f3n:<\/b>\u00a0<a href=\"https:\/\/maps.app.goo.gl\/TxCpCwUxwYYEXfFW9\" target=\"_blank\" rel=\"noopener\">Norte de Guayaquil<\/a><\/p><ul><li><strong>CityMall<\/strong><\/li><\/ul><p style=\"padding-left: 40px\"><b>Direcci\u00f3n:<\/b>\u00a0Avenida Benjam\u00edn Carri\u00f3n Mora y Pedro Valverde \u00c1lvarez.<\/p><p style=\"padding-left: 40px\"><b>Ubicaci\u00f3n:<\/b>\u00a0<a href=\"https:\/\/maps.app.goo.gl\/rpJAHexFPq76XgDRA\" target=\"_blank\" rel=\"noopener\">Norte de Guayaquil<\/a>.<\/p><ul><li><strong>Village Plaza<\/strong><\/li><\/ul><p style=\"padding-left: 40px\"><b>Direcci\u00f3n:<\/b> Avenida Samborond\u00f3n, La Puntilla.<\/p><p style=\"padding-left: 40px\"><b>Ubicaci\u00f3n:<\/b>\u00a0<a href=\"https:\/\/maps.app.goo.gl\/1XTvQEF92sD8JnHr9\" target=\"_blank\" rel=\"noopener\" data-wplink-edit=\"true\">Samborond\u00f3n<\/a>.<\/p>\t\t\t\t\t\t\t\t<\/div>\n\t\t\t\t<\/div>\n\t\t\t\t<\/div>\n\t\t\t\t<\/div>\n\t\t\t\t\t<\/div>\n\t\t\t\t<\/div>\n\t\t<div class=\"elementor-element elementor-element-05c2bdc elementor-hidden-desktop elementor-hidden-tablet elementor-hidden-mobile e-flex e-con-boxed e-con e-parent\" data-id=\"05c2bdc\" data-element_type=\"container\" data-e-type=\"container\" data-settings=\"{&quot;background_background&quot;:&quot;classic&quot;}\">\n\t\t\t\t\t<div class=\"e-con-inner\">\n\t\t\t\t<div class=\"elementor-element elementor-element-07fb91f elementor-widget elementor-widget-text-editor\" data-id=\"07fb91f\" data-element_type=\"widget\" data-e-type=\"widget\" data-widget_type=\"text-editor.default\">\n\t\t\t\t<div class=\"elementor-widget-container\">\n\t\t\t\t\t\t\t\t\t<p><b style=\"font-family: Prompt, var(--global-fallback-font);font-size: 30px\">Centros comerciales:<\/b><\/p><h3><b><img fetchpriority=\"high\" decoding=\"async\" class=\"alignnone wp-image-7324\" src=\"https:\/\/citis.ups.edu.ec\/wp-content\/uploads\/sites\/5\/2025\/03\/Sin-titulo-300x76.png\" alt=\"\" width=\"496\" height=\"126\" srcset=\"https:\/\/citis.ups.edu.ec\/wp-content\/uploads\/sites\/5\/2025\/03\/Sin-titulo-300x76.png 300w, https:\/\/citis.ups.edu.ec\/wp-content\/uploads\/sites\/5\/2025\/03\/Sin-titulo-768x196.png 768w, https:\/\/citis.ups.edu.ec\/wp-content\/uploads\/sites\/5\/2025\/03\/Sin-titulo-18x5.png 18w, https:\/\/citis.ups.edu.ec\/wp-content\/uploads\/sites\/5\/2025\/03\/Sin-titulo.png 922w\" sizes=\"(max-width: 496px) 100vw, 496px\" \/><\/b><\/h3><div><div><ul style=\"margin: 0 0 var(--global-md-spacing)\"><li><p><strong>San Marino<\/strong><\/p><ul><li><b>Direcci\u00f3n:<\/b> Avenida Francisco de Orellana y Plaza Da\u00f1in.<\/li><li><b>Ubicaci\u00f3n:<\/b>\u00a0<a href=\"https:\/\/maps.app.goo.gl\/ntwNXtjULRN5QomLA\" target=\"_blank\" rel=\"noopener\">Norte de Guayaquil<\/a>.<\/li><\/ul><\/li><li><p><strong>Mall del Sol<\/strong><\/p><ul><li><b>Direcci\u00f3n:<\/b>\u00a0Avenida Joaqu\u00edn Orrantia y Avenida Juan Tanca Marengo.<\/li><li><b>Ubicaci\u00f3n:<\/b>\u00a0<a href=\"https:\/\/maps.app.goo.gl\/TxCpCwUxwYYEXfFW9\" target=\"_blank\" rel=\"noopener\">Norte de Guayaquil<\/a>.<\/li><\/ul><\/li><li><p><strong>CityMall<\/strong><\/p><ul><li><b>Direcci\u00f3n:<\/b>\u00a0Avenida Benjam\u00edn Carri\u00f3n Mora y Pedro Valverde \u00c1lvarez.<\/li><li><b>Ubicaci\u00f3n:<\/b>\u00a0<a href=\"https:\/\/maps.app.goo.gl\/rpJAHexFPq76XgDRA\" target=\"_blank\" rel=\"noopener\">Norte de Guayaquil<\/a>.<\/li><\/ul><\/li><li><p><strong>Village Plaza<\/strong><\/p><ul><li><b>Direcci\u00f3n:<\/b> Avenida Samborond\u00f3n, La Puntilla.<\/li><li><b>Ubicaci\u00f3n:<\/b>\u00a0<a href=\"https:\/\/maps.app.goo.gl\/1XTvQEF92sD8JnHr9\" target=\"_blank\" rel=\"noopener\">Samborond\u00f3n<\/a>.<\/li><\/ul><\/li><li><p><strong>Riocentro Los Ceibos<\/strong><\/p><ul><li><b>Direcci\u00f3n:<\/b>\u00a0Del Bombero Avenue, Los Ceibos.<\/li><li><b>Ubicaci\u00f3n:<\/b>\u00a0<a href=\"https:\/\/maps.app.goo.gl\/6Z7jSBbnzbpLSc4o6\" target=\"_blank\" rel=\"noopener\">West Guayaquil<\/a>.<\/li><\/ul><\/li><li><p><strong>Alhambra<\/strong><\/p><ul><li><b>Direcci\u00f3n:<\/b> V\u00eda a Samborond\u00f3n and Calle Celeste Blacio de Rend\u00f3n.<\/li><li><b>Ubicaci\u00f3n:<\/b>\u00a0<a href=\"https:\/\/maps.app.goo.gl\/6j4LmmbBRJ6NapuRA\" target=\"_blank\" rel=\"noopener\">Samborond\u00f3n<\/a>.<\/li><\/ul><\/li><li><p><strong>Plaza Navona<\/strong><\/p><ul><li><b>Direcci\u00f3n:<\/b> Kil\u00f3metro 5 de la Avenida Samborond\u00f3n.<\/li><li><b>Ubicaci\u00f3n:<\/b>\u00a0<a href=\"https:\/\/maps.app.goo.gl\/KFs7G8ERzBuD9ezn8\" target=\"_blank\" rel=\"noopener\">Samborond\u00f3n<\/a>.<\/li><\/ul><\/li><li><p><strong>Riocentro Entre R\u00edos<\/strong><\/p><ul><li><b>Direcci\u00f3n:<\/b> Kil\u00f3metro 1 de la Avenida Samborond\u00f3n.<\/li><li><b>Ubicaci\u00f3n:<\/b>\u00a0<a href=\"https:\/\/maps.app.goo.gl\/yKf7XE8gfzsQSvCZA\" target=\"_blank\" rel=\"noopener\">Samborond\u00f3n<\/a>.<\/li><\/ul><\/li><\/ul><\/div><\/div>\t\t\t\t\t\t\t\t<\/div>\n\t\t\t\t<\/div>\n\t\t<div class=\"elementor-element elementor-element-e5913da e-con-full e-flex e-con e-child\" data-id=\"e5913da\" data-element_type=\"container\" data-e-type=\"container\">\n\t\t\t\t<\/div>\n\t\t\t\t\t<\/div>\n\t\t\t\t<\/div>\n\t\t<div class=\"elementor-element elementor-element-7e2e4b79 elementor-hidden-desktop elementor-hidden-tablet elementor-hidden-mobile e-flex e-con-boxed e-con e-parent\" data-id=\"7e2e4b79\" data-element_type=\"container\" data-e-type=\"container\">\n\t\t\t\t\t<div class=\"e-con-inner\">\n\t\t\t\t<div class=\"elementor-element elementor-element-4b1dfe7a elementor-hidden-desktop elementor-hidden-tablet elementor-hidden-mobile elementor-widget elementor-widget-elementskit-heading\" data-id=\"4b1dfe7a\" data-element_type=\"widget\" data-e-type=\"widget\" data-widget_type=\"elementskit-heading.default\">\n\t\t\t\t<div class=\"elementor-widget-container\">\n\t\t\t\t\t<div class=\"ekit-wid-con\" ><div class=\"ekit-heading elementskit-section-title-wraper center   ekit_heading_tablet-   ekit_heading_mobile-\"><h2 class=\"ekit-heading--title elementskit-section-title\">Image box with sidebar<\/h2><div class=\"ekit_heading_separetor_wraper ekit_heading_elementskit-border-divider ekit-dotted\"><div class=\"elementskit-border-divider ekit-dotted\"><\/div><\/div>\t\t\t\t<div class='ekit-heading__description'>\n\t\t\t\t\t<p>Simply drag &amp; drop your Elementor image box with a sidebar.<\/p>\n\t\t\t\t<\/div>\n\t\t\t<\/div><\/div>\t\t\t\t<\/div>\n\t\t\t\t<\/div>\n\t\t<div class=\"elementor-element elementor-element-6d96c608 e-con-full e-flex e-con e-child\" data-id=\"6d96c608\" data-element_type=\"container\" data-e-type=\"container\">\n\t\t\t\t<div class=\"elementor-element elementor-element-e7ca44b elementor-widget__width-initial elementor-widget-mobile__width-inherit ekit-equal-height-enable elementor-widget elementor-widget-elementskit-image-box\" data-id=\"e7ca44b\" data-element_type=\"widget\" data-e-type=\"widget\" data-widget_type=\"elementskit-image-box.default\">\n\t\t\t\t<div class=\"elementor-widget-container\">\n\t\t\t\t\t<div class=\"ekit-wid-con\" >\n            <div class=\"elementskit-info-image-box ekit-image-box text-center shadow-line\" >\n\n                \n                <div class=\"elementskit-box-header image-box-img-center\">\n\n                    <img decoding=\"async\" width=\"600\" height=\"400\" src=\"https:\/\/citis.ups.edu.ec\/wp-content\/uploads\/sites\/5\/2025\/02\/imagen-malecon-2000.png\" class=\"attachment-full size-full wp-image-6776\" alt=\"\" srcset=\"https:\/\/citis.ups.edu.ec\/wp-content\/uploads\/sites\/5\/2025\/02\/imagen-malecon-2000.png 600w, https:\/\/citis.ups.edu.ec\/wp-content\/uploads\/sites\/5\/2025\/02\/imagen-malecon-2000-300x200.png 300w, https:\/\/citis.ups.edu.ec\/wp-content\/uploads\/sites\/5\/2025\/02\/imagen-malecon-2000-18x12.png 18w\" sizes=\"(max-width: 600px) 100vw, 600px\" \/>\n                <\/div>\n                \n                <div class=\"elementskit-box-body ekit-image-box-body\">\n                    <div class=\"elementskit-box-content ekit-image-box-body-inner\">\n                                                <h3 class=\"elementskit-info-box-title\">\n\n                        Malec\u00f3n 2000: La mejor vista de Guayaquil\n                        \n                    <\/h3>\n                                                            <div class=\"elementskit-box-style-content\">\n                        El Malec\u00f3n 2000 de Guayaquil es un impresionante paseo mar\u00edtimo que ha transformado el horizonte de la ciudad. Este espacio urbano revitalizado ofrece a los visitantes una mezcla \u00fanica de historia, cultura y comodidades modernas. Paseando por el Malec\u00f3n, encontrar\u00e1 hermosos jardines, monumentos hist\u00f3ricos y una gran variedad de opciones de entretenimiento.                    <\/div>\n                                    <\/div>\n\n                                <div class=\"elementskit-box-footer\">\n                    <div class=\"box-footer\">\n                        <div class=\"btn-wraper\">\n                                                            <a href=\"https:\/\/maps.app.goo.gl\/hjopfpNrv4LpWb3y8\" target=\"_blank\" class=\"elementskit-btn whitespace--normal\">\n                                    \n                                    <i aria-hidden=\"true\" class=\"icon icon-google-map\"><\/i>\n                                    Ubicaci\u00f3n                                <\/a>\n                                                        <\/div>\n                    <\/div>\n                <\/div>\n                            <\/div>\n            <\/div>\n    <\/div>\t\t\t\t<\/div>\n\t\t\t\t<\/div>\n\t\t\t\t<div class=\"elementor-element elementor-element-663db8f6 elementor-widget__width-initial elementor-widget-mobile__width-inherit ekit-equal-height-enable elementor-widget elementor-widget-elementskit-image-box\" data-id=\"663db8f6\" data-element_type=\"widget\" data-e-type=\"widget\" data-widget_type=\"elementskit-image-box.default\">\n\t\t\t\t<div class=\"elementor-widget-container\">\n\t\t\t\t\t<div class=\"ekit-wid-con\" >\n            <div class=\"elementskit-info-image-box ekit-image-box text-center shadow-line\" >\n\n                \n                <div class=\"elementskit-box-header image-box-img-center\">\n\n                    <img decoding=\"async\" width=\"600\" height=\"400\" src=\"https:\/\/citis.ups.edu.ec\/wp-content\/uploads\/sites\/5\/2025\/02\/imagen-las-penas.png\" class=\"attachment-full size-full wp-image-6777\" alt=\"\" srcset=\"https:\/\/citis.ups.edu.ec\/wp-content\/uploads\/sites\/5\/2025\/02\/imagen-las-penas.png 600w, https:\/\/citis.ups.edu.ec\/wp-content\/uploads\/sites\/5\/2025\/02\/imagen-las-penas-300x200.png 300w, https:\/\/citis.ups.edu.ec\/wp-content\/uploads\/sites\/5\/2025\/02\/imagen-las-penas-18x12.png 18w\" sizes=\"(max-width: 600px) 100vw, 600px\" \/>\n                <\/div>\n                \n                <div class=\"elementskit-box-body ekit-image-box-body\">\n                    <div class=\"elementskit-box-content ekit-image-box-body-inner\">\n                                                <h3 class=\"elementskit-info-box-title\">\n\n                        Las Pe\u00f1as: el encanto hist\u00f3rico de Guayaquil\n                        \n                    <\/h3>\n                                                            <div class=\"elementskit-box-style-content\">\n                        Encaramado en el Cerro Santa Ana, Las Pe\u00f1as es el barrio m\u00e1s antiguo de Guayaquil y una visita obligada para cualquier viajero que desee conocer la rica historia de la ciudad. Este encantador distrito se caracteriza por sus coloridas casas de estilo colonial, sus calles empedradas y sus impresionantes vistas del r\u00edo Guayas.\n\n                    <\/div>\n                                    <\/div>\n\n                                <div class=\"elementskit-box-footer\">\n                    <div class=\"box-footer\">\n                        <div class=\"btn-wraper\">\n                                                            <a href=\"https:\/\/maps.app.goo.gl\/EwsD67C8VnM6SR7H7\" target=\"_blank\" class=\"elementskit-btn whitespace--normal\">\n                                    \n                                    <i aria-hidden=\"true\" class=\"icon icon-google-map\"><\/i>\n                                    Ubicaci\u00f3n                                <\/a>\n                                                        <\/div>\n                    <\/div>\n                <\/div>\n                            <\/div>\n            <\/div>\n    <\/div>\t\t\t\t<\/div>\n\t\t\t\t<\/div>\n\t\t\t\t<div class=\"elementor-element elementor-element-9824544 elementor-widget__width-initial elementor-widget-mobile__width-inherit ekit-equal-height-enable elementor-widget elementor-widget-elementskit-image-box\" data-id=\"9824544\" data-element_type=\"widget\" data-e-type=\"widget\" data-widget_type=\"elementskit-image-box.default\">\n\t\t\t\t<div class=\"elementor-widget-container\">\n\t\t\t\t\t<div class=\"ekit-wid-con\" >\n            <div class=\"elementskit-info-image-box ekit-image-box text-center shadow-line\" >\n\n                \n                <div class=\"elementskit-box-header image-box-img-center\">\n\n                    <img loading=\"lazy\" decoding=\"async\" width=\"600\" height=\"400\" src=\"https:\/\/citis.ups.edu.ec\/wp-content\/uploads\/sites\/5\/2025\/02\/imagen-parque-historico.png\" class=\"attachment-full size-full wp-image-6775\" alt=\"\" srcset=\"https:\/\/citis.ups.edu.ec\/wp-content\/uploads\/sites\/5\/2025\/02\/imagen-parque-historico.png 600w, https:\/\/citis.ups.edu.ec\/wp-content\/uploads\/sites\/5\/2025\/02\/imagen-parque-historico-300x200.png 300w, https:\/\/citis.ups.edu.ec\/wp-content\/uploads\/sites\/5\/2025\/02\/imagen-parque-historico-18x12.png 18w\" sizes=\"(max-width: 600px) 100vw, 600px\" \/>\n                <\/div>\n                \n                <div class=\"elementskit-box-body ekit-image-box-body\">\n                    <div class=\"elementskit-box-content ekit-image-box-body-inner\">\n                                                <h3 class=\"elementskit-info-box-title\">\n\n                        Parque Hist\u00f3rico de Guayaquil: Un viaje en el tiempo\n                        \n                    <\/h3>\n                                                            <div class=\"elementskit-box-style-content\">\n                        El Parque Hist\u00f3rico de Guayaquil es un museo al aire libre \u00fanico que ofrece a los visitantes una visi\u00f3n de la rica historia y belleza natural de la ciudad. Situado a las afueras de Guayaquil, este extenso parque recrea la vida tradicional ecuatoriana y muestra el diverso ecosistema de la regi\u00f3n.                    <\/div>\n                                    <\/div>\n\n                                <div class=\"elementskit-box-footer\">\n                    <div class=\"box-footer\">\n                        <div class=\"btn-wraper\">\n                                                            <a href=\"https:\/\/maps.app.goo.gl\/CoJVtadY7o5YQwPL6\" target=\"_blank\" class=\"elementskit-btn whitespace--normal\">\n                                    \n                                    <i aria-hidden=\"true\" class=\"icon icon-google-map\"><\/i>\n                                    Ubicaci\u00f3n                                <\/a>\n                                                        <\/div>\n                    <\/div>\n                <\/div>\n                            <\/div>\n            <\/div>\n    <\/div>\t\t\t\t<\/div>\n\t\t\t\t<\/div>\n\t\t\t\t<\/div>\n\t\t<div class=\"elementor-element elementor-element-1c0ca99 e-con-full e-flex e-con e-child\" data-id=\"1c0ca99\" data-element_type=\"container\" data-e-type=\"container\">\n\t\t\t\t<div class=\"elementor-element elementor-element-9e4389f elementor-widget__width-initial elementor-widget-mobile__width-inherit ekit-equal-height-enable elementor-widget elementor-widget-elementskit-image-box\" data-id=\"9e4389f\" data-element_type=\"widget\" data-e-type=\"widget\" data-widget_type=\"elementskit-image-box.default\">\n\t\t\t\t<div class=\"elementor-widget-container\">\n\t\t\t\t\t<div class=\"ekit-wid-con\" >\n            <div class=\"elementskit-info-image-box ekit-image-box text-center shadow-line\" >\n\n                \n                <div class=\"elementskit-box-header image-box-img-center\">\n\n                    <img loading=\"lazy\" decoding=\"async\" width=\"600\" height=\"400\" src=\"https:\/\/citis.ups.edu.ec\/wp-content\/uploads\/sites\/5\/2025\/02\/imagen-museo-cacao.png\" class=\"attachment-full size-full wp-image-6774\" alt=\"\" srcset=\"https:\/\/citis.ups.edu.ec\/wp-content\/uploads\/sites\/5\/2025\/02\/imagen-museo-cacao.png 600w, https:\/\/citis.ups.edu.ec\/wp-content\/uploads\/sites\/5\/2025\/02\/imagen-museo-cacao-300x200.png 300w, https:\/\/citis.ups.edu.ec\/wp-content\/uploads\/sites\/5\/2025\/02\/imagen-museo-cacao-18x12.png 18w\" sizes=\"(max-width: 600px) 100vw, 600px\" \/>\n                <\/div>\n                \n                <div class=\"elementskit-box-body ekit-image-box-body\">\n                    <div class=\"elementskit-box-content ekit-image-box-body-inner\">\n                                                <h3 class=\"elementskit-info-box-title\">\n\n                        El Museo del Chocolate: Un dulce viaje por la historia de Ecuador\n                        \n                    <\/h3>\n                                                            <div class=\"elementskit-box-style-content\">\n                        Situado en el coraz\u00f3n de Guayaquil, el Museo del Chocolate es una visita obligada tanto para los amantes del chocolate como para los aficionados a la historia. Este cautivador museo lleva a los visitantes en un viaje a trav\u00e9s de la fascinante historia del cacao en Ecuador, desde sus antiguos or\u00edgenes hasta su producci\u00f3n actual.                    <\/div>\n                                    <\/div>\n\n                                <div class=\"elementskit-box-footer\">\n                    <div class=\"box-footer\">\n                        <div class=\"btn-wraper\">\n                                                            <a href=\"https:\/\/maps.app.goo.gl\/rvLXkSTCvVHJ68vJ7\" target=\"_blank\" class=\"elementskit-btn whitespace--normal\">\n                                    \n                                    <i aria-hidden=\"true\" class=\"icon icon-google-map\"><\/i>\n                                    Ubicaci\u00f3n                                <\/a>\n                                                        <\/div>\n                    <\/div>\n                <\/div>\n                            <\/div>\n            <\/div>\n    <\/div>\t\t\t\t<\/div>\n\t\t\t\t<\/div>\n\t\t\t\t<div class=\"elementor-element elementor-element-2664e53 elementor-widget__width-initial elementor-widget-mobile__width-inherit ekit-equal-height-enable elementor-widget elementor-widget-elementskit-image-box\" data-id=\"2664e53\" data-element_type=\"widget\" data-e-type=\"widget\" data-widget_type=\"elementskit-image-box.default\">\n\t\t\t\t<div class=\"elementor-widget-container\">\n\t\t\t\t\t<div class=\"ekit-wid-con\" >\n            <div class=\"elementskit-info-image-box ekit-image-box text-center shadow-line\" >\n\n                \n                <div class=\"elementskit-box-header image-box-img-center\">\n\n                    <img loading=\"lazy\" decoding=\"async\" width=\"600\" height=\"400\" src=\"https:\/\/citis.ups.edu.ec\/wp-content\/uploads\/sites\/5\/2025\/02\/imagen-plaza-lagos.png\" class=\"attachment-full size-full wp-image-6778\" alt=\"\" srcset=\"https:\/\/citis.ups.edu.ec\/wp-content\/uploads\/sites\/5\/2025\/02\/imagen-plaza-lagos.png 600w, https:\/\/citis.ups.edu.ec\/wp-content\/uploads\/sites\/5\/2025\/02\/imagen-plaza-lagos-300x200.png 300w, https:\/\/citis.ups.edu.ec\/wp-content\/uploads\/sites\/5\/2025\/02\/imagen-plaza-lagos-18x12.png 18w\" sizes=\"(max-width: 600px) 100vw, 600px\" \/>\n                <\/div>\n                \n                <div class=\"elementskit-box-body ekit-image-box-body\">\n                    <div class=\"elementskit-box-content ekit-image-box-body-inner\">\n                                                <h3 class=\"elementskit-info-box-title\">\n\n                        Plaza Lagos: el oasis urbano de Guayaquil\n                        \n                    <\/h3>\n                                                            <div class=\"elementskit-box-style-content\">\n                        Plaza Lagos es un moderno y exclusivo complejo comercial y de ocio situado en el coraz\u00f3n de Samborond\u00f3n, un suburbio de Guayaquil. Este complejo de uso mixto ofrece una combinaci\u00f3n \u00fanica de comercios, restaurantes y actividades de ocio, lo que lo convierte en un destino popular tanto para la poblaci\u00f3n local como para los turistas.                    <\/div>\n                                    <\/div>\n\n                                <div class=\"elementskit-box-footer\">\n                    <div class=\"box-footer\">\n                        <div class=\"btn-wraper\">\n                                                            <a href=\"https:\/\/maps.app.goo.gl\/qQ8GuTi1vUtymKV57\" target=\"_blank\" class=\"elementskit-btn whitespace--normal\">\n                                    \n                                    <i aria-hidden=\"true\" class=\"icon icon-google-map\"><\/i>\n                                    Ubicaci\u00f3n                                <\/a>\n                                                        <\/div>\n                    <\/div>\n                <\/div>\n                            <\/div>\n            <\/div>\n    <\/div>\t\t\t\t<\/div>\n\t\t\t\t<\/div>\n\t\t\t\t<\/div>\n\t\t\t\t\t<\/div>\n\t\t\t\t<\/div>\n\t\t\t\t<\/div>","protected":false},"excerpt":{"rendered":"<p>Discover Guayaquil Malec\u00f3n 2000: Guayaquil\u2019s Waterfront GemGuayaquil\u2019s Malec\u00f3n 2000 is a stunning waterfront promenade that has transformed the city\u2019s skyline. This revitalized urban space offers visitors a unique blend of history, culture, and modern amenities. Strolling along the Malec\u00f3n, you\u2019ll encounter beautiful gardens, historical monuments, and a variety of entertainment options.LocationLas Pe\u00f1as: Guayaquil\u2019s Historic CharmPerched&#8230;<\/p>","protected":false},"author":3,"featured_media":0,"parent":0,"menu_order":0,"comment_status":"closed","ping_status":"closed","template":"","meta":{"content-type":"","_kadence_starter_templates_imported_post":false,"_kad_post_transparent":"","_kad_post_title":"","_kad_post_layout":"default","_kad_post_sidebar_id":"","_kad_post_content_style":"unboxed","_kad_post_vertical_padding":"hide","_kad_post_feature":"hide","_kad_post_feature_position":"","_kad_post_header":false,"_kad_post_footer":false,"_kad_post_classname":"","footnotes":""},"class_list":["post-2162","page","type-page","status-publish","hentry"],"yoast_head":"<!-- This site is optimized with the Yoast SEO plugin v27.1.1 - https:\/\/yoast.com\/product\/yoast-seo-wordpress\/ -->\n<title>Tourism - International Conference on Science, Technology &amp; Innovation | Guayaquil, Ecuador<\/title>\n<meta name=\"robots\" content=\"index, follow, max-snippet:-1, max-image-preview:large, max-video-preview:-1\" \/>\n<link rel=\"canonical\" href=\"https:\/\/citis.ups.edu.ec\/es\/guayaquil\/\" \/>\n<meta property=\"og:locale\" content=\"es_ES\" \/>\n<meta property=\"og:type\" content=\"article\" \/>\n<meta property=\"og:title\" content=\"Tourism - International Conference on Science, Technology &amp; Innovation | Guayaquil, Ecuador\" \/>\n<meta property=\"og:description\" content=\"Discover Guayaquil Malec\u00f3n 2000: Guayaquil\u2019s Waterfront GemGuayaquil\u2019s Malec\u00f3n 2000 is a stunning waterfront promenade that has transformed the city\u2019s skyline. This revitalized urban space offers visitors a unique blend of history, culture, and modern amenities. Strolling along the Malec\u00f3n, you\u2019ll encounter beautiful gardens, historical monuments, and a variety of entertainment options.LocationLas Pe\u00f1as: Guayaquil\u2019s Historic CharmPerched...\" \/>\n<meta property=\"og:url\" content=\"https:\/\/citis.ups.edu.ec\/es\/guayaquil\/\" \/>\n<meta property=\"og:site_name\" content=\"International Conference on Science, Technology &amp; Innovation | Guayaquil, Ecuador\" \/>\n<meta property=\"article:modified_time\" content=\"2026-04-12T00:11:17+00:00\" \/>\n<meta property=\"og:image\" content=\"https:\/\/citis.ups.edu.ec\/wp-content\/uploads\/sites\/5\/2025\/03\/galeria-ima-guayaquil-1-768x512.jpg\" \/>\n<meta name=\"twitter:card\" content=\"summary_large_image\" \/>\n<meta name=\"twitter:label1\" content=\"Tiempo de lectura\" \/>\n\t<meta name=\"twitter:data1\" content=\"7 minutos\" \/>\n<script type=\"application\/ld+json\" class=\"yoast-schema-graph\">{\"@context\":\"https:\/\/schema.org\",\"@graph\":[{\"@type\":\"WebPage\",\"@id\":\"https:\/\/citis.ups.edu.ec\/guayaquil\/\",\"url\":\"https:\/\/citis.ups.edu.ec\/guayaquil\/\",\"name\":\"Tourism - International Conference on Science, Technology &amp; Innovation | Guayaquil, Ecuador\",\"isPartOf\":{\"@id\":\"https:\/\/citis.ups.edu.ec\/#website\"},\"primaryImageOfPage\":{\"@id\":\"https:\/\/citis.ups.edu.ec\/guayaquil\/#primaryimage\"},\"image\":{\"@id\":\"https:\/\/citis.ups.edu.ec\/guayaquil\/#primaryimage\"},\"thumbnailUrl\":\"https:\/\/citis.ups.edu.ec\/wp-content\/uploads\/sites\/5\/2025\/03\/galeria-ima-guayaquil-1-768x512.jpg\",\"datePublished\":\"2024-01-12T07:57:25+00:00\",\"dateModified\":\"2026-04-12T00:11:17+00:00\",\"breadcrumb\":{\"@id\":\"https:\/\/citis.ups.edu.ec\/guayaquil\/#breadcrumb\"},\"inLanguage\":\"es\",\"potentialAction\":[{\"@type\":\"ReadAction\",\"target\":[\"https:\/\/citis.ups.edu.ec\/guayaquil\/\"]}]},{\"@type\":\"ImageObject\",\"inLanguage\":\"es\",\"@id\":\"https:\/\/citis.ups.edu.ec\/guayaquil\/#primaryimage\",\"url\":\"https:\/\/citis.ups.edu.ec\/wp-content\/uploads\/sites\/5\/2025\/03\/galeria-ima-guayaquil-1-768x512.jpg\",\"contentUrl\":\"https:\/\/citis.ups.edu.ec\/wp-content\/uploads\/sites\/5\/2025\/03\/galeria-ima-guayaquil-1-768x512.jpg\"},{\"@type\":\"BreadcrumbList\",\"@id\":\"https:\/\/citis.ups.edu.ec\/guayaquil\/#breadcrumb\",\"itemListElement\":[{\"@type\":\"ListItem\",\"position\":1,\"name\":\"Portada\",\"item\":\"https:\/\/citis.ups.edu.ec\/\"},{\"@type\":\"ListItem\",\"position\":2,\"name\":\"Tourism\"}]},{\"@type\":\"WebSite\",\"@id\":\"https:\/\/citis.ups.edu.ec\/#website\",\"url\":\"https:\/\/citis.ups.edu.ec\/\",\"name\":\"International Conference on Science, Technology &amp; Innovation | Guayaquil, Ecuador\",\"description\":\"International conference focused on the application of science, technological development, and innovation for society through engineering.\",\"publisher\":{\"@id\":\"https:\/\/citis.ups.edu.ec\/#organization\"},\"potentialAction\":[{\"@type\":\"SearchAction\",\"target\":{\"@type\":\"EntryPoint\",\"urlTemplate\":\"https:\/\/citis.ups.edu.ec\/?s={search_term_string}\"},\"query-input\":{\"@type\":\"PropertyValueSpecification\",\"valueRequired\":true,\"valueName\":\"search_term_string\"}}],\"inLanguage\":\"es\"},{\"@type\":\"Organization\",\"@id\":\"https:\/\/citis.ups.edu.ec\/#organization\",\"name\":\"International Conference on Science, Technology &amp; Innovation | Guayaquil, Ecuador\",\"url\":\"https:\/\/citis.ups.edu.ec\/\",\"logo\":{\"@type\":\"ImageObject\",\"inLanguage\":\"es\",\"@id\":\"https:\/\/citis.ups.edu.ec\/#\/schema\/logo\/image\/\",\"url\":\"https:\/\/citis.ups.edu.ec\/wp-content\/uploads\/sites\/5\/2025\/11\/cropped-Logo-CITIS-2026-Ingles-Horizontal-Dorado.png\",\"contentUrl\":\"https:\/\/citis.ups.edu.ec\/wp-content\/uploads\/sites\/5\/2025\/11\/cropped-Logo-CITIS-2026-Ingles-Horizontal-Dorado.png\",\"width\":1372,\"height\":465,\"caption\":\"International Conference on Science, Technology &amp; Innovation | Guayaquil, Ecuador\"},\"image\":{\"@id\":\"https:\/\/citis.ups.edu.ec\/#\/schema\/logo\/image\/\"}}]}<\/script>\n<!-- \/ Yoast SEO plugin. -->","yoast_head_json":{"title":"Tourism - International Conference on Science, Technology &amp; Innovation | Guayaquil, Ecuador","robots":{"index":"index","follow":"follow","max-snippet":"max-snippet:-1","max-image-preview":"max-image-preview:large","max-video-preview":"max-video-preview:-1"},"canonical":"https:\/\/citis.ups.edu.ec\/es\/guayaquil\/","og_locale":"es_ES","og_type":"article","og_title":"Tourism - International Conference on Science, Technology &amp; Innovation | Guayaquil, Ecuador","og_description":"Discover Guayaquil Malec\u00f3n 2000: Guayaquil\u2019s Waterfront GemGuayaquil\u2019s Malec\u00f3n 2000 is a stunning waterfront promenade that has transformed the city\u2019s skyline. This revitalized urban space offers visitors a unique blend of history, culture, and modern amenities. Strolling along the Malec\u00f3n, you\u2019ll encounter beautiful gardens, historical monuments, and a variety of entertainment options.LocationLas Pe\u00f1as: Guayaquil\u2019s Historic CharmPerched...","og_url":"https:\/\/citis.ups.edu.ec\/es\/guayaquil\/","og_site_name":"International Conference on Science, Technology &amp; Innovation | Guayaquil, Ecuador","article_modified_time":"2026-04-12T00:11:17+00:00","og_image":[{"url":"https:\/\/citis.ups.edu.ec\/wp-content\/uploads\/sites\/5\/2025\/03\/galeria-ima-guayaquil-1-768x512.jpg","type":"","width":"","height":""}],"twitter_card":"summary_large_image","twitter_misc":{"Tiempo de lectura":"7 minutos"},"schema":{"@context":"https:\/\/schema.org","@graph":[{"@type":"WebPage","@id":"https:\/\/citis.ups.edu.ec\/guayaquil\/","url":"https:\/\/citis.ups.edu.ec\/guayaquil\/","name":"Tourism - International Conference on Science, Technology &amp; Innovation | Guayaquil, Ecuador","isPartOf":{"@id":"https:\/\/citis.ups.edu.ec\/#website"},"primaryImageOfPage":{"@id":"https:\/\/citis.ups.edu.ec\/guayaquil\/#primaryimage"},"image":{"@id":"https:\/\/citis.ups.edu.ec\/guayaquil\/#primaryimage"},"thumbnailUrl":"https:\/\/citis.ups.edu.ec\/wp-content\/uploads\/sites\/5\/2025\/03\/galeria-ima-guayaquil-1-768x512.jpg","datePublished":"2024-01-12T07:57:25+00:00","dateModified":"2026-04-12T00:11:17+00:00","breadcrumb":{"@id":"https:\/\/citis.ups.edu.ec\/guayaquil\/#breadcrumb"},"inLanguage":"es","potentialAction":[{"@type":"ReadAction","target":["https:\/\/citis.ups.edu.ec\/guayaquil\/"]}]},{"@type":"ImageObject","inLanguage":"es","@id":"https:\/\/citis.ups.edu.ec\/guayaquil\/#primaryimage","url":"https:\/\/citis.ups.edu.ec\/wp-content\/uploads\/sites\/5\/2025\/03\/galeria-ima-guayaquil-1-768x512.jpg","contentUrl":"https:\/\/citis.ups.edu.ec\/wp-content\/uploads\/sites\/5\/2025\/03\/galeria-ima-guayaquil-1-768x512.jpg"},{"@type":"BreadcrumbList","@id":"https:\/\/citis.ups.edu.ec\/guayaquil\/#breadcrumb","itemListElement":[{"@type":"ListItem","position":1,"name":"Portada","item":"https:\/\/citis.ups.edu.ec\/"},{"@type":"ListItem","position":2,"name":"Tourism"}]},{"@type":"WebSite","@id":"https:\/\/citis.ups.edu.ec\/#website","url":"https:\/\/citis.ups.edu.ec\/","name":"International Conference on Science, Technology &amp; Innovation | Guayaquil, Ecuador","description":"International conference focused on the application of science, technological development, and innovation for society through engineering.","publisher":{"@id":"https:\/\/citis.ups.edu.ec\/#organization"},"potentialAction":[{"@type":"SearchAction","target":{"@type":"EntryPoint","urlTemplate":"https:\/\/citis.ups.edu.ec\/?s={search_term_string}"},"query-input":{"@type":"PropertyValueSpecification","valueRequired":true,"valueName":"search_term_string"}}],"inLanguage":"es"},{"@type":"Organization","@id":"https:\/\/citis.ups.edu.ec\/#organization","name":"International Conference on Science, Technology &amp; Innovation | Guayaquil, Ecuador","url":"https:\/\/citis.ups.edu.ec\/","logo":{"@type":"ImageObject","inLanguage":"es","@id":"https:\/\/citis.ups.edu.ec\/#\/schema\/logo\/image\/","url":"https:\/\/citis.ups.edu.ec\/wp-content\/uploads\/sites\/5\/2025\/11\/cropped-Logo-CITIS-2026-Ingles-Horizontal-Dorado.png","contentUrl":"https:\/\/citis.ups.edu.ec\/wp-content\/uploads\/sites\/5\/2025\/11\/cropped-Logo-CITIS-2026-Ingles-Horizontal-Dorado.png","width":1372,"height":465,"caption":"International Conference on Science, Technology &amp; Innovation | Guayaquil, Ecuador"},"image":{"@id":"https:\/\/citis.ups.edu.ec\/#\/schema\/logo\/image\/"}}]}},"_links":{"self":[{"href":"https:\/\/citis.ups.edu.ec\/es\/wp-json\/wp\/v2\/pages\/2162","targetHints":{"allow":["GET"]}}],"collection":[{"href":"https:\/\/citis.ups.edu.ec\/es\/wp-json\/wp\/v2\/pages"}],"about":[{"href":"https:\/\/citis.ups.edu.ec\/es\/wp-json\/wp\/v2\/types\/page"}],"author":[{"embeddable":true,"href":"https:\/\/citis.ups.edu.ec\/es\/wp-json\/wp\/v2\/users\/3"}],"replies":[{"embeddable":true,"href":"https:\/\/citis.ups.edu.ec\/es\/wp-json\/wp\/v2\/comments?post=2162"}],"version-history":[{"count":491,"href":"https:\/\/citis.ups.edu.ec\/es\/wp-json\/wp\/v2\/pages\/2162\/revisions"}],"predecessor-version":[{"id":12620,"href":"https:\/\/citis.ups.edu.ec\/es\/wp-json\/wp\/v2\/pages\/2162\/revisions\/12620"}],"wp:attachment":[{"href":"https:\/\/citis.ups.edu.ec\/es\/wp-json\/wp\/v2\/media?parent=2162"}],"curies":[{"name":"wp","href":"https:\/\/api.w.org\/{rel}","templated":true}]}}